{"id":6,"date":"2022-09-25T18:28:53","date_gmt":"2022-09-25T16:28:53","guid":{"rendered":"https:\/\/www.parc-eolien-coeur-medoc-energies.fr\/concertation\/?page_id=6"},"modified":"2023-12-13T10:41:04","modified_gmt":"2023-12-13T09:41:04","slug":"one-page","status":"publish","type":"page","link":"https:\/\/www.parc-eolien-coeur-medoc-energies.fr\/concertation\/","title":{"rendered":"One page"},"content":{"rendered":"<p>[vc_row css=\u00a0\u00bb.vc_custom_1680258191585{background-color: #eff9fb !important;}\u00a0\u00bb el_class=\u00a0\u00bbheader-page\u00a0\u00bb][vc_column][vc_column_text]<\/p>\n<h1>Projet de <strong>parc \u00e9olien en Gironde<\/strong><br \/>\n\u00e0 Lesparre-M\u00e9doc<\/h1>\n<p>[\/vc_column_text][vc_column_text el_class=\u00a0\u00bbheader-title\u00a0\u00bb]<span class=\"sujet\">Concertation pr\u00e9alable<\/span> <span class=\"date\">17 octobre au 30 d\u00e9cembre 2022<\/span>[\/vc_column_text][vc_row_inner css=\u00a0\u00bb.vc_custom_1666949572570{margin-top: 45px !important;border-top-width: 2px !important;border-right-width: 2px !important;border-bottom-width: 2px !important;border-left-width: 2px !important;padding-top: 15px !important;padding-right: 15px !important;padding-bottom: 15px !important;padding-left: 15px !important;background-color: #ffffff !important;border-left-color: #96b62d !important;border-right-color: #96b62d !important;border-top-color: #96b62d !important;border-bottom-color: #96b62d !important;border-radius: 25px !important;}\u00a0\u00bb][vc_column_inner][vc_column_text]<\/p>\n<h3><span style=\"color: #0175a6;\"><strong>MISE EN PLACE COMITE DE SUIVI<\/strong><\/span><\/h3>\n<p>A l\u2019issue de la concertation pr\u00e9alable, et en r\u00e9ponse aux recommandations des garants de la CNDP, VALOREM a annonc\u00e9 dans son bilan vouloir poursuivre la concertation avec le public et les associations.<br \/>\nAujourd\u2019hui, VALOREM souhaite ouvrir cette nouvelle \u00e9tape de dialogue et de concertation avec le territoire, en proposant la mise en place d\u2019un comit\u00e9 de suivi.<\/p>\n<p><a href=\"https:\/\/www.parc-eolien-coeur-medoc-energies.fr\/concertation\/wp-content\/uploads\/2023\/12\/LESPA-2023-08-30-Communique-de-presse-Lancement-comite-de-suivi.pdf\">T\u00e9l\u00e9charger le communiqu\u00e9 de presse annon\u00e7ant le comit\u00e9 de suivi\u00a0<\/a><\/p>\n<p><a href=\"https:\/\/www.parc-eolien-coeur-medoc-energies.fr\/concertation\/wp-content\/uploads\/2023\/12\/LESPA-2023-10-20-CR-Comite-de-suivi-n1.pdf\">T\u00e9l\u00e9charger le compte-rendu du 1er comit\u00e9 de suivi du 26\/09\/2023<\/a>[\/vc_column_text][vc_column_text el_class=\u00a0\u00bbheader-title\u00a0\u00bb]<\/p>\n<h2 style=\"font-weight: 400;\">Retrouvez le bilan de la concertation pr\u00e9alable et les r\u00e9ponses de VALOREM aux questions et recommandations des garants<\/h2>\n<p>[\/vc_column_text][vc_raw_html]JTNDZGl2JTIwY2xhc3MlM0QlMjJ2Y19yb3clMjB3cGJfcm93JTIwdmNfaW5uZXIlMjB2Y19yb3ctZmx1aWQlMjIlM0UlM0NkaXYlMjBjbGFzcyUzRCUyMndwYl9jb2x1bW4lMjB2Y19jb2x1bW5fY29udGFpbmVyJTIwdmNfY29sLXNtLTMlMjIlM0UlM0NkaXYlMjBjbGFzcyUzRCUyMnZjX2NvbHVtbi1pbm5lciUyMiUzRSUzQ2RpdiUyMGNsYXNzJTNEJTIyd3BiX3dyYXBwZXIlMjIlM0UlM0NkaXYlMjBjbGFzcyUzRCUyMnZjX2J0bjMtY29udGFpbmVyJTIwJTIwYnRuLWJsdWUlMjB2Y19idG4zLWNlbnRlciUyMiUzRSUzQ2ElMjBjbGFzcyUzRCUyMnZjX2dlbmVyYWwlMjB2Y19idG4zJTIwdmNfYnRuMy1zaXplLW1kJTIwdmNfYnRuMy1zaGFwZS1yb3VuZGVkJTIwdmNfYnRuMy1zdHlsZS1tb2Rlcm4lMjB2Y19idG4zLWljb24tcmlnaHQlMjB2Y19idG4zLWNvbG9yLXNraW5jb2xvciUyMiUyMGhyZWYlM0QlMjJodHRwcyUzQSUyRiUyRnd3dy5wYXJjLWVvbGllbi1jb2V1ci1tZWRvYy1lbmVyZ2llcy5mciUyRmNvbmNlcnRhdGlvbiUyRndwLWNvbnRlbnQlMkZ1cGxvYWRzJTJGMjAyMyUyRjAzJTJGQmlsYW4tZHUtbWFpdHJlLWRvdXZyYWdlX0NvbmNlcnRhdGlvbi1MZXNwYXJyZS1NZWRvYy5wZGYlMjIlMjB0aXRsZSUzRCUyMmJpbGFuJTIwZGVzJTIwbWFpdHJlJTIwZCUyN291dnJhZ2UlMjIlMjB0YXJnZXQlM0QlMjJfYmxhbmslMjIlM0VUJUMzJUE5bCVDMyVBOWNoYXJnZXIlMjBsZSUyMGJpbGFuJTIwZHUlMjBtYSVDMyVBRXRyZSUyMGQlRTIlODAlOTlvdXZyYWdlJTIwJTNDaSUyMGNsYXNzJTNEJTIydmNfYnRuMy1pY29uJTIwZmFyJTIwZmEtZmlsZS1wZGYlMjIlM0UlM0MlMkZpJTNFJTNDJTJGYSUzRSUzQyUyRmRpdiUzRSUzQyUyRmRpdiUzRSUzQyUyRmRpdiUzRSUzQyUyRmRpdiUzRSUzQ2RpdiUyMGNsYXNzJTNEJTIyd3BiX2NvbHVtbiUyMHZjX2NvbHVtbl9jb250YWluZXIlMjB2Y19jb2wtc20tMyUyMiUzRSUzQ2RpdiUyMGNsYXNzJTNEJTIydmNfY29sdW1uLWlubmVyJTIyJTNFJTNDZGl2JTIwY2xhc3MlM0QlMjJ3cGJfd3JhcHBlciUyMiUzRSUzQ2RpdiUyMGNsYXNzJTNEJTIydmNfYnRuMy1jb250YWluZXIlMjAlMjBidG4tYmx1ZSUyMHZjX2J0bjMtY2VudGVyJTIyJTNFJTNDYSUyMGNsYXNzJTNEJTIydmNfZ2VuZXJhbCUyMHZjX2J0bjMlMjB2Y19idG4zLXNpemUtbWQlMjB2Y19idG4zLXNoYXBlLXJvdW5kZWQlMjB2Y19idG4zLXN0eWxlLW1vZGVybiUyMHZjX2J0bjMtaWNvbi1yaWdodCUyMHZjX2J0bjMtY29sb3Itc2tpbmNvbG9yJTIyJTIwaHJlZiUzRCUyMmh0dHBzJTNBJTJGJTJGd3d3LnBhcmMtZW9saWVuLWNvZXVyLW1lZG9jLWVuZXJnaWVzLmZyJTJGY29uY2VydGF0aW9uJTJGd3AtY29udGVudCUyRnVwbG9hZHMlMkYyMDIzJTJGMDMlMkZBbm5leGUtMV9Gb2lyZS1hdXgtcXVlc3Rpb25zLnBkZiUyMiUyMHRpdGxlJTNEJTIyQW5uZXhlJTIwMSUyMCUzQSUyMEZvaXJlJTIwQXV4JTIwUXVlc3Rpb25zJTIwJTI4Ri5BLlEuJTI5JTIyJTIwdGFyZ2V0JTNEJTIyX2JsYW5rJTIyJTNFQW5uZXhlJTIwMSUyMCUzQSUyMEZvaXJlJTIwQXV4JTIwUXVlc3Rpb25zJTIwJTI4Ri5BLlEuJTI5JTIwJTNDaSUyMGNsYXNzJTNEJTIydmNfYnRuMy1pY29uJTIwZmFyJTIwZmEtZmlsZS1wZGYlMjIlM0UlM0MlMkZpJTNFJTNDJTJGYSUzRSUzQyUyRmRpdiUzRSUzQyUyRmRpdiUzRSUzQyUyRmRpdiUzRSUzQyUyRmRpdiUzRSUzQ2RpdiUyMGNsYXNzJTNEJTIyd3BiX2NvbHVtbiUyMHZjX2NvbHVtbl9jb250YWluZXIlMjB2Y19jb2wtc20tMyUyMiUzRSUzQ2RpdiUyMGNsYXNzJTNEJTIydmNfY29sdW1uLWlubmVyJTIyJTNFJTNDZGl2JTIwY2xhc3MlM0QlMjJ3cGJfd3JhcHBlciUyMiUzRSUzQ2RpdiUyMGNsYXNzJTNEJTIydmNfYnRuMy1jb250YWluZXIlMjAlMjBidG4tYmx1ZSUyMHZjX2J0bjMtY2VudGVyJTIyJTNFJTNDYSUyMGNsYXNzJTNEJTIydmNfZ2VuZXJhbCUyMHZjX2J0bjMlMjB2Y19idG4zLXNpemUtbWQlMjB2Y19idG4zLXNoYXBlLXJvdW5kZWQlMjB2Y19idG4zLXN0eWxlLW1vZGVybiUyMHZjX2J0bjMtaWNvbi1yaWdodCUyMHZjX2J0bjMtY29sb3Itc2tpbmNvbG9yJTIyJTIwaHJlZiUzRCUyMmh0dHBzJTNBJTJGJTJGd3d3LnBhcmMtZW9saWVuLWNvZXVyLW1lZG9jLWVuZXJnaWVzLmZyJTJGY29uY2VydGF0aW9uJTJGd3AtY29udGVudCUyRnVwbG9hZHMlMkYyMDIzJTJGMDMlMkZBbm5leGUtMl9Db21wdGUtcmVuZHUtcGhhc2UtcHJlcGFyYXRvaXJlLW1haS0yMDIyLnBkZiUyMiUyMHRpdGxlJTNEJTIyQW5uZXhlJTIwMiUyMCUzQSUyMENvbXB0ZS1yZW5kdSUyMGRlJTIwbGElMjBwaGFzZSUyMGRlJTIwcHIlQzMlQTlwYXJhdGlvbiUyMiUyMHRhcmdldCUzRCUyMl9ibGFuayUyMiUzRUFubmV4ZSUyMDIlMjAlM0ElMjBDb21wdGUtcmVuZHUlMjBkZSUyMGxhJTIwcGhhc2UlMjBkZSUyMHByJUMzJUE5cGFyYXRpb24lMjAlM0NpJTIwY2xhc3MlM0QlMjJ2Y19idG4zLWljb24lMjBmYXIlMjBmYS1maWxlLXBkZiUyMiUzRSUzQyUyRmklM0UlM0MlMkZhJTNFJTNDJTJGZGl2JTNFJTNDJTJGZGl2JTNFJTNDJTJGZGl2JTNFJTNDJTJGZGl2JTNFJTNDZGl2JTIwY2xhc3MlM0QlMjJ3cGJfY29sdW1uJTIwdmNfY29sdW1uX2NvbnRhaW5lciUyMHZjX2NvbC1zbS0zJTIyJTNFJTNDZGl2JTIwY2xhc3MlM0QlMjJ2Y19jb2x1bW4taW5uZXIlMjIlM0UlM0NkaXYlMjBjbGFzcyUzRCUyMndwYl93cmFwcGVyJTIyJTNFJTNDZGl2JTIwY2xhc3MlM0QlMjJ2Y19idG4zLWNvbnRhaW5lciUyMCUyMGJ0bi1ibHVlJTIwdmNfYnRuMy1jZW50ZXIlMjIlM0UlM0NhJTIwY2xhc3MlM0QlMjJ2Y19nZW5lcmFsJTIwdmNfYnRuMyUyMHZjX2J0bjMtc2l6ZS1tZCUyMHZjX2J0bjMtc2hhcGUtcm91bmRlZCUyMHZjX2J0bjMtc3R5bGUtbW9kZXJuJTIwdmNfYnRuMy1pY29uLXJpZ2h0JTIwdmNfYnRuMy1jb2xvci1za2luY29sb3IlMjIlMjBocmVmJTNEJTIyaHR0cHMlM0ElMkYlMkZ3d3cucGFyYy1lb2xpZW4tY29ldXItbWVkb2MtZW5lcmdpZXMuZnIlMkZjb25jZXJ0YXRpb24lMkZ3cC1jb250ZW50JTJGdXBsb2FkcyUyRjIwMjMlMkYwMyUyRkFubmV4ZS0zX05vdGUtdmVudC5wZGYlMjIlMjB0aXRsZSUzRCUyMkFubmV4ZSUyMDMlMjAlM0ElMjBOb3RlJTIwZGUlMjB2ZW50JTIyJTIwdGFyZ2V0JTNEJTIyX2JsYW5rJTIyJTNFQW5uZXhlJTIwMyUyMCUzQSUyME5vdGUlMjBkZSUyMHZlbnQlMjAlM0NpJTIwY2xhc3MlM0QlMjJ2Y19idG4zLWljb24lMjBmYXIlMjBmYS1maWxlLXBkZiUyMiUzRSUzQyUyRmklM0UlM0MlMkZhJTNFJTNDJTJGZGl2JTNFJTNDJTJGZGl2JTNFJTNDJTJGZGl2JTNFJTNDJTJGZGl2JTNFJTNDJTJGZGl2JTNF[\/vc_raw_html][\/vc_column_inner][\/vc_row_inner][\/vc_column][\/vc_row][vc_section el_id=\u00a0\u00bbla-concertation\u00a0\u00bb css=\u00a0\u00bb.vc_custom_1664198421974{background-color: #f6f8ed !important;}\u00a0\u00bb][vc_row][vc_column][vc_column_text]<\/p>\n<h1>La concertation<\/h1>\n<p>[\/vc_column_text][vc_row_inner equal_height=\u00a0\u00bbyes\u00a0\u00bb gap=\u00a0\u00bb30&Prime;][vc_column_inner width=\u00a0\u00bb1\/2&Prime; css=\u00a0\u00bb.vc_custom_1664198883420{padding-top: 15px !important;padding-right: 15px !important;padding-bottom: 15px !important;padding-left: 15px !important;background-color: #ffffff !important;border-radius: 20px !important;}\u00a0\u00bb][vc_column_text]<\/p>\n<h2 style=\"text-align: left;\">La concertation s&rsquo;est termin\u00e9e le 31 d\u00e9cembre 2022.<\/h2>\n<p>[\/vc_column_text][vc_btn title=\u00a0\u00bbRetrouvez les comptes-rendus et les contributions d\u00e9pos\u00e9es en ligne\u00a0\u00bb link=\u00a0\u00bburl:%23la-documentation|title:documentation\u00a0\u00bb][\/vc_column_inner][vc_column_inner width=\u00a0\u00bb1\/2&Prime; css=\u00a0\u00bb.vc_custom_1664198897503{padding-top: 15px !important;padding-right: 15px !important;padding-bottom: 15px !important;padding-left: 15px !important;background-color: #ffffff !important;border-radius: 20px !important;}\u00a0\u00bb][vc_column_text]<\/p>\n<h2 style=\"text-align: center;\"><b>Les garants de la concertation<\/b><\/h2>\n<p>[\/vc_column_text][vc_column_text]Madame Julie DUMONT et Monsieur S\u00e9bastien CHERRUAU<\/p>\n<p>Mail\u00a0: <a href=\"mailto:julie.dumont@garant-cndp.fr\">julie.dumont@garant-cndp.fr<\/a> et <a href=\"mailto:sebastien.cherruau@garant-cndp.fr\">sebastien.cherruau@garant-cndp.fr<\/a>[\/vc_column_text][vc_btn title=\u00a0\u00bbRetrouvez dans la documentation le bilan des garants, publi\u00e9 le 30 janvier 2023&Prime; link=\u00a0\u00bburl:%23la-documentation|title:documentation\u00a0\u00bb][\/vc_column_inner][\/vc_row_inner][\/vc_column][\/vc_row][vc_row][vc_column][vc_column_text]<\/p>\n<h2><b>Les temps de concertation<\/b><\/h2>\n<p>[\/vc_column_text][vc_row_inner][vc_column_inner width=\u00a0\u00bb1\/2&Prime;][vc_column_text]<\/p>\n<ul>\n<li>\n<h5>R\u00e9union publique d&rsquo;ouverture<\/h5>\n<p>19 octobre \u00e0 18h30<br \/>\nSalle des F\u00eates Saint-Tr\u00e9lody,<br \/>\nrue Jean Fourment, Lesparre M\u00e9doc<\/p>\n<p>Elle a pour objectif de poser le cadre de la concertation pr\u00e9alable, de pr\u00e9senter les modalit\u00e9s d\u2019information et de participation du public ainsi que les grandes lignes du projet. Plusieurs intervenants pr\u00e9senteront les grands enjeux li\u00e9s au projet, avant un temps d\u2019\u00e9change avec le public.<\/li>\n<li>\n<h5>Table-ronde<\/h5>\n<p>\u00ab\u00a0L&rsquo;approvisionnement \u00e9lectrique du territoire et la place de l&rsquo;\u00e9olien dans le mix \u00e9nerg\u00e9tique de Nouvelle-Aquitaine\u00a0\u00bb<br \/>\n8 novembre \u00e0 18h30<br \/>\nUniversit\u00e9 de Bordeaux (Campus Victoire, 3 ter place de la Victoire, Bordeaux)<br \/>\nRetransmission en direct sur le site de la concertation<\/p>\n<p>Cette table-ronde a pour objectif d\u2019aborder la question de l\u2019approvisionnement \u00e9nerg\u00e9tique et de sa d\u00e9carbonation, au niveau local et r\u00e9gional, en donnant la parole \u00e0 des repr\u00e9sentants du monde universitaire, associatif ou \u00e9conomique, ainsi qu\u2019\u00e0 un repr\u00e9sentant des opposants au projet. Elle sera suivie d\u2019un temps d\u2019\u00e9change avec le public, dans la salle ou \u00e0 distance.<\/li>\n<li>\n<h5>R\u00e9union d\u00e9couverte sur site*<\/h5>\n<p>19 novembre, 9h30<br \/>\nM\u00e9morial Maquis de Vigne-Houdide (D4, Lesparre-M\u00e9doc)<\/p>\n<p>Ce temps d\u2019\u00e9change organis\u00e9 sur le site d\u2019implantation du projet permettra aux participants de visualiser, au moyen d\u2019outils de r\u00e9alit\u00e9 virtuelle qui seront mis \u00e0 disposition, le projet de parc \u00e9olien selon diff\u00e9rents points de vue du territoire. Cette pr\u00e9sentation sera suivie d\u2019une r\u00e9union th\u00e9matique sur le fonctionnement d\u2019une \u00e9olienne.<\/li>\n<li>\n<h5>2 rencontres de proximit\u00e9<\/h5>\n<ul>\n<li>22 octobre 2022, 9h-12h<br \/>\nMarch\u00e9 de Lesparre-M\u00e9doc<\/li>\n<li>24 novembre 2022, 14h17h<br \/>\nCentre commercial Terre-Rouge, Lesparre M\u00e9doc<\/li>\n<\/ul>\n<\/li>\n<\/ul>\n<p>[\/vc_column_text][\/vc_column_inner][vc_column_inner width=\u00a0\u00bb1\/2&Prime;][vc_column_text]<\/p>\n<ul>\n<li>\n<h5>3 ateliers th\u00e9matiques<\/h5>\n<h6>Atelier n\u00b01<\/h6>\n<p><strong>Quels impacts sur le cadre de vie ?<\/strong><br \/>\n24 novembre \u00e0 18h30<br \/>\nSalle des F\u00eates Saint-Tr\u00e9lody,<br \/>\nrue Jean Fourment, Lesparre-M\u00e9doc<\/p>\n<h6>Atelier n\u00b02<\/h6>\n<p><strong>Quels impacts sur l&rsquo;environnement ?<\/strong><br \/>\n29 novembre \u00e0 18h30<br \/>\nSalle des f\u00eates de Gaillan-en-M\u00e9doc,<br \/>\n6 Rue de l&rsquo;H\u00f4tel de ville<\/p>\n<h6>Atelier n\u00b03<\/h6>\n<p><strong>Quel sc\u00e9nario d&rsquo;implantation du projet ?<\/strong><br \/>\n5 d\u00e9cembre \u00e0 18h30<br \/>\nSalle des F\u00eates Saint-Tr\u00e9lody,<br \/>\nrue Jean Fourment, Lesparre-M\u00e9doc<\/p>\n<p>Ces trois ateliers permettront d\u2019approfondir certaines th\u00e9matiques li\u00e9es au projet de parc \u00e9olien \u00e0 Lesparre-M\u00e9doc lors d\u2019\u00e9changes en sous-groupe. Ils ont pour vocation d\u2019\u00e9changer avec le ma\u00eetre d\u2019ouvrage et, le cas \u00e9ch\u00e9ant, des intervenants ext\u00e9rieurs sur certains \u00e9l\u00e9ments techniques du projet, de r\u00e9pondre aux questions des participants et de prendre en consid\u00e9ration toutes les contributions qui seront faites.<\/li>\n<li>\n<h5>R\u00e9union publique de cl\u00f4ture<\/h5>\n<p>19 d\u00e9cembre \u00e0 18h30<br \/>\nSalle des F\u00eates Saint-Tr\u00e9lody,<br \/>\nrue Jean Fourment, Lesparre-M\u00e9doc<\/p>\n<p>Cette r\u00e9union vise \u00e0 restituer au public la synth\u00e8se de la concertation et d\u2019informer sur l\u2019\u00e9tat d\u2019avancement du projet, avant un temps d\u2019\u00e9change avec le public qui permettra de r\u00e9pondre aux questions et de recueillir les avis sur le projet.<\/li>\n<\/ul>\n<p>[\/vc_column_text][\/vc_column_inner][\/vc_row_inner][\/vc_column][\/vc_row][vc_row][vc_column][vc_column_text]<\/p>\n<h2><b>Une concertation pr\u00e9alable accompagn\u00e9e par la CNDP<\/b><\/h2>\n<p>[\/vc_column_text][vc_column_text]En r\u00e9ponse aux conclusions et aux recommandations du commissaire-enqu\u00eateur \u00e0 l\u2019issue de l\u2019enqu\u00eate publique, VALOREM a d\u00e9cid\u00e9 d\u2019engager <b>une concertation pr\u00e9alable au titre du Code de l\u2019environnement <\/b>sous l&rsquo;\u00e9gide de la Commission nationale du d\u00e9bat public (CNDP), qui se tiendra <b>du 17 octobre au 30 d\u00e9cembre 2022.<\/b><\/p>\n<p>Afin de r\u00e9unir les conditions d\u2019une concertation pr\u00e9alable exemplaire, VALOREM a volontairement saisi la Commission nationale du d\u00e9bat public (CNDP) pour demander la nomination d\u2019un garant. En application de l\u2019article L. 121-17 du Code de l\u2019environnement, la CNDP a ainsi d\u00e9sign\u00e9 Madame <b>Julie DUMONT<\/b> et Monsieur <b>S\u00e9bastien CHERRUAU<\/b> garants de la concertation. Ils ont pour mission de <b>veiller \u00e0 la sinc\u00e9rit\u00e9 et au bon d\u00e9roulement de la concertation<\/b>, dans le respect des principes et des valeurs de la CNDP (valeurs d\u2019ind\u00e9pendance, de neutralit\u00e9, de transparence, d\u2019\u00e9galit\u00e9 de traitement, d\u2019argumentation et d\u2019inclusion).<\/p>\n<p>\u00c0 l\u2019issue de la concertation et\u00a0ind\u00e9pendamment du rapport du ma\u00eetre d\u2019ouvrage, les garants r\u00e9digeront un bilan qui sera rendu public, retra\u00e7ant les diff\u00e9rents temps et les conditions de d\u00e9roulement de la concertation.[\/vc_column_text][\/vc_column][\/vc_row][vc_row][vc_column][vc_column_text]<\/p>\n<h2><b>Les objectifs de la concertation<\/b><\/h2>\n<p>[\/vc_column_text][vc_row_inner][vc_column_inner width=\u00a0\u00bb1\/3&Prime;][vc_column_text]VALOREM veillera \u00e0 ce que la concertation permette de d\u00e9battre de l\u2019ensemble des questions \u00e9voqu\u00e9es par le Code de l\u2019environnement\u00a0:[\/vc_column_text][\/vc_column_inner][vc_column_inner width=\u00a0\u00bb1\/3&Prime;][vc_column_text]<\/p>\n<ul>\n<li>L\u2019<b>opportunit\u00e9<\/b>, les <b>objectifs <\/b>et les <b>caract\u00e9ristiques du projet\u00a0<\/b>;<\/li>\n<li>Les <b>enjeux socio-\u00e9conomiques<\/b> qui s\u2019y attachent, ainsi que leurs<b> impacts <\/b>significatifs sur l\u2019environnement et l\u2019am\u00e9nagement du territoire\u00a0;<\/li>\n<\/ul>\n<p>[\/vc_column_text][\/vc_column_inner][vc_column_inner width=\u00a0\u00bb1\/3&Prime;][vc_column_text]<\/p>\n<ul>\n<li>Les <b>solutions alternatives<\/b>, y compris de l\u2019absence de mise en \u0153uvre du projet\u00a0;<\/li>\n<li>Les <b>modalit\u00e9s d\u2019information et de participation du public<\/b> apr\u00e8s concertation pr\u00e9alable.<\/li>\n<\/ul>\n<p>[\/vc_column_text][\/vc_column_inner][\/vc_row_inner][\/vc_column][\/vc_row][vc_row][vc_column width=\u00a0\u00bb1\/2&Prime;][vc_column_text]<\/p>\n<h2><b>Le p\u00e9rim\u00e8tre de la concertation<\/b><\/h2>\n<p>[\/vc_column_text][vc_column_text]Le p\u00e9rim\u00e8tre de la concertation pr\u00e9alable englobe les 18 communes de la <b>communaut\u00e9 de communes M\u00e9doc C\u0153ur de Presqu\u2019\u00eele<\/b> et les 14 communes de la <b>communaut\u00e9 de communes M\u00e9doc-Atlantique<\/b>. Cela repr\u00e9sente 32 communes, soit pr\u00e8s de 67 000 habitants\u00a0:[\/vc_column_text][vc_tta_accordion style=\u00a0\u00bboutline\u00a0\u00bb shape=\u00a0\u00bbrounded\u00a0\u00bb color=\u00a0\u00bbblack\u00a0\u00bb c_position=\u00a0\u00bbleft\u00a0\u00bb active_section=\u00a0\u00bb\u00a0\u00bb collapsible_all=\u00a0\u00bbtrue\u00a0\u00bb][vc_tta_section title=\u00a0\u00bbLa Communaut\u00e9 de communes M\u00e9doc C\u0153ur de Presqu\u2019\u00eele\u00a0\u00bb tab_id=\u00a0\u00bb1664132763296-8cb8f767-6a90&Prime;][vc_column_text]B\u00e9gadan, Blaignan-Prignac, Cissac-M\u00e9doc, Civrac-en-M\u00e9doc, Couqu\u00e8ques, Gaillan-en-M\u00e9doc, Lesparre-M\u00e9doc, Ordonnac, Pauillac, Saint-Christoly-M\u00e9doc, Saint-Est\u00e8phe, Saint-Germain-d&rsquo;Esteuil, Saint-Julien-Beychevelle, Saint-Laurent-M\u00e9doc, Saint-Sauveur, Saint-Seurin-de-Cadourne, Saint-Yzans-de-M\u00e9doc, Vertheuil\u00a0;[\/vc_column_text][\/vc_tta_section][vc_tta_section title=\u00a0\u00bbLa Communaut\u00e9 de communes M\u00e9doc Atlantique\u00a0\u00bb tab_id=\u00a0\u00bb1664132763322-ecc534f1-257c\u00a0\u00bb][vc_column_text]Carcans, Grayan-et-l&rsquo;H\u00f4pital, Hourtin, Jau-Dignac-et-Loirac, Lacanau, Le Verdon-sur-Mer, Naujac-sur-Mer, Queyrac, Saint-Vivien-de-M\u00e9doc, Soulac-sur-Mer, Talais, Valeyrac, Vendays-Montalivet, Vensac.[\/vc_column_text][\/vc_tta_section][\/vc_tta_accordion][\/vc_column][vc_column width=\u00a0\u00bb1\/2&Prime;][vc_single_image image=\u00a0\u00bb110&Prime; img_size=\u00a0\u00bbfull\u00a0\u00bb alignment=\u00a0\u00bbcenter\u00a0\u00bb][\/vc_column][\/vc_row][\/vc_section][vc_section full_width=\u00a0\u00bbstretch_row\u00a0\u00bb el_id=\u00a0\u00bble-projet\u00a0\u00bb][vc_row][vc_column][vc_column_text]<\/p>\n<h1>Le projet<\/h1>\n<p>[\/vc_column_text][\/vc_column][\/vc_row][vc_row el_class=\u00a0\u00bbporteur-projet\u00a0\u00bb css=\u00a0\u00bb.vc_custom_1664193845311{background-color: #eff9fb !important;}\u00a0\u00bb][vc_column][vc_column_text]<\/p>\n<h2>Les grandes lignes du projet<\/h2>\n<p>Le projet pr\u00e9voit la construction et l\u2019exploitation d\u2019<b>un des premiers parcs \u00e9oliens de Gironde et de l\u2019ex-r\u00e9gion Aquitaine.<\/b><span class=\"Apple-converted-space\">\u00a0<\/span><\/p>\n<p>Si le projet se concr\u00e9tise et en fonction du sc\u00e9nario retenu, il assurerait une production d\u2019\u00e9lectricit\u00e9 comprise entre 118,8 GWh\/an et 128,5 GWh\/an, ce qui \u00e9quivaudrait \u00e0 la consommation annuelle d\u2019\u00e9lectricit\u00e9 de 25 220 \u00e0 27 282 m\u00e9nages.<span class=\"Apple-converted-space\">\u00a0<\/span>[\/vc_column_text][\/vc_column][\/vc_row][vc_row css=\u00a0\u00bb.vc_custom_1664193879546{background-color: #eff9fb !important;}\u00a0\u00bb][vc_column][vc_column_text]<\/p>\n<h3>Les diff\u00e9rents sc\u00e9narios envisag\u00e9s<\/h3>\n<p>Pour permettre au public de pouvoir comparer des implantations d&rsquo;\u00e9oliennes, nous avons fait le choix de partir du sc\u00e9nario de 2017 \u00e0 12 \u00e9oliennes et de modifier l&#8217;emplacement des machines en fonction des nouveaux crit\u00e8res, qu&rsquo;ils soient environnementaux (\u00e9vitement) ou techniques (hauteur, puissance, routes, d\u00e9fense incendie).<\/p>\n<p>Ces nouveaux sc\u00e9narios \u00e0 8 et \u00e0 9 \u00e9oliennes sont pr\u00e9sent\u00e9s dans le tableau ci-dessous et compar\u00e9s au sc\u00e9nario de 2017 \u00e0 12 \u00e9oliennes.[\/vc_column_text][vc_single_image image=\u00a0\u00bb200&Prime; img_size=\u00a0\u00bbfull\u00a0\u00bb][vc_btn title=\u00a0\u00bbVoir le tableau comparatif complet*\u00a0\u00bb el_class=\u00a0\u00bbbtn-blue\u00a0\u00bb link=\u00a0\u00bburl:https%3A%2F%2Fwww.parc-eolien-coeur-medoc-energies.fr%2Fconcertation%2Fwp-content%2Fuploads%2F2022%2F11%2FVALOREM-EOLIEN-MEDOC-Tableau-comparatif.pdf|title:Tableau%20comparatif%20sc%C3%A9narios|target:_blank\u00a0\u00bb][vc_column_text]<em>* ERRATUM : Contrairement \u00e0 ce qui \u00e9tait indiqu\u00e9 dans le tableau initial (p. 33 du dossier de concertation), la surface \u00e0 d\u00e9fricher et compenser dans le sc\u00e9nario \u00e0 8 \u00e9oliennes est de 64 567 m2. La surface de 91 644 m2 correspond au sc\u00e9nario de 2017 \u00e0 12 \u00e9oliennes.<\/em>[\/vc_column_text][vc_row_inner][vc_column_inner][vc_column_text]<\/p>\n<h3>Les chiffres cl\u00e9s<\/h3>\n<p>[\/vc_column_text][\/vc_column_inner][\/vc_row_inner][vc_row_inner][vc_column_inner width=\u00a0\u00bb1\/5&Prime;][vc_column_text]Co\u00fbt[\/vc_column_text][vc_column_text el_class=\u00a0\u00bbchiffres-cles\u00a0\u00bb]<strong>63<\/strong> \u00e0 <strong>76<\/strong> millions d\u2019euros[\/vc_column_text][\/vc_column_inner][vc_column_inner width=\u00a0\u00bb1\/5&Prime;][vc_column_text]Nombre de machines envisag\u00e9es[\/vc_column_text][vc_column_text el_class=\u00a0\u00bbchiffres-cles\u00a0\u00bb]<strong>8<\/strong> \u00e0 <strong>12<\/strong> machines[\/vc_column_text][\/vc_column_inner][vc_column_inner width=\u00a0\u00bb1\/5&Prime;][vc_column_text]Puissance d\u2019installation envisag\u00e9e[\/vc_column_text][vc_column_text el_class=\u00a0\u00bbchiffres-cles\u00a0\u00bb]<strong>41,4<\/strong> \u00e0 <strong>50,4<\/strong> MW[\/vc_column_text][\/vc_column_inner][vc_column_inner width=\u00a0\u00bb1\/5&Prime;][vc_column_text]Production d\u2019\u00e9lectricit\u00e9\u00a0potentielle[\/vc_column_text][vc_column_text el_class=\u00a0\u00bbchiffres-cles\u00a0\u00bb]<strong>118,8<\/strong> GWh\/an \u00e0 <strong>128,5<\/strong> GWh\/an[\/vc_column_text][\/vc_column_inner][vc_column_inner width=\u00a0\u00bb1\/5&Prime;][vc_column_text]Dur\u00e9e de vie de l\u2019installation[\/vc_column_text][vc_column_text el_class=\u00a0\u00bbchiffres-cles\u00a0\u00bb]<strong>25<\/strong> ans[\/vc_column_text][\/vc_column_inner][\/vc_row_inner][\/vc_column][\/vc_row][vc_row css=\u00a0\u00bb.vc_custom_1654769365391{padding-top: 60px !important;padding-bottom: 60px !important;background-color: #e2edf2 !important;}\u00a0\u00bb][vc_column][vc_column_text]<\/p>\n<h2>La d\u00e9marche environnementale<\/h2>\n<p>[\/vc_column_text][vc_column_text]Afin de concevoir un projet adapt\u00e9 au potentiel du site et aux enjeux du territoire, VALOREM a lanc\u00e9 en 2015 des \u00e9tudes portant sur l\u2019environnement naturel, physique et humain. Celles-ci ont permis de constituer la premi\u00e8re \u00e9tude d\u2019impact, pi\u00e8ce ma\u00eetresse de la demande d\u2019autorisation environnementale de 2017.<\/p>\n<p>Suite \u00e0 l&rsquo;enqu\u00eate publique de 2019, VALOREM a d\u00e9cid\u00e9 de repenser son projet en r\u00e9actualisant l&rsquo;ensemble des enjeux. Une partie des th\u00e9matiques ont \u00e9t\u00e9 mises \u00e0 jour pour la concertation pr\u00e9alable (qualification des habitats d&rsquo;esp\u00e8ces, analyse de nouveaux points de vue paysagers, mise \u00e0 jour des servitudes techniques : routes, d\u00e9fendabilit\u00e9 incendie) tandis que certaines \u00e9tudes restent \u00e0 finaliser (inventaires biologiques, mise \u00e0 jour des mesures acoustiques, qualification des zones humides).<span class=\"Apple-converted-space\">\u00a0<\/span>[\/vc_column_text][vc_column_text]Les donn\u00e9es de l&rsquo;environnement (milieux naturels, paysage) mises \u00e0 jour en 2022 sont disponibles dans le dossier de concertation en <a href=\"#la-documentation\">t\u00e9l\u00e9chargement sur ce site<\/a>.[\/vc_column_text][vc_column_text]Ainsi, \u00e0 l\u2019issue de la concertation pr\u00e9alable de 2022 et \u00e0 la lumi\u00e8re des \u00e9tudes mises \u00e0 jour, <b>le projet fera l\u2019objet d\u2019une nouvelle \u00e9tude d\u2019impact qui sera int\u00e9gr\u00e9e \u00e0 la future demande d\u2019autorisation environnementale<\/b>.[\/vc_column_text][\/vc_column][\/vc_row][vc_row css=\u00a0\u00bb.vc_custom_1664193885096{background-color: #eff9fb !important;}\u00a0\u00bb][vc_column][vc_row_inner el_class=\u00a0\u00bbfonctionnement-eolien\u00a0\u00bb css=\u00a0\u00bb.vc_custom_1664193940663{background-color: #ffffff !important;}\u00a0\u00bb][vc_column_inner width=\u00a0\u00bb1\/2&Prime;][vc_column_text]<\/p>\n<h3>Comment fonctionne<br \/>\nun parc \u00e9olien\u00a0?<\/h3>\n<p><i>De l\u2019\u00e9olienne au r\u00e9seau \u00e9lectrique\u00a0:<span class=\"Apple-converted-space\">\u00a0<\/span><\/i><\/p>\n<p>Une \u00e9olienne commence \u00e0 produire de l\u2019\u00e9lectricit\u00e9 lorsque la vitesse du vent atteint environ 10 km\/h. \u00c0 cette vitesse de d\u00e9marrage, le vent d\u00e9clenche le rotor, situ\u00e9 au bout du mat de l\u2019\u00e9olienne, qui se met en marche. Ses pales tournent. Le rotor entra\u00eene un axe dans la nacelle, appel\u00e9 arbre, reli\u00e9 \u00e0 un alternateur.<span class=\"Apple-converted-space\">\u00a0<\/span><\/p>\n<p>Gr\u00e2ce \u00e0 l&rsquo;\u00e9nergie fournie par la rotation de l&rsquo;axe, l&rsquo;alternateur produit un courant \u00e9lectrique alternatif. Un transformateur situ\u00e9 \u00e0 l&rsquo;int\u00e9rieur du m\u00e2t \u00e9l\u00e8ve la tension du courant \u00e9lectrique produit par l&rsquo;alternateur pour qu&rsquo;il puisse \u00eatre plus facilement transport\u00e9 dans les lignes \u00e0 moyenne tension du r\u00e9seau.<span class=\"Apple-converted-space\">\u00a0<\/span>[\/vc_column_text][\/vc_column_inner][vc_column_inner width=\u00a0\u00bb1\/2&Prime;][vc_single_image image=\u00a0\u00bb89&Prime; img_size=\u00a0\u00bbfull\u00a0\u00bb][\/vc_column_inner][\/vc_row_inner][\/vc_column][\/vc_row][vc_row css=\u00a0\u00bb.vc_custom_1668079067596{padding-top: 60px !important;background-color: #e2edf2 !important;}\u00a0\u00bb][vc_column][vc_column_text]<\/p>\n<h2><b>Le calendrier pr\u00e9visionnel<\/b><\/h2>\n<p>[\/vc_column_text][vc_single_image image=\u00a0\u00bb114&Prime; img_size=\u00a0\u00bbfull\u00a0\u00bb][\/vc_column][\/vc_row][vc_row][vc_column][vc_column_text]<\/p>\n<h2><span style=\"color: #0175a6;\">Le ma\u00eetre d\u2019ouvrage\u00a0: <\/span><strong>C\u0153ur M\u00e9doc \u00c9nergies<\/strong><\/h2>\n<p>[\/vc_column_text][vc_row_inner][vc_column_inner width=\u00a0\u00bb1\/3&Prime;][vc_single_image image=\u00a0\u00bb82&Prime; img_size=\u00a0\u00bbfull\u00a0\u00bb alignment=\u00a0\u00bbcenter\u00a0\u00bb][\/vc_column_inner][vc_column_inner width=\u00a0\u00bb2\/3&Prime;][vc_column_text]Le projet de parc \u00e9olien de Lesparre-M\u00e9doc est port\u00e9 par <b>C\u0153ur M\u00e9doc \u00c9nergies<\/b>. Cette soci\u00e9t\u00e9, cr\u00e9\u00e9e sp\u00e9cifiquement, est une soci\u00e9t\u00e9 par actions simplifi\u00e9e (SAS) dont la r\u00e9partition du capital est partag\u00e9e entre deux entit\u00e9s : VALOREM et la Banque des Territoires.[\/vc_column_text][\/vc_column_inner][\/vc_row_inner][\/vc_column][\/vc_row][vc_row][vc_column][vc_column_text]<\/p>\n<h3>Le groupe VALOREM<\/h3>\n<p>[\/vc_column_text][vc_row_inner][vc_column_inner width=\u00a0\u00bb1\/3&Prime;][vc_single_image image=\u00a0\u00bb123&Prime; img_size=\u00a0\u00bbfull\u00a0\u00bb alignment=\u00a0\u00bbcenter\u00a0\u00bb][\/vc_column_inner][vc_column_inner width=\u00a0\u00bb2\/3&Prime;][vc_column_text]Le groupe VALOREM est un \u00ab op\u00e9rateur en \u00e9nergies vertes \u00bb aux multiples comp\u00e9tences dans les \u00e9nergies renouvelables. Groupe girondin ind\u00e9pendant n\u00e9 en 1994, parmi les pionniers de l\u2019\u00e9olien en France, le groupe VALOREM a \u00e9largi ses comp\u00e9tences au photovolta\u00efque, au biogaz, \u00e0 l\u2019hydro\u00e9lectricit\u00e9, aux \u00e9nergies marines, stockage et hydrog\u00e8ne.[\/vc_column_text][vc_btn title=\u00a0\u00bbEn savoir plus sur VALOREM\u00a0\u00bb link=\u00a0\u00bburl:https%3A%2F%2Fwww.valorem-energie.com|title:En%20savoir%20plus%20sur%20VALOREM|target:_blank\u00a0\u00bb el_class=\u00a0\u00bbbtn-blue\u00a0\u00bb][\/vc_column_inner][\/vc_row_inner][vc_column_text]<\/p>\n<h4><b>Chiffres cl\u00e9s :<\/b><\/h4>\n<p>[\/vc_column_text][vc_row_inner content_placement=\u00a0\u00bbbottom\u00a0\u00bb][vc_column_inner width=\u00a0\u00bb1\/4&Prime;][vc_column_text css=\u00a0\u00bb.vc_custom_1664208241549{margin-bottom: 10px !important;}\u00a0\u00bb]Cr\u00e9ation[\/vc_column_text][vc_column_text el_class=\u00a0\u00bbchiffres-cles\u00a0\u00bb]<strong>1994<\/strong>[\/vc_column_text][\/vc_column_inner][vc_column_inner width=\u00a0\u00bb1\/4&Prime;][vc_column_text css=\u00a0\u00bb.vc_custom_1664208246516{margin-bottom: 10px !important;}\u00a0\u00bb]Collaborateurs[\/vc_column_text][vc_column_text el_class=\u00a0\u00bbchiffres-cles\u00a0\u00bb]<strong>380<\/strong>[\/vc_column_text][\/vc_column_inner][vc_column_inner width=\u00a0\u00bb1\/4&Prime;][vc_column_text css=\u00a0\u00bb.vc_custom_1664208251082{margin-bottom: 10px !important;}\u00a0\u00bb]Puissance d\u00e9velopp\u00e9e<br \/>\n(tous renouvelables)[\/vc_column_text][vc_column_text el_class=\u00a0\u00bbchiffres-cles\u00a0\u00bb]<strong>5<\/strong>\u00a0GW[\/vc_column_text][\/vc_column_inner][vc_column_inner width=\u00a0\u00bb1\/4&Prime;][vc_column_text css=\u00a0\u00bb.vc_custom_1664208256049{margin-bottom: 10px !important;}\u00a0\u00bb]Capacit\u00e9s install\u00e9es[\/vc_column_text][vc_column_text el_class=\u00a0\u00bbchiffres-cles\u00a0\u00bb]<strong>516<\/strong>\u00a0MW dont <strong>380<\/strong> MW d\u2019\u00e9olien[\/vc_column_text][\/vc_column_inner][\/vc_row_inner][\/vc_column][\/vc_row][vc_row][vc_column][vc_column_text]<\/p>\n<h3>La Banque des Territoires<\/h3>\n<p>[\/vc_column_text][vc_row_inner][vc_column_inner width=\u00a0\u00bb1\/3&Prime;][vc_single_image image=\u00a0\u00bb112&Prime; img_size=\u00a0\u00bbfull\u00a0\u00bb alignment=\u00a0\u00bbcenter\u00a0\u00bb][\/vc_column_inner][vc_column_inner width=\u00a0\u00bb2\/3&Prime;][vc_column_text]Cr\u00e9\u00e9e en 2018, la Banque des Territoires est un des cinq m\u00e9tiers de la Caisse des D\u00e9p\u00f4ts, l\u2019\u00e9tablissement financier public qui remplit des missions d\u2019int\u00e9r\u00eat g\u00e9n\u00e9ral en appui des politiques publiques.<span class=\"Apple-converted-space\">\u00a0<\/span><\/p>\n<p>Elle propose des solutions sur mesure de conseil et de financement en pr\u00eats et en investissement pour r\u00e9pondre aux besoins des collectivit\u00e9s locales, des organismes de logement social, des entreprises publiques locales et des professions juridiques. Elle s\u2019adresse \u00e0 tous les territoires, depuis les zones rurales jusqu\u2019aux m\u00e9tropoles, avec l\u2019ambition de lutter contre les in\u00e9galit\u00e9s sociales et les fractures territoriales.<span class=\"Apple-converted-space\">\u00a0<\/span>[\/vc_column_text][vc_btn title=\u00a0\u00bbEn savoir plus sur la Banque des Territoires\u00a0\u00bb link=\u00a0\u00bburl:https%3A%2F%2Fwww.banquedesterritoires.fr|title:En%20savoir%20plus%20sur%20la%20Banque%20des%20Territoires|target:_blank\u00a0\u00bb el_class=\u00a0\u00bbbtn-blue\u00a0\u00bb][\/vc_column_inner][\/vc_row_inner][\/vc_column][\/vc_row][\/vc_section][vc_section css=\u00a0\u00bb.vc_custom_1668078569074{padding-bottom: 120px !important;}\u00a0\u00bb][vc_row anchor=\u00a0\u00bbla-documentation\u00a0\u00bb css=\u00a0\u00bb.vc_custom_1668080297612{background-color: #96b62d !important;}\u00a0\u00bb][vc_column][vc_column_text]<\/p>\n<h1>La documentation<\/h1>\n<p>[\/vc_column_text][vc_column_text]<\/p>\n<h2 style=\"color: #fff;\">Les documents de la concertation<\/h2>\n<p>[\/vc_column_text][vc_row_inner content_placement=\u00a0\u00bbmiddle\u00a0\u00bb el_class=\u00a0\u00bbdocumentation-item\u00a0\u00bb][vc_column_inner width=\u00a0\u00bb3\/4&Prime;][vc_column_text]<\/p>\n<h5>Le dossier de concertation<\/h5>\n<p>[\/vc_column_text][\/vc_column_inner][vc_column_inner width=\u00a0\u00bb1\/4&Prime;][vc_btn title=\u00a0\u00bbT\u00e9l\u00e9charger\u00a0\u00bb align=\u00a0\u00bbcenter\u00a0\u00bb i_align=\u00a0\u00bbright\u00a0\u00bb i_icon_fontawesome=\u00a0\u00bbfar fa-file-pdf\u00a0\u00bb add_icon=\u00a0\u00bbtrue\u00a0\u00bb el_class=\u00a0\u00bbbtn-blue\u00a0\u00bb link=\u00a0\u00bburl:https%3A%2F%2Fwww.parc-eolien-coeur-medoc-energies.fr%2Fconcertation%2Fwp-content%2Fuploads%2F2022%2F10%2FDossier-de-concertation-WEB.pdf|title:Dossier%20de%20concertation|target:_blank\u00a0\u00bb][\/vc_column_inner][\/vc_row_inner][vc_row_inner content_placement=\u00a0\u00bbmiddle\u00a0\u00bb el_class=\u00a0\u00bbdocumentation-item\u00a0\u00bb][vc_column_inner width=\u00a0\u00bb3\/4&Prime;][vc_column_text]<\/p>\n<h5>La synth\u00e8se du dossier de concertation<\/h5>\n<p>[\/vc_column_text][\/vc_column_inner][vc_column_inner width=\u00a0\u00bb1\/4&Prime;][vc_btn title=\u00a0\u00bbT\u00e9l\u00e9charger\u00a0\u00bb align=\u00a0\u00bbcenter\u00a0\u00bb i_align=\u00a0\u00bbright\u00a0\u00bb i_icon_fontawesome=\u00a0\u00bbfar fa-file-pdf\u00a0\u00bb add_icon=\u00a0\u00bbtrue\u00a0\u00bb el_class=\u00a0\u00bbbtn-blue\u00a0\u00bb link=\u00a0\u00bburl:https%3A%2F%2Fwww.parc-eolien-coeur-medoc-energies.fr%2Fconcertation%2Fwp-content%2Fuploads%2F2022%2F10%2FSynthese-du-dossier-de-concertation-WEB.pdf|title:Synth%C3%A8se%20dossier%20de%20concertation|target:_blank\u00a0\u00bb][\/vc_column_inner][\/vc_row_inner][vc_row_inner content_placement=\u00a0\u00bbmiddle\u00a0\u00bb el_class=\u00a0\u00bbdocumentation-item\u00a0\u00bb][vc_column_inner width=\u00a0\u00bb3\/4&Prime;][vc_column_text]<\/p>\n<h5>Avis de la concertation<\/h5>\n<p>[\/vc_column_text][\/vc_column_inner][vc_column_inner width=\u00a0\u00bb1\/4&Prime;][vc_btn title=\u00a0\u00bbT\u00e9l\u00e9charger\u00a0\u00bb align=\u00a0\u00bbcenter\u00a0\u00bb i_align=\u00a0\u00bbright\u00a0\u00bb i_icon_fontawesome=\u00a0\u00bbfar fa-file-pdf\u00a0\u00bb add_icon=\u00a0\u00bbtrue\u00a0\u00bb el_class=\u00a0\u00bbbtn-blue\u00a0\u00bb link=\u00a0\u00bburl:https%3A%2F%2Fwww.parc-eolien-coeur-medoc-energies.fr%2Fconcertation%2Fwp-content%2Fuploads%2F2022%2F09%2FAVIS_Concertation-Lesparre-Medoc.pdf|title:Avis%20de%20la%20concertation|target:_blank\u00a0\u00bb][\/vc_column_inner][\/vc_row_inner][vc_row_inner content_placement=\u00a0\u00bbmiddle\u00a0\u00bb el_class=\u00a0\u00bbdocumentation-item\u00a0\u00bb][vc_column_inner width=\u00a0\u00bb3\/4&Prime;][vc_column_text]<\/p>\n<h5>Le dossier paysager<\/h5>\n<p>[\/vc_column_text][\/vc_column_inner][vc_column_inner width=\u00a0\u00bb1\/4&Prime;][vc_btn title=\u00a0\u00bbT\u00e9l\u00e9charger\u00a0\u00bb align=\u00a0\u00bbcenter\u00a0\u00bb i_align=\u00a0\u00bbright\u00a0\u00bb i_icon_fontawesome=\u00a0\u00bbfar fa-file-pdf\u00a0\u00bb add_icon=\u00a0\u00bbtrue\u00a0\u00bb el_class=\u00a0\u00bbbtn-blue\u00a0\u00bb link=\u00a0\u00bburl:https%3A%2F%2Fwww.parc-eolien-coeur-medoc-energies.fr%2Fconcertation%2Fwp-content%2Fuploads%2F2022%2F09%2FDossier-paysager.pdf|title:Dossier%20paysager|target:_blank\u00a0\u00bb][\/vc_column_inner][\/vc_row_inner][vc_row_inner content_placement=\u00a0\u00bbmiddle\u00a0\u00bb el_class=\u00a0\u00bbdocumentation-item\u00a0\u00bb][vc_column_inner width=\u00a0\u00bb3\/4&Prime;][vc_column_text]<\/p>\n<h5>Tableau comparatif des sc\u00e9narios d&rsquo;implantation<\/h5>\n<p>[\/vc_column_text][\/vc_column_inner][vc_column_inner width=\u00a0\u00bb1\/4&Prime;][vc_btn title=\u00a0\u00bbT\u00e9l\u00e9charger\u00a0\u00bb align=\u00a0\u00bbcenter\u00a0\u00bb i_align=\u00a0\u00bbright\u00a0\u00bb i_icon_fontawesome=\u00a0\u00bbfar fa-file-pdf\u00a0\u00bb add_icon=\u00a0\u00bbtrue\u00a0\u00bb el_class=\u00a0\u00bbbtn-blue\u00a0\u00bb link=\u00a0\u00bburl:https%3A%2F%2Fwww.parc-eolien-coeur-medoc-energies.fr%2Fconcertation%2Fwp-content%2Fuploads%2F2022%2F09%2FVALOREM-EOLIEN-MEDOC-Concertation-Tableau-comparatif.pdf|title:Tableau%20comparatif%20sc%C3%A9narios|target:_blank\u00a0\u00bb][\/vc_column_inner][\/vc_row_inner][vc_row_inner content_placement=\u00a0\u00bbmiddle\u00a0\u00bb el_class=\u00a0\u00bbdocumentation-item\u00a0\u00bb][vc_column_inner width=\u00a0\u00bb3\/4&Prime;][vc_column_text]<\/p>\n<h5>Le fonctionnement d&rsquo;une \u00e9olienne<\/h5>\n<p><em>Document diffus\u00e9 lors de la r\u00e9union sur site du 19 novembre<\/em>[\/vc_column_text][\/vc_column_inner][vc_column_inner width=\u00a0\u00bb1\/4&Prime;][vc_btn title=\u00a0\u00bbT\u00e9l\u00e9charger\u00a0\u00bb align=\u00a0\u00bbcenter\u00a0\u00bb i_align=\u00a0\u00bbright\u00a0\u00bb i_icon_fontawesome=\u00a0\u00bbfar fa-file-pdf\u00a0\u00bb add_icon=\u00a0\u00bbtrue\u00a0\u00bb el_class=\u00a0\u00bbbtn-blue\u00a0\u00bb link=\u00a0\u00bburl:https%3A%2F%2Fwww.parc-eolien-coeur-medoc-energies.fr%2Fconcertation%2Fwp-content%2Fuploads%2F2022%2F11%2FPROJET-EOLIEN-LESPARRE-reunion-19-11-2022.pdf|title:Dossier%20de%20concertation|target:_blank\u00a0\u00bb][\/vc_column_inner][\/vc_row_inner][vc_row_inner content_placement=\u00a0\u00bbmiddle\u00a0\u00bb el_class=\u00a0\u00bbdocumentation-item\u00a0\u00bb][vc_column_inner width=\u00a0\u00bb3\/4&Prime;][vc_column_text]<\/p>\n<h5>Foire Aux Questions (F.A.Q.) &#8211; version du 31 mars 2023<\/h5>\n<p>[\/vc_column_text][\/vc_column_inner][vc_column_inner width=\u00a0\u00bb1\/4&Prime;][vc_btn title=\u00a0\u00bbT\u00e9l\u00e9charger\u00a0\u00bb align=\u00a0\u00bbcenter\u00a0\u00bb i_align=\u00a0\u00bbright\u00a0\u00bb i_icon_fontawesome=\u00a0\u00bbfar fa-file-pdf\u00a0\u00bb add_icon=\u00a0\u00bbtrue\u00a0\u00bb el_class=\u00a0\u00bbbtn-blue\u00a0\u00bb link=\u00a0\u00bburl:https%3A%2F%2Fwww.parc-eolien-coeur-medoc-energies.fr%2Fconcertation%2Fwp-content%2Fuploads%2F2023%2F03%2FAnnexe-1_Foire-aux-questions.pdf|title:FAQ|target:_blank\u00a0\u00bb][\/vc_column_inner][\/vc_row_inner][vc_row_inner content_placement=\u00a0\u00bbmiddle\u00a0\u00bb el_class=\u00a0\u00bbdocumentation-item\u00a0\u00bb][vc_column_inner width=\u00a0\u00bb3\/4&Prime;][vc_column_text]<\/p>\n<h5>Vid\u00e9os du projet en r\u00e9alit\u00e9 virtuelle (360\u00b0)<\/h5>\n<p>[\/vc_column_text][\/vc_column_inner][vc_column_inner width=\u00a0\u00bb1\/4&Prime;][vc_btn title=\u00a0\u00bbVisionner\u00a0\u00bb align=\u00a0\u00bbcenter\u00a0\u00bb i_align=\u00a0\u00bbright\u00a0\u00bb i_icon_fontawesome=\u00a0\u00bbfar fa-play-circle\u00a0\u00bb add_icon=\u00a0\u00bbtrue\u00a0\u00bb el_class=\u00a0\u00bbbtn-blue\u00a0\u00bb link=\u00a0\u00bburl:https%3A%2F%2Fwww.youtube.com%2Fplaylist%3Flist%3DPLZ3s9UxHqyLE3leXiP3b_RYP7g2noiX7L|title:video|target:_blank\u00a0\u00bb][\/vc_column_inner][\/vc_row_inner][vc_row_inner content_placement=\u00a0\u00bbmiddle\u00a0\u00bb el_class=\u00a0\u00bbdocumentation-item\u00a0\u00bb][vc_column_inner width=\u00a0\u00bb3\/4&Prime;][vc_column_text]<\/p>\n<h5 style=\"font-weight: 400;\">Bilan des garants<\/h5>\n<p>[\/vc_column_text][\/vc_column_inner][vc_column_inner width=\u00a0\u00bb1\/4&Prime;][vc_btn title=\u00a0\u00bbT\u00e9l\u00e9charger les annexes du bilan\u00a0\u00bb align=\u00a0\u00bbcenter\u00a0\u00bb i_align=\u00a0\u00bbright\u00a0\u00bb i_icon_fontawesome=\u00a0\u00bbfar fa-file-pdf\u00a0\u00bb add_icon=\u00a0\u00bbtrue\u00a0\u00bb el_class=\u00a0\u00bbbtn-blue\u00a0\u00bb link=\u00a0\u00bburl:https%3A%2F%2Fwww.parc-eolien-coeur-medoc-energies.fr%2Fconcertation%2Fwp-content%2Fuploads%2F2023%2F01%2FANNEXES-Bilan-des-garants.pdf|title:annexes%20du%20bilan%20des%20garants|target:_blank\u00a0\u00bb][vc_btn title=\u00a0\u00bbT\u00e9l\u00e9charger le bilan des garants\u00a0\u00bb align=\u00a0\u00bbcenter\u00a0\u00bb i_align=\u00a0\u00bbright\u00a0\u00bb i_icon_fontawesome=\u00a0\u00bbfar fa-file-pdf\u00a0\u00bb add_icon=\u00a0\u00bbtrue\u00a0\u00bb el_class=\u00a0\u00bbbtn-blue\u00a0\u00bb link=\u00a0\u00bburl:https%3A%2F%2Fwww.parc-eolien-coeur-medoc-energies.fr%2Fconcertation%2Fwp-content%2Fuploads%2F2023%2F01%2FBilan-des-garants_Janvier-2023.pdf|title:bilan%20des%20garants|target:_blank\u00a0\u00bb][\/vc_column_inner][\/vc_row_inner][vc_row_inner content_placement=\u00a0\u00bbtop\u00a0\u00bb el_class=\u00a0\u00bbdocumentation-item\u00a0\u00bb][vc_column_inner width=\u00a0\u00bb2\/3&Prime;][vc_column_text css=\u00a0\u00bb.vc_custom_1680188141417{padding-top: 15px !important;}\u00a0\u00bb]<\/p>\n<h5 style=\"font-weight: 400;\">Les bilans du ma\u00eetre d&rsquo;ouvrage et annexes<\/h5>\n<p>[\/vc_column_text][\/vc_column_inner][vc_column_inner width=\u00a0\u00bb1\/3&Prime;][vc_btn title=\u00a0\u00bbT\u00e9l\u00e9charger le bilan du ma\u00eetre d\u2019ouvrage\u00a0\u00bb align=\u00a0\u00bbcenter\u00a0\u00bb i_align=\u00a0\u00bbright\u00a0\u00bb i_icon_fontawesome=\u00a0\u00bbfar fa-file-pdf\u00a0\u00bb add_icon=\u00a0\u00bbtrue\u00a0\u00bb el_class=\u00a0\u00bbbtn-blue\u00a0\u00bb link=\u00a0\u00bburl:https%3A%2F%2Fwww.parc-eolien-coeur-medoc-energies.fr%2Fconcertation%2Fwp-content%2Fuploads%2F2023%2F03%2FBilan-du-maitre-douvrage_Concertation-Lesparre-Medoc.pdf|title:bilan%20des%20maitre%20d&rsquo;ouvrage|target:_blank\u00a0\u00bb][vc_btn title=\u00a0\u00bbAnnexe 1 : Foire Aux Questions (F.A.Q.)\u00a0\u00bb align=\u00a0\u00bbcenter\u00a0\u00bb i_align=\u00a0\u00bbright\u00a0\u00bb i_icon_fontawesome=\u00a0\u00bbfar fa-file-pdf\u00a0\u00bb add_icon=\u00a0\u00bbtrue\u00a0\u00bb el_class=\u00a0\u00bbbtn-blue\u00a0\u00bb link=\u00a0\u00bburl:https%3A%2F%2Fwww.parc-eolien-coeur-medoc-energies.fr%2Fconcertation%2Fwp-content%2Fuploads%2F2023%2F03%2FAnnexe-1_Foire-aux-questions.pdf|title:Annexe%201%20%3A%20Foire%20Aux%20Questions%20(F.A.Q.)|target:_blank\u00a0\u00bb][vc_btn title=\u00a0\u00bbAnnexe 2 : Compte-rendu de la phase de pr\u00e9paration\u00a0\u00bb align=\u00a0\u00bbcenter\u00a0\u00bb i_align=\u00a0\u00bbright\u00a0\u00bb i_icon_fontawesome=\u00a0\u00bbfar fa-file-pdf\u00a0\u00bb add_icon=\u00a0\u00bbtrue\u00a0\u00bb el_class=\u00a0\u00bbbtn-blue\u00a0\u00bb link=\u00a0\u00bburl:https%3A%2F%2Fwww.parc-eolien-coeur-medoc-energies.fr%2Fconcertation%2Fwp-content%2Fuploads%2F2023%2F03%2FAnnexe-2_Compte-rendu-phase-preparatoire-mai-2022.pdf|title:Annexe%202%20%3A%20Compte-rendu%20de%20la%20phase%20de%20pr%C3%A9paration|target:_blank\u00a0\u00bb][vc_btn title=\u00a0\u00bbAnnexe 3 : Note de vent\u00a0\u00bb align=\u00a0\u00bbcenter\u00a0\u00bb i_align=\u00a0\u00bbright\u00a0\u00bb i_icon_fontawesome=\u00a0\u00bbfar fa-file-pdf\u00a0\u00bb add_icon=\u00a0\u00bbtrue\u00a0\u00bb el_class=\u00a0\u00bbbtn-blue\u00a0\u00bb link=\u00a0\u00bburl:https%3A%2F%2Fwww.parc-eolien-coeur-medoc-energies.fr%2Fconcertation%2Fwp-content%2Fuploads%2F2023%2F03%2FAnnexe-3_Note-vent.pdf|title:Annexe%203%20%3A%20Note%20de%20vent|target:_blank\u00a0\u00bb][\/vc_column_inner][\/vc_row_inner][vc_column_text]<\/p>\n<h2 style=\"color: #fff;\">Les comptes-rendus de r\u00e9union<\/h2>\n<p>[\/vc_column_text][vc_row_inner content_placement=\u00a0\u00bbmiddle\u00a0\u00bb el_class=\u00a0\u00bbdocumentation-item\u00a0\u00bb][vc_column_inner width=\u00a0\u00bb3\/4&Prime;][vc_column_text]<\/p>\n<h5>Compte-rendu de la r\u00e9union publique d\u2019ouverture<\/h5>\n<p>[\/vc_column_text][\/vc_column_inner][vc_column_inner width=\u00a0\u00bb1\/4&Prime;][vc_btn title=\u00a0\u00bbT\u00e9l\u00e9charger\u00a0\u00bb align=\u00a0\u00bbcenter\u00a0\u00bb i_align=\u00a0\u00bbright\u00a0\u00bb i_icon_fontawesome=\u00a0\u00bbfar fa-file-pdf\u00a0\u00bb add_icon=\u00a0\u00bbtrue\u00a0\u00bb el_class=\u00a0\u00bbbtn-blue\u00a0\u00bb link=\u00a0\u00bburl:https%3A%2F%2Fwww.parc-eolien-coeur-medoc-energies.fr%2Fconcertation%2Fwp-content%2Fuploads%2F2022%2F11%2FCompte-rendu_Reunion-douverture-19-octobre.-pdf.pdf|title:CR%20R%C3%A9union%20publique%20ouverture|target:_blank\u00a0\u00bb][\/vc_column_inner][\/vc_row_inner][vc_row_inner content_placement=\u00a0\u00bbmiddle\u00a0\u00bb el_class=\u00a0\u00bbdocumentation-item\u00a0\u00bb][vc_column_inner width=\u00a0\u00bb3\/4&Prime;][vc_column_text]<\/p>\n<h5>Table-ronde sur le mix \u00e9nerg\u00e9tique de Nouvelle-Aquitaine<\/h5>\n<p>[\/vc_column_text][\/vc_column_inner][vc_column_inner width=\u00a0\u00bb1\/4&Prime;][vc_btn title=\u00a0\u00bbVisionner\u00a0\u00bb align=\u00a0\u00bbcenter\u00a0\u00bb i_align=\u00a0\u00bbright\u00a0\u00bb i_icon_fontawesome=\u00a0\u00bbfar fa-play-circle\u00a0\u00bb add_icon=\u00a0\u00bbtrue\u00a0\u00bb el_class=\u00a0\u00bbbtn-blue\u00a0\u00bb link=\u00a0\u00bburl:https%3A%2F%2Fwww.parc-eolien-coeur-medoc-energies.fr%2Fconcertation%2Fwp-content%2Fuploads%2F2022%2F11%2FTable-ronde-8-novembre.mp4|title:Table%20ronde|target:_blank\u00a0\u00bb][\/vc_column_inner][\/vc_row_inner][vc_row_inner content_placement=\u00a0\u00bbmiddle\u00a0\u00bb el_class=\u00a0\u00bbdocumentation-item\u00a0\u00bb][vc_column_inner width=\u00a0\u00bb3\/4&Prime;][vc_column_text]<\/p>\n<h5 style=\"font-weight: 400;\">Compte-rendu de la r\u00e9union d\u00e9couverte sur site du 19 novembre<\/h5>\n<p>[\/vc_column_text][\/vc_column_inner][vc_column_inner width=\u00a0\u00bb1\/4&Prime;][vc_btn title=\u00a0\u00bbT\u00e9l\u00e9charger\u00a0\u00bb align=\u00a0\u00bbcenter\u00a0\u00bb i_align=\u00a0\u00bbright\u00a0\u00bb i_icon_fontawesome=\u00a0\u00bbfar fa-file-pdf\u00a0\u00bb add_icon=\u00a0\u00bbtrue\u00a0\u00bb el_class=\u00a0\u00bbbtn-blue\u00a0\u00bb link=\u00a0\u00bburl:https%3A%2F%2Fwww.parc-eolien-coeur-medoc-energies.fr%2Fconcertation%2Fwp-content%2Fuploads%2F2022%2F11%2FCompte-rendu_Reunion-decouverte-1911.pdf|title:r%C3%A9union%20sur%20site|target:_blank\u00a0\u00bb][\/vc_column_inner][\/vc_row_inner][vc_row_inner content_placement=\u00a0\u00bbmiddle\u00a0\u00bb el_class=\u00a0\u00bbdocumentation-item\u00a0\u00bb][vc_column_inner width=\u00a0\u00bb3\/4&Prime;][vc_column_text]<\/p>\n<h5 style=\"font-weight: 400;\">Compte-rendu des rencontres de proximit\u00e9 sur le march\u00e9 de Lesparre le 22\/10 et au centre commercial Terre-Rouge, le 24\/11<\/h5>\n<p>[\/vc_column_text][\/vc_column_inner][vc_column_inner width=\u00a0\u00bb1\/4&Prime;][vc_btn title=\u00a0\u00bbT\u00e9l\u00e9charger\u00a0\u00bb align=\u00a0\u00bbcenter\u00a0\u00bb i_align=\u00a0\u00bbright\u00a0\u00bb i_icon_fontawesome=\u00a0\u00bbfar fa-file-pdf\u00a0\u00bb add_icon=\u00a0\u00bbtrue\u00a0\u00bb el_class=\u00a0\u00bbbtn-blue\u00a0\u00bb link=\u00a0\u00bburl:https%3A%2F%2Fwww.parc-eolien-coeur-medoc-energies.fr%2Fconcertation%2Fwp-content%2Fuploads%2F2022%2F12%2FCompte-rendu_Atelier-1-Cadre-de-vie.pdf|title:r%C3%A9union%20sur%20site|target:_blank\u00a0\u00bb][\/vc_column_inner][\/vc_row_inner][vc_row_inner content_placement=\u00a0\u00bbmiddle\u00a0\u00bb el_class=\u00a0\u00bbdocumentation-item\u00a0\u00bb][vc_column_inner width=\u00a0\u00bb3\/4&Prime;][vc_column_text]<\/p>\n<h5 style=\"font-weight: 400;\">Compte-rendu de l&rsquo;atelier N\u00b01 du 24 novembre : \u00ab\u00a0Quels impacts sur le cadre de vie ?\u00a0\u00bb<\/h5>\n<p>[\/vc_column_text][\/vc_column_inner][vc_column_inner width=\u00a0\u00bb1\/4&Prime;][vc_btn title=\u00a0\u00bbT\u00e9l\u00e9charger\u00a0\u00bb align=\u00a0\u00bbcenter\u00a0\u00bb i_align=\u00a0\u00bbright\u00a0\u00bb i_icon_fontawesome=\u00a0\u00bbfar fa-file-pdf\u00a0\u00bb add_icon=\u00a0\u00bbtrue\u00a0\u00bb el_class=\u00a0\u00bbbtn-blue\u00a0\u00bb link=\u00a0\u00bburl:https%3A%2F%2Fwww.parc-eolien-coeur-medoc-energies.fr%2Fconcertation%2Fwp-content%2Fuploads%2F2022%2F12%2FCompte-rendu_Atelier-1-Cadre-de-vie-1.pdf|title:r%C3%A9union%20sur%20site|target:_blank\u00a0\u00bb][\/vc_column_inner][\/vc_row_inner][vc_row_inner content_placement=\u00a0\u00bbmiddle\u00a0\u00bb el_class=\u00a0\u00bbdocumentation-item\u00a0\u00bb][vc_column_inner width=\u00a0\u00bb3\/4&Prime;][vc_column_text]<\/p>\n<h5 style=\"font-weight: 400;\">Compte-rendu de l\u2019atelier n\u00b02 du 29 novembre : \u00ab\u00a0Quels impacts sur l\u2019environnement ?\u00a0\u00bb<\/h5>\n<p>[\/vc_column_text][\/vc_column_inner][vc_column_inner width=\u00a0\u00bb1\/4&Prime;][vc_btn title=\u00a0\u00bbT\u00e9l\u00e9charger\u00a0\u00bb align=\u00a0\u00bbcenter\u00a0\u00bb i_align=\u00a0\u00bbright\u00a0\u00bb i_icon_fontawesome=\u00a0\u00bbfar fa-file-pdf\u00a0\u00bb add_icon=\u00a0\u00bbtrue\u00a0\u00bb el_class=\u00a0\u00bbbtn-blue\u00a0\u00bb link=\u00a0\u00bburl:https%3A%2F%2Fwww.parc-eolien-coeur-medoc-energies.fr%2Fconcertation%2Fwp-content%2Fuploads%2F2022%2F12%2FCompte-rendu_Atelier-2-Environnement-1.pdf|title:CR%20atelier%202|target:_blank\u00a0\u00bb][\/vc_column_inner][\/vc_row_inner][vc_row_inner content_placement=\u00a0\u00bbmiddle\u00a0\u00bb el_class=\u00a0\u00bbdocumentation-item\u00a0\u00bb][vc_column_inner width=\u00a0\u00bb3\/4&Prime;][vc_column_text]<\/p>\n<h5 style=\"font-weight: 400;\">Compte-rendu de l\u2019atelier n\u00b03 du 5 d\u00e9cembre : \u00ab\u00a0Quels sc\u00e9narios d&rsquo;implantation ?\u00a0\u00bb<\/h5>\n<p>[\/vc_column_text][\/vc_column_inner][vc_column_inner width=\u00a0\u00bb1\/4&Prime;][vc_btn title=\u00a0\u00bbT\u00e9l\u00e9charger\u00a0\u00bb align=\u00a0\u00bbcenter\u00a0\u00bb i_align=\u00a0\u00bbright\u00a0\u00bb i_icon_fontawesome=\u00a0\u00bbfar fa-file-pdf\u00a0\u00bb add_icon=\u00a0\u00bbtrue\u00a0\u00bb el_class=\u00a0\u00bbbtn-blue\u00a0\u00bb link=\u00a0\u00bburl:https%3A%2F%2Fwww.parc-eolien-coeur-medoc-energies.fr%2Fconcertation%2Fwp-content%2Fuploads%2F2023%2F01%2FCompte-rendu_Atelier-3-scenarios-0512.pdf|title:CR%20atelier%202|target:_blank\u00a0\u00bb][\/vc_column_inner][\/vc_row_inner][vc_row_inner content_placement=\u00a0\u00bbmiddle\u00a0\u00bb el_class=\u00a0\u00bbdocumentation-item\u00a0\u00bb][vc_column_inner width=\u00a0\u00bb3\/4&Prime;][vc_column_text]<\/p>\n<h5 style=\"font-weight: 400;\">Compte-rendu de la r\u00e9union publique de cl\u00f4ture<\/h5>\n<p>[\/vc_column_text][\/vc_column_inner][vc_column_inner width=\u00a0\u00bb1\/4&Prime;][vc_btn title=\u00a0\u00bbT\u00e9l\u00e9charger\u00a0\u00bb align=\u00a0\u00bbcenter\u00a0\u00bb i_align=\u00a0\u00bbright\u00a0\u00bb i_icon_fontawesome=\u00a0\u00bbfar fa-file-pdf\u00a0\u00bb add_icon=\u00a0\u00bbtrue\u00a0\u00bb el_class=\u00a0\u00bbbtn-blue\u00a0\u00bb link=\u00a0\u00bburl:https%3A%2F%2Fwww.parc-eolien-coeur-medoc-energies.fr%2Fconcertation%2Fwp-content%2Fuploads%2F2023%2F01%2FCompte-rendu_Reunion-de-cloture-19-decembre-.pdf|title:CR%20cloture|target:_blank\u00a0\u00bb][\/vc_column_inner][\/vc_row_inner][vc_column_text]<\/p>\n<h2 style=\"color: #fff;\">Ressources bibliographiques<\/h2>\n<p>[\/vc_column_text][vc_row_inner content_placement=\u00a0\u00bbmiddle\u00a0\u00bb el_class=\u00a0\u00bbdocumentation-item\u00a0\u00bb][vc_column_inner width=\u00a0\u00bb3\/4&Prime;][vc_column_text]<\/p>\n<h5>Le rapport RTE \u00ab\u00a0Futurs \u00e9nerg\u00e9tiques 2050\u00a0\u00bb<\/h5>\n<p>[\/vc_column_text][\/vc_column_inner][vc_column_inner width=\u00a0\u00bb1\/4&Prime;][vc_btn title=\u00a0\u00bbT\u00e9l\u00e9charger\u00a0\u00bb align=\u00a0\u00bbcenter\u00a0\u00bb i_align=\u00a0\u00bbright\u00a0\u00bb i_icon_fontawesome=\u00a0\u00bbfar fa-file-pdf\u00a0\u00bb add_icon=\u00a0\u00bbtrue\u00a0\u00bb el_class=\u00a0\u00bbbtn-blue\u00a0\u00bb link=\u00a0\u00bburl:https%3A%2F%2Fwww.parc-eolien-coeur-medoc-energies.fr%2Fconcertation%2Fwp-content%2Fuploads%2F2022%2F09%2FFuturs-energetiques-2050-_-rapport-complet.pdf|title:Le%20rapport%20RTE%20%C2%AB%C2%A0Futurs%20%C3%A9nerg%C3%A9tiques%202050%C2%A0%C2%BB|target:_blank\u00a0\u00bb][\/vc_column_inner][\/vc_row_inner][vc_row_inner content_placement=\u00a0\u00bbmiddle\u00a0\u00bb el_class=\u00a0\u00bbdocumentation-item\u00a0\u00bb][vc_column_inner width=\u00a0\u00bb3\/4&Prime;][vc_column_text]<\/p>\n<h5>Rapport ADEME \u00ab\u00a0Transitions 2050\u00a0\u00bb<\/h5>\n<p>[\/vc_column_text][\/vc_column_inner][vc_column_inner width=\u00a0\u00bb1\/4&Prime;][vc_btn title=\u00a0\u00bbT\u00e9l\u00e9charger\u00a0\u00bb align=\u00a0\u00bbcenter\u00a0\u00bb i_align=\u00a0\u00bbright\u00a0\u00bb i_icon_fontawesome=\u00a0\u00bbfar fa-file-pdf\u00a0\u00bb add_icon=\u00a0\u00bbtrue\u00a0\u00bb el_class=\u00a0\u00bbbtn-blue\u00a0\u00bb link=\u00a0\u00bburl:https%3A%2F%2Fwww.parc-eolien-coeur-medoc-energies.fr%2Fconcertation%2Fwp-content%2Fuploads%2F2022%2F09%2Ftransitions2050-rapport-compresse.pdf|title:Rapport%20ADEME%20%22Transitions%202050%22|target:_blank\u00a0\u00bb][\/vc_column_inner][\/vc_row_inner][vc_row_inner content_placement=\u00a0\u00bbmiddle\u00a0\u00bb el_class=\u00a0\u00bbdocumentation-item\u00a0\u00bb][vc_column_inner width=\u00a0\u00bb3\/4&Prime;][vc_column_text]<\/p>\n<h5>Synth\u00e8se du sc\u00e9nario n\u00e9gaWatt 2022<\/h5>\n<p>[\/vc_column_text][\/vc_column_inner][vc_column_inner width=\u00a0\u00bb1\/4&Prime;][vc_btn title=\u00a0\u00bbT\u00e9l\u00e9charger\u00a0\u00bb align=\u00a0\u00bbcenter\u00a0\u00bb i_align=\u00a0\u00bbright\u00a0\u00bb i_icon_fontawesome=\u00a0\u00bbfar fa-file-pdf\u00a0\u00bb add_icon=\u00a0\u00bbtrue\u00a0\u00bb el_class=\u00a0\u00bbbtn-blue\u00a0\u00bb link=\u00a0\u00bburl:https%3A%2F%2Fwww.parc-eolien-coeur-medoc-energies.fr%2Fconcertation%2Fwp-content%2Fuploads%2F2022%2F09%2Fsynthese-scenario-negawatt-2022.pdf|title:Synth%C3%A8se%20du%20sc%C3%A9nario%20n%C3%A9gaWatt%202022|target:_blank\u00a0\u00bb][\/vc_column_inner][\/vc_row_inner][vc_row_inner content_placement=\u00a0\u00bbmiddle\u00a0\u00bb el_class=\u00a0\u00bbdocumentation-item\u00a0\u00bb][vc_column_inner width=\u00a0\u00bb3\/4&Prime;][vc_column_text]<\/p>\n<h5>Le rapport et conclusions d\u2019enqu\u00eate publique 2019<\/h5>\n<p>[\/vc_column_text][\/vc_column_inner][vc_column_inner width=\u00a0\u00bb1\/4&Prime;][vc_btn title=\u00a0\u00bbT\u00e9l\u00e9charger\u00a0\u00bb align=\u00a0\u00bbcenter\u00a0\u00bb i_align=\u00a0\u00bbright\u00a0\u00bb i_icon_fontawesome=\u00a0\u00bbfar fa-file-pdf\u00a0\u00bb add_icon=\u00a0\u00bbtrue\u00a0\u00bb el_class=\u00a0\u00bbbtn-blue\u00a0\u00bb link=\u00a0\u00bburl:https%3A%2F%2Fwww.parc-eolien-coeur-medoc-energies.fr%2Fconcertation%2Fwp-content%2Fuploads%2F2022%2F11%2FRapport-enquete-publique-2019.pdf|title:Rapport%20enqu%C3%AAte%20publique%202019|target:_blank\u00a0\u00bb][\/vc_column_inner][\/vc_row_inner][vc_row_inner content_placement=\u00a0\u00bbmiddle\u00a0\u00bb el_class=\u00a0\u00bbdocumentation-item\u00a0\u00bb][vc_column_inner width=\u00a0\u00bb3\/4&Prime;][vc_column_text]<\/p>\n<h5>L\u2019\u00e9nergie en Gironde : panorama en chiffres (ALEC Gironde, 2020)<\/h5>\n<p>[\/vc_column_text][\/vc_column_inner][vc_column_inner width=\u00a0\u00bb1\/4&Prime;][vc_btn title=\u00a0\u00bbT\u00e9l\u00e9charger\u00a0\u00bb align=\u00a0\u00bbcenter\u00a0\u00bb i_align=\u00a0\u00bbright\u00a0\u00bb i_icon_fontawesome=\u00a0\u00bbfar fa-file-pdf\u00a0\u00bb add_icon=\u00a0\u00bbtrue\u00a0\u00bb el_class=\u00a0\u00bbbtn-blue\u00a0\u00bb link=\u00a0\u00bburl:https%3A%2F%2Fwww.parc-eolien-coeur-medoc-energies.fr%2Fconcertation%2Fwp-content%2Fuploads%2F2022%2F11%2FPanorama-energie-ALEC-Gironde.pdf|title:Panorama%20en%20chiffres|target:_blank\u00a0\u00bb][\/vc_column_inner][\/vc_row_inner][vc_row_inner content_placement=\u00a0\u00bbmiddle\u00a0\u00bb el_class=\u00a0\u00bbdocumentation-item\u00a0\u00bb][vc_column_inner width=\u00a0\u00bb3\/4&Prime;][vc_column_text]<\/p>\n<h5>Evaluation des effets sanitaires des basses fr\u00e9quences sonores et infrasons dus aux parc \u00e9oliens. Avis et rapport de l&rsquo;Agence nationale de s\u00e9curit\u00e9 sanitaire, de l&rsquo;alimentation, de l&rsquo;environnement et du travail (Anses &#8211; mars 2017, 283 pages)<\/h5>\n<p>[\/vc_column_text][\/vc_column_inner][vc_column_inner width=\u00a0\u00bb1\/4&Prime;][vc_btn title=\u00a0\u00bbT\u00e9l\u00e9charger\u00a0\u00bb align=\u00a0\u00bbcenter\u00a0\u00bb i_align=\u00a0\u00bbright\u00a0\u00bb i_icon_fontawesome=\u00a0\u00bbfar fa-file-pdf\u00a0\u00bb add_icon=\u00a0\u00bbtrue\u00a0\u00bb el_class=\u00a0\u00bbbtn-blue\u00a0\u00bb link=\u00a0\u00bburl:https%3A%2F%2Fwww.parc-eolien-coeur-medoc-energies.fr%2Fconcertation%2Fwp-content%2Fuploads%2F2022%2F11%2FANSES-Effets-sanitaires-sonores-et-infrasons-eolien.pdf|title:Panorama%20en%20chiffres|target:_blank\u00a0\u00bb][\/vc_column_inner][\/vc_row_inner][vc_row_inner content_placement=\u00a0\u00bbmiddle\u00a0\u00bb el_class=\u00a0\u00bbdocumentation-item\u00a0\u00bb][vc_column_inner width=\u00a0\u00bb3\/4&Prime;][vc_column_text]<\/p>\n<h5>Imputabilit\u00e9 \u00e0 un champ \u00e9olien d&rsquo;effets rapport\u00e9s dans deux \u00e9levage bovins. Avis et rapport de l&rsquo;Agence nationale de s\u00e9curit\u00e9 sanitaire, de l&rsquo;alimentation, de l&rsquo;environnement et du travail (Anses &#8211; octobre 2021 &#8211; 219 pages)<\/h5>\n<p>[\/vc_column_text][\/vc_column_inner][vc_column_inner width=\u00a0\u00bb1\/4&Prime;][vc_btn title=\u00a0\u00bbT\u00e9l\u00e9charger\u00a0\u00bb align=\u00a0\u00bbcenter\u00a0\u00bb i_align=\u00a0\u00bbright\u00a0\u00bb i_icon_fontawesome=\u00a0\u00bbfar fa-file-pdf\u00a0\u00bb add_icon=\u00a0\u00bbtrue\u00a0\u00bb el_class=\u00a0\u00bbbtn-blue\u00a0\u00bb link=\u00a0\u00bburl:https%3A%2F%2Fwww.parc-eolien-coeur-medoc-energies.fr%2Fconcertation%2Fwp-content%2Fuploads%2F2022%2F11%2FANSES-effets-eolien-sur-elevage-bovin.pdf|title:Panorama%20en%20chiffres|target:_blank\u00a0\u00bb][\/vc_column_inner][\/vc_row_inner][vc_row_inner content_placement=\u00a0\u00bbmiddle\u00a0\u00bb el_class=\u00a0\u00bbdocumentation-item\u00a0\u00bb][vc_column_inner width=\u00a0\u00bb3\/4&Prime;][vc_column_text]<\/p>\n<h5>Rapport \u00ab\u00a0Nuisances sanitaires des \u00e9oliennes terrestres\u00a0\u00bb, Acad\u00e9mie de m\u00e9decine (mai 2017, 38 pages)<\/h5>\n<p>[\/vc_column_text][\/vc_column_inner][vc_column_inner width=\u00a0\u00bb1\/4&Prime;][vc_btn title=\u00a0\u00bbT\u00e9l\u00e9charger\u00a0\u00bb align=\u00a0\u00bbcenter\u00a0\u00bb i_align=\u00a0\u00bbright\u00a0\u00bb i_icon_fontawesome=\u00a0\u00bbfar fa-file-pdf\u00a0\u00bb add_icon=\u00a0\u00bbtrue\u00a0\u00bb el_class=\u00a0\u00bbbtn-blue\u00a0\u00bb link=\u00a0\u00bburl:https%3A%2F%2Fwww.parc-eolien-coeur-medoc-energies.fr%2Fconcertation%2Fwp-content%2Fuploads%2F2022%2F11%2FRapport-sur-les-eoliennes-M-Tran-ba-huy-version-3-mai-2017.pdf|title:Panorama%20en%20chiffres|target:_blank\u00a0\u00bb][\/vc_column_inner][\/vc_row_inner][vc_row_inner content_placement=\u00a0\u00bbmiddle\u00a0\u00bb el_class=\u00a0\u00bbdocumentation-item\u00a0\u00bb][vc_column_inner width=\u00a0\u00bb3\/4&Prime;][vc_column_text]<\/p>\n<h5 class=\"article-title\">\u00ab\u00a0\u00c7a Fait D\u00e9bat | M\u00e9doc : les \u00e9oliennes de la discorde\u00a0\u00bb TV7 &#8211; 29 novembre 2022 (vid\u00e9o &#8211; 27 min)<\/h5>\n<p>[\/vc_column_text][\/vc_column_inner][vc_column_inner width=\u00a0\u00bb1\/4&Prime;][vc_btn title=\u00a0\u00bbVoir la vid\u00e9o\u00a0\u00bb align=\u00a0\u00bbcenter\u00a0\u00bb i_align=\u00a0\u00bbright\u00a0\u00bb i_icon_fontawesome=\u00a0\u00bbfas fa-play-circle\u00a0\u00bb add_icon=\u00a0\u00bbtrue\u00a0\u00bb el_class=\u00a0\u00bbbtn-blue\u00a0\u00bb link=\u00a0\u00bburl:https%3A%2F%2Fwww.sudouest.fr%2Flachainetv7%2Finfos%2Fca-fait-debat%2Fvideos%2F2022%2F11%2F29%2Fql3vlp5|title:Ca%20fait%20d%C3%A9bat%20TV7|target:_blank\u00a0\u00bb][\/vc_column_inner][\/vc_row_inner][\/vc_column][\/vc_row][\/vc_section][vc_section el_id=\u00a0\u00bbje-participe\u00a0\u00bb css=\u00a0\u00bb.vc_custom_1664198450437{padding-bottom: 120px !important;background-color: #eff9fb !important;}\u00a0\u00bb][vc_row anchor=\u00a0\u00bbinscription\u00a0\u00bb][vc_column][vc_column_text]<\/p>\n<h1><b>Je participe<\/b><\/h1>\n<p>[\/vc_column_text][vc_column_text]<\/p>\n<h2><b>Je m\u2019inscris aux temps d\u2019\u00e9change<\/b><\/h2>\n<p>[\/vc_column_text][vc_column_text]<p>Ce formulaire est actuellement ferm\u00e9 pour les enregistrements.<\/p>[\/vc_column_text][vc_column_text]Vous pouvez consulter les mentions d\u2019information relatives aux donn\u00e9es collect\u00e9es \u00a0sur notre page de <a href=\"https:\/\/www.parc-eolien-coeur-medoc-energies.fr\/concertation\/mentions-legales\/\" target=\"_blank\" rel=\"noopener\">politique de confidentialit\u00e9<\/a>.[\/vc_column_text][\/vc_column][\/vc_row][vc_row anchor=\u00a0\u00bbcontribution\u00a0\u00bb][vc_column][vc_column_text]<\/p>\n<h2><b>Je contribue en ligne<\/b><\/h2>\n<p>[\/vc_column_text][vc_column_text]Ce formulaire est actuellement ferm\u00e9 pour les contributions en ligne.[\/vc_column_text][vc_column_text]Vous pouvez consulter les mentions d\u2019information relatives aux donn\u00e9es collect\u00e9es \u00a0sur notre page de <a href=\"https:\/\/www.parc-eolien-coeur-medoc-energies.fr\/concertation\/mentions-legales\/\" target=\"_blank\" rel=\"noopener\">politique de confidentialit\u00e9<\/a>.[\/vc_column_text][vc_row_inner][vc_column_inner][vc_column_text]<\/p>\n<h3>Cahiers d&rsquo;acteurs<\/h3>\n<p>[\/vc_column_text][vc_column_text]<\/p>\n<pre><a href=\"https:\/\/www.parc-eolien-coeur-medoc-energies.fr\/concertation\/wp-content\/uploads\/2022\/12\/Contributions-ACEVE.pdf\" target=\"_blank\" rel=\"noopener\">Contribution Association pour la Coh\u00e9rence Environnementale en ViennE (ACEVE)<\/a><\/pre>\n<p>[\/vc_column_text][vc_column_text]<\/p>\n<pre><a href=\"https:\/\/www.parc-eolien-coeur-medoc-energies.fr\/concertation\/wp-content\/uploads\/2022\/11\/intervention-VLF-Table-ronde-du-8-novembre-2022-Bordeaux-V5.pdf\" target=\"_blank\" rel=\"noopener\">Contribution Association Vive la For\u00eat<\/a><\/pre>\n<p>[\/vc_column_text][vc_column_text]<\/p>\n<pre><a href=\"https:\/\/www.parc-eolien-coeur-medoc-energies.fr\/concertation\/wp-content\/uploads\/2022\/11\/diaporama-VENT-DEBOUT-MEDOC-pour-ateliers-VALOREM-18p.pdf\" target=\"_blank\" rel=\"noopener\">Contribution Association Vent debout M\u00e9doc \u00e9oliennes<\/a><\/pre>\n<p>[\/vc_column_text][vc_column_text]<\/p>\n<pre><a href=\"https:\/\/www.parc-eolien-coeur-medoc-energies.fr\/concertation\/wp-content\/uploads\/formidable\/2\/20221229-debat-public-concertation-Lesparre-Medoc-1.pdf\" target=\"_blank\" rel=\"noopener\">Contribution Asso3D Association de d\u00e9fense du Val de Dronne et de la Double<\/a><\/pre>\n<p>[\/vc_column_text][vc_column_text]<\/p>\n<pre><a href=\"https:\/\/www.parc-eolien-coeur-medoc-energies.fr\/concertation\/wp-content\/uploads\/formidable\/2\/Eolien-Lesparre-2022_Contribution_SEPANSO33.pdf\" target=\"_blank\" rel=\"noopener\">Contribution SEPANSO Gironde<\/a><\/pre>\n<p>[\/vc_column_text][vc_column_text]<\/p>\n<pre><a href=\"https:\/\/www.parc-eolien-coeur-medoc-energies.fr\/concertation\/wp-content\/uploads\/formidable\/2\/Fin-concertation.pdf\" target=\"_blank\" rel=\"noopener\">Contribution Collectif vent Debout M\u00e9doc \/ Association Nature et D\u00e9placements au Coeur du M\u00e9doc<\/a><\/pre>\n<p>[\/vc_column_text][\/vc_column_inner][\/vc_row_inner][vc_row_inner][vc_column_inner][vc_column_text]<\/p>\n<h3>Avis\/Contributions<\/h3>\n<div class=\"faq-accordion \" id=\"faq-accordion-1\" data-accordion-group data-conf=\"{&quot;single_open&quot;:&quot;true&quot;,&quot;transition_speed&quot;:300}\">\n\t\t\t\t\t\t\t<div data-accordion class=\"faq-main\">\n\t\t\t\t\t<div data-control class=\"faq-title\">\n\t\t\t\t\t\t<h4>Jos\u00e9 CERRA<\/h4>\n\t\t\t\t\t<\/div>\n\t\t\t\t\t<div data-content>\n\t\t\t\t\t\t\t\t\t\t\t\t<div class=\"faq-content\"><p>D\u00e9valorisation de l&rsquo;habitat proche d&rsquo;un part \u00e9olien :<br \/>\nL&rsquo;ADEME dit, selon elle, que la valeur des biens immobiliers serait d\u00e9valoris\u00e9e de 1,5 \u00e0 5 % en fonction de certains param\u00e8tres.<br \/>\nPour ma part, sur des actes notari\u00e9s que j&rsquo;ai pu consulter sur internet, j&rsquo;ai vu 15 \u00e0 30 % de d\u00e9valorisation selon la distance la hauteur, le bruit et la vue des \u00e9oliennes.<br \/>\nDe plus dans notre secteur, il faudrait prendre en compte aussi le risque patent d&rsquo;incendies (soulign\u00e9 en son temps, par le commissaire enqu\u00eateur qui indique que la pr\u00e9sence d&rsquo;\u00e9oliennes de 210 m\u00e8tres de haut au sein d&rsquo;un massif bois\u00e9 rend inefficaces les moyens de lutte a\u00e9riens contre l&rsquo;incendie dans la for\u00eat environnante et permet difficilement de garantir la s\u00e9curit\u00e9 des personnes et des biens face \u00e0 l&rsquo;incendie). Quoiqu&rsquo;il en soit, m\u00eame si on prend la d\u00e9valuation cit\u00e9e par l&rsquo;ADEME de 5 %, on se demande pourquoi nous devrions supporter une d\u00e9cote sur un bien de 300.000 euros, soit 15.000 euros de perte, alors que certains feront des op\u00e9rations juteuses. O\u00f9 est le respect des personnes qui vivent en ces lieux qui seraient spoli\u00e9es d&rsquo;une partie de leur patrimoine, cela s&rsquo;appliquerait \u00e0 environ plusieurs dizaines de maisons dans un secteur de 900 m\u00e8tres \u00e0 3 kms.<\/p>\n<\/div>\n\t\t\t\t\t<\/div>\n\t\t\t\t<\/div>\n\t\t\t\t\t\t\t<div data-accordion class=\"faq-main\">\n\t\t\t\t\t<div data-control class=\"faq-title\">\n\t\t\t\t\t\t<h4>Didier RICHARD<\/h4>\n\t\t\t\t\t<\/div>\n\t\t\t\t\t<div data-content>\n\t\t\t\t\t\t\t\t\t\t\t\t<div class=\"faq-content\"><p>Pour cl\u00f4turer ma participation a cette concertation pr\u00e9alable post enqu\u00eate publique je vous fais part d un \u00e9ni\u00e8me incendie d \u00e9olienne survenu cette ann\u00e9e en Europe( dont trois en France a Coole, Bourbiac , St Germainmont). C est en effet dans la nuit du 28 au 29 d\u00e9c. 2022 qu&rsquo;une \u00e9olienne a pris feu a Losheim en allemagne . je vous livre la traduction partielle (merci Google) d un article de journal qui relate les faits:<br \/>\n\u00ab\u00a0Travaux d&rsquo;extinction impossibles &#8211; \u00e9olienne incendi\u00e9e<br \/>\nSelon la police, un d\u00e9faut technique serait \u00e0 l&rsquo;origine de l&rsquo;incendie. Selon les premi\u00e8res constatations, il n&rsquo;y a pas eu de bless\u00e9s, bien que de plus petits d\u00e9bris soient \u00e9galement tomb\u00e9s sur la route L377 \u00e0 proximit\u00e9. Selon les estimations, les dommages se situent dans la fourchette \u00e0 six chiffres.<br \/>\nDes vents forts avec des vitesses allant jusqu&rsquo;\u00e0 70 kilom\u00e8tres \u00e0 l&rsquo;heure ont rendu le travail des pompiers plus difficile, qui, selon leurs propres d\u00e9clarations,\u00a0\u00bb ne peuvent pas faire grand-chose dans de tels cas de toute fa\u00e7on en raison de l&rsquo;\u00e9tendue de l&rsquo;incendie. \u00ab\u00a0Les mesures prises par les sapeurs-pompiers doivent se limiter \u00e0 un bouclage \u00e0 grande \u00e9chelle et \u00e0 la lutte contre les incendies ult\u00e9rieurs provoqu\u00e9s par la chute de d\u00e9bris au sol\u00a0\u00bb, pr\u00e9cisent les sapeurs-pompiers de Losheim dans leur communiqu\u00e9. L&rsquo;incendie \u00e9tant visible de loin, une quarantaine d&rsquo;appels d&rsquo;urgence ont \u00e9t\u00e9 re\u00e7us.\u00a0\u00bb<br \/>\nhttps:\/\/www.wort.lu\/de\/international\/windrad-in-losheim-am-see-in-brand-geraten-63ad78bcde135b9236a105c7<br \/>\nCette \u00e9olienne \u00e9tait situ\u00e9e dans un champ agricole a proximit\u00e9 de la route reliant les villages de Losheim et Rissenthal . Cette situation g\u00e9ographique dans un champ probablement vide de culture a cette saison a permis de limiter le bilan a des d\u00e9g\u00e2ts mat\u00e9riels :la perte de l \u00e9olienne. On peut raisonnablement se poser la question du bilan si cet incident avait eu lieu dans une foret de pins maritimes de plusieurs dizaines de km2 comme la notre en saison estivale.<br \/>\nPersonnellement je doute de que dans ce cas de figure que des poches \u00e0 eau et le courage et le sacrifice de nos pompiers auraient suffit&#8230;.<\/p>\n<\/div>\n\t\t\t\t\t<\/div>\n\t\t\t\t<\/div>\n\t\t\t\t\t\t\t<div data-accordion class=\"faq-main\">\n\t\t\t\t\t<div data-control class=\"faq-title\">\n\t\t\t\t\t\t<h4>Sophie MARCHAND<\/h4>\n\t\t\t\t\t<\/div>\n\t\t\t\t\t<div data-content>\n\t\t\t\t\t\t\t\t\t\t\t\t<div class=\"faq-content\"><p>Bonjour,<br \/>\nMa contribution est d\u00e9pos\u00e9e dans un fichier <a href=\"https:\/\/www.parc-eolien-coeur-medoc-energies.fr\/concertation\/wp-content\/uploads\/formidable\/2\/CONTRIBUTION-PARC-EOLIEN-LESPARRE-MEDOC.pdf\">PDF<\/a><\/p>\n<p>&nbsp;<\/p>\n<\/div>\n\t\t\t\t\t<\/div>\n\t\t\t\t<\/div>\n\t\t\t\t\t\t\t<div data-accordion class=\"faq-main\">\n\t\t\t\t\t<div data-control class=\"faq-title\">\n\t\t\t\t\t\t<h4>Dominique BROCHARD<\/h4>\n\t\t\t\t\t<\/div>\n\t\t\t\t\t<div data-content>\n\t\t\t\t\t\t\t\t\t\t\t\t<div class=\"faq-content\"><p>Petit historique:<\/p>\n<p>2012 vos premi\u00e8res prospections et int\u00e9ressement au site.<\/p>\n<p>2019 votre premier projet largement refus\u00e9 par les acteurs locaux ( riverains, associations et autres )<\/p>\n<p>2020 retrait du projet suite aux oppositions exprim\u00e9es dans l\u2019enqu\u00eate publique ( plus de 80% d&rsquo;avis d\u00e9favorables ) plus avis de rejet de la pr\u00e9fecture.<\/p>\n<p>2022 nouveau projet propos\u00e9 (r\u00e9actualisation du projet 2019 )<\/p>\n<p>m\u00e2ts plus \u00e9lev\u00e9s (210 \/ 230m avec pales plus longues)<\/p>\n<p>extension du d\u00e9broussaillement, mise en place de vessies (r\u00e9serves d&rsquo;eau)<\/p>\n<p>pour r\u00e9sumer, le projet 2022 est sensiblement le m\u00eame !!!<\/p>\n<p>Comme je l&rsquo;ai exprim\u00e9 vivement et fermement lors des multiples \u00e9changes (sur march\u00e9s, site vignes oudides et ateliers)<\/p>\n<p>JE SUIS FAROUCHEMENT OPPOSE AU PROJET D&rsquo;INSTALLATION D&rsquo;UN PARC EOLIEN \u00e0 ENVIRON 1KM de ma PROPRIETE<\/p>\n<p>Ce refus est justifi\u00e9 par l&rsquo;ensemble des nuisances produites sur le site.<\/p>\n<p>A ce jour, vous n&rsquo;avez pas communiqu\u00e9 sur les r\u00e9els impacts environnementaux par rapport \u00e0 la faune et la flore.<\/p>\n<p>La ZIP que vous consid\u00e9rez comme couloir venteux (6 \u00e0 8 km\/h! ) repr\u00e9sente en outre un fort enjeu pour l&rsquo;avifaune migratrice, nicheuse et s\u00e9dentaire (grues, cigognes, rapaces, limicoles et passereaux &#8230;)<\/p>\n<p>Impact important sur la population de chiropt\u00e8res.<\/p>\n<p>Suite aux incendies d\u00e9vastateurs de 2022 (30000 ha (principalement r\u00e9sineux ), comment peu t&rsquo;on raisonnablement envisager un tel projet qui repr\u00e9sente un obstacle majeur \u00e0 l&rsquo;intervention des moyens de lutte a\u00e9riens ?<\/p>\n<p>Pour toutes les raisons ci-dessus, je consid\u00e8re ce projet inacceptable, d\u00e9sastreux pur notre territoire !!!<\/p>\n<p>Que le dieu \u00c9ole puisse m&rsquo;entendre &#8230;<\/p>\n<p>D. Brochard<\/p>\n<\/div>\n\t\t\t\t\t<\/div>\n\t\t\t\t<\/div>\n\t\t\t\t\t\t\t<div data-accordion class=\"faq-main\">\n\t\t\t\t\t<div data-control class=\"faq-title\">\n\t\t\t\t\t\t<h4>Genevi\u00e8ve CERRA<\/h4>\n\t\t\t\t\t<\/div>\n\t\t\t\t\t<div data-content>\n\t\t\t\t\t\t\t\t\t\t\t\t<div class=\"faq-content\"><p>Je suis farouchement contre ce projet de parc \u00e9olien \u00e0 Lesparre, dans un parc naturel r\u00e9gional, donc une magnifique for\u00eat qui serait d\u00e9truite par ces monstres.<br \/>\nJe suis une riveraine proche de cette for\u00eat et compte tenu de tout ce que j&rsquo;ai appris en me renseignant \u00e0 propos des \u00e9oliennes concernant les risques d&rsquo;incendie, les infrasons et tous les probl\u00e8mes qui y sont li\u00e9s, les risques de pollution dus aux fuites d&rsquo;huile, je n&rsquo;ai pas envie d&rsquo;\u00eatre confront\u00e9e \u00e0 tous ces probl\u00e8mes. Au vu des graves incendies qui se sont produits cet \u00e9t\u00e9 en Gironde, je crains que cela ne se reproduise et compte tenu du fait que les canadairs ont l&rsquo;impossibilit\u00e9 d&rsquo;intervenir \u00e0 moins de 600 m\u00e8tres d&rsquo;une \u00e9olienne, et donc en la circonstance sur une superficie de 1000 ha environ, ma maison, qui se trouve en lisi\u00e8re de cette for\u00eat serait in\u00e9vitablement touch\u00e9e par les flammes. Le commissaire enqu\u00eateur de la pr\u00e9c\u00e9dente enqu\u00eate publique avait souligner ce risque de ne pouvoir assurer la s\u00e9curit\u00e9 des biens et des personnes riveraines dans ces conditions.<\/p>\n<\/div>\n\t\t\t\t\t<\/div>\n\t\t\t\t<\/div>\n\t\t\t\t\t\t\t<div data-accordion class=\"faq-main\">\n\t\t\t\t\t<div data-control class=\"faq-title\">\n\t\t\t\t\t\t<h4>Patrice LIENARD<\/h4>\n\t\t\t\t\t<\/div>\n\t\t\t\t\t<div data-content>\n\t\t\t\t\t\t\t\t\t\t\t\t<div class=\"faq-content\"><p>AVIS FAVORABLE<br \/>\nPas d&rsquo;avis sur laquelle des 3 solutions qui sont grosso modo les m\u00eames. Prendre le meilleure rapport puissance \/ co\u00fbt.<\/p>\n<p>N\u00e9anmoins, dans la documentation disponible, on ne voit pas suffisamment et dans le d\u00e9tail, les questionnements et r\u00e9ponses apport\u00e9es \u00e0 la premi\u00e8re pr\u00e9sentation du projet, \u00e0 l&rsquo;\u00e9poque refus\u00e9e.<br \/>\nEt sauf erreur, pas de d\u00e9tails sur :<br \/>\n&#8211; la nature des propri\u00e9taires de terrains o\u00f9 seront implant\u00e9es les \u00e9oliennes ;<br \/>\n&#8211; la part locale, r\u00e9gionale, fran\u00e7aise dans la fourniture et installation du syst\u00e8me ;<br \/>\n&#8211; la garantie sur le long terme et notamment vis \u00e0 vis du d\u00e9mantelement quelque soit la p\u00e9r\u00e9nit\u00e9 des soci\u00e9t\u00e9s et organismes en charge de l&rsquo;exploitation (caution de l&rsquo;\u00e9tat ?)<\/p>\n<\/div>\n\t\t\t\t\t<\/div>\n\t\t\t\t<\/div>\n\t\t\t\t\t\t\t<div data-accordion class=\"faq-main\">\n\t\t\t\t\t<div data-control class=\"faq-title\">\n\t\t\t\t\t\t<h4>Nature et D\u00e9placements au Coeur du M\u00e9doc<\/h4>\n\t\t\t\t\t<\/div>\n\t\t\t\t\t<div data-content>\n\t\t\t\t\t\t\t\t\t\t\t\t<div class=\"faq-content\"><p>L&rsquo;association s&rsquo;est prononc\u00e9e n\u00e9gativement au projet initial lors de l&rsquo;enqu\u00eate publique de d\u00e9cembre 2019. Le projet soumis \u00e0 concertation pr\u00e9sent\u00e9 comme \u00ab\u00a0nouveau\u00a0\u00bb n&rsquo;est qu&rsquo;un copier-coll\u00e9 du pr\u00e9c\u00e9dent. Il n&rsquo;est pas n\u00e9cessaire de r\u00e9p\u00e9ter les arguments motivant notre refus, arguments largement d\u00e9ploy\u00e9s lors des ateliers (nuisances auditives, \u00e0 la sant\u00e9, destruction de la biodiversit\u00e9, risques incendie, &#8230;.). Le point que souhaitons d\u00e9velopper est que si une nouvelle autorisation environnementale est formul\u00e9e, la concertation doit \u00eatre \u00e9tendue aux communes riveraines selon un amendement r\u00e9cent (assembl\u00e9e nationale 30\/11\/2021) rappel\u00e9 bri\u00e8vement ci-dessous:<br \/>\nLes communes situ\u00e9es \u00e0 moins de 8 kms du projet , doivent se prononcer par d\u00e9lib\u00e9ration motiv\u00e9e, soit en rendant un avis favorable qui autorise la demande d&rsquo;autorisation environnementale, soit en rendant un avis d\u00e9favorable. Si la majorit\u00e9 des conseils municipaux rend un avis d\u00e9favorable, le projet ne peut \u00eatre r\u00e9alis\u00e9.<\/p>\n<\/div>\n\t\t\t\t\t<\/div>\n\t\t\t\t<\/div>\n\t\t\t\t\t\t\t<div data-accordion class=\"faq-main\">\n\t\t\t\t\t<div data-control class=\"faq-title\">\n\t\t\t\t\t\t<h4>Gery LEPOUTRE<\/h4>\n\t\t\t\t\t<\/div>\n\t\t\t\t\t<div data-content>\n\t\t\t\t\t\t\t\t\t\t\t\t<div class=\"faq-content\"><p>Chaque jour, il est fait \u00e9cho de l\u2019absurdit\u00e9 de l\u2019\u00e9olien industriel.<br \/>\n\u00ab\u00a0Pas de vent\u2019 pas de courant\u00a0\u00ab<br \/>\nIl faut donc s\u2019opposer \u00e0 cette implantation et orienter les profits honteux des promoteurs vers les ressources hydrauliques et la recherche.<\/p>\n<\/div>\n\t\t\t\t\t<\/div>\n\t\t\t\t<\/div>\n\t\t\t\t\t\t\t<div data-accordion class=\"faq-main\">\n\t\t\t\t\t<div data-control class=\"faq-title\">\n\t\t\t\t\t\t<h4>Jean-Christophe MATHIAS<\/h4>\n\t\t\t\t\t<\/div>\n\t\t\t\t\t<div data-content>\n\t\t\t\t\t\t\t\t\t\t\t\t<div class=\"faq-content\"><p>Dans le cadre de la pr\u00e9sente concertation, je me permets d\u2019attirer l\u2019attention sur la question ayant \u00e9t\u00e9 pos\u00e9e par Monsieur le d\u00e9put\u00e9 du M\u00e9doc Gr\u00e9goire de Fournas au Minist\u00e8re de la transition \u00e9cologique, le 1er novembre 2022\u00a0: https:\/\/questions.assemblee-nationale.fr\/q16\/16-2669QE.htm<\/p>\n<p>Cette question fondamentale de la lutte a\u00e9rienne contre les incendies a \u00e9galement \u00e9t\u00e9 soulev\u00e9e par Monsieur Henri Sabarot, Pr\u00e9sident du Parc Naturel R\u00e9gional du M\u00e9doc.<\/p>\n<p>Il ne m\u2019appartient bien \u00e9videmment pas de r\u00e9pondre \u00e0 cette question en lieu et place du Minist\u00e8re de la transition \u00e9cologique sur ce sujet. N\u00e9anmoins, je souhaiterais apporter dans ce d\u00e9bat un \u00e9clairage historique et sociologique, en rappelant \u00e0 l\u2019ensemble des intervenants que s\u2019ils peuvent aujourd\u2019hui s\u2019exprimer en toute libert\u00e9, notamment pour s\u2019opposer au projet ici discut\u00e9, c\u2019est gr\u00e2ce \u00e0 un homme quelque peu oubli\u00e9 des m\u00e9docains et des bordelais.<\/p>\n<p>Je veux parler du G\u00e9n\u00e9ral Edgar de Larminat, condamn\u00e9 \u00e0 mort par contumace par la Cour martiale de Gannat en 1941, commandant en chef de l\u2019Arm\u00e9e de l\u2019Atlantique en 1944-45, Grand Croix de la L\u00e9gion d&rsquo;Honneur, Compagnon de la Lib\u00e9ration par d\u00e9cret du 1er ao\u00fbt 1941, Croix de Guerre 14\/18 (4 citations), Croix de Guerre 39\/45 (4 citations), Croix de Guerre des Th\u00e9\u00e2tres d\u2019Op\u00e9rations Ext\u00e9rieures (1 citation), Croix du Combattant Volontaire, M\u00e9daill\u00e9 de la R\u00e9sistance avec rosette, Commandeur de l&rsquo;Ordre du M\u00e9rite Combattant, M\u00e9daill\u00e9 colonial agrafe \u00ab\u00a0Maroc\u00a0\u00bb, M\u00e9daill\u00e9 de la Grande Guerre, M\u00e9daill\u00e9 du Levant, M\u00e9daill\u00e9 de la Victoire, M\u00e9daill\u00e9 des \u00c9vad\u00e9s, Insign\u00e9 des Bless\u00e9s, Commandeur de la Legion of Merit (\u00c9tats-Unis), titulaire de l\u2019Ordre du Bain (Grande-Bretagne), Commandeur de l&rsquo;Ordre de L\u00e9opold (Belgique), Croix de Guerre avec palme (Belgique), Virtutis Militari (Pologne), Grand Croix de l&rsquo;\u00c9toile Noire (B\u00e9nin).<\/p>\n<p>Apr\u00e8s avoir servi la France au Maroc et en Mauritanie, le G\u00e9n\u00e9ral de Larminat a fait carri\u00e8re dans les Tirailleurs s\u00e9n\u00e9galais avant de rallier le Congo \u00e0 la France Libre, de devenir commandant des troupes d\u2019Afrique Fran\u00e7aise Libre, puis de la 1\u00e8re Brigade des Forces Fran\u00e7aises Libres en Libye, o\u00f9 il organisa la d\u00e9fense de la position de Bir Hakeim, consid\u00e9r\u00e9e comme la premi\u00e8re victoire militaire fran\u00e7aise de la Seconde guerre mondiale. Commandant de la 1\u00e8re Division Fran\u00e7aise Libre, il a contribu\u00e9 \u00e0 lib\u00e9rer la Tunisie et l\u2019Italie avant de devenir le lib\u00e9rateur des poches de l\u2019Atlantique. Ayant int\u00e9gr\u00e9 les maquisards des Forces Fran\u00e7aises de l\u2019Int\u00e9rieur \u00e0 l\u2019arm\u00e9e r\u00e9guli\u00e8re, il a en effet dirig\u00e9 les op\u00e9rations de lib\u00e9ration des r\u00e9duits d\u00e9fensifs de Royan et du M\u00e9doc \u00e0 la Pointe du Verdon.<\/p>\n<p>Dans ses \u00ab\u00a0Chroniques irr\u00e9v\u00e9rencieuses\u00a0\u00bb (\u00e9ditions Plon, Paris, 1962), Edgar de Larminat revient sur le bombardement a\u00e9rien de Royan par la Royal Air Force en janvier 1945.<\/p>\n<p>Outre son analyse militaire strat\u00e9gique, le G\u00e9n\u00e9ral de Larminat y livre une description sociologique tr\u00e8s int\u00e9ressante de l\u2019esprit de la population locale en Gironde, avec le regard ext\u00e9rieur d\u2019un homme n\u00e9 dans le Sud-Est et de retour d\u2019Afrique.<\/p>\n<p>En voici un extrait \u00e9loquent\u00a0:<br \/>\n\u00ab\u00a0Cela, beaucoup de gens dans le Bordelais (&#8230;) ne veulent pas le comprendre. C&rsquo;est un pays qui n&rsquo;a pas connu les souffrances directes de la guerre depuis le XVIe si\u00e8cle, un pays de vie facile, de climat physique et moral un peu mou, o\u00f9 le sens civique et patriotique \u00e9tait chez certains quelque peu d\u00e9grad\u00e9. L&rsquo;occupation allemande n&rsquo;avait pas am\u00e9lior\u00e9 un tonus moral m\u00e9diocre (&#8230;)<br \/>\nLes poss\u00e9dants du cru \u00e9taient fort scandalis\u00e9s de devoir fournir le champ de bataille et beaucoup pensaient et pensent encore que ces Allemands, avec qui on vivait et l&rsquo;on faisait des affaires depuis quatre ans sans trop de douleur quand on savait s&rsquo;arranger, \u00e9taient au fond plus supportables que ces soldats improvis\u00e9s et turbulents venant des maquis, qui avaient la pr\u00e9tention de r\u00e9gler par les armes ce qui pouvait, avec un peu de compr\u00e9hension, se traiter paisiblement. Apr\u00e8s tout n&rsquo;\u00e9tait-ce pas par d&rsquo;habiles tractations que l&rsquo;on avait r\u00e9ussi \u00e0 sauver des destructions Bordeaux et son grand pont sur la Gironde\u00a0? Tout au fond d&rsquo;eux-m\u00eames beaucoup d&rsquo;hommes avis\u00e9s eussent volontiers envisag\u00e9 une sorte de zone neutralis\u00e9e o\u00f9 Fran\u00e7ais et Allemands auraient attendu en bonne harmonie que les Seigneurs de la guerre r\u00e8glent le conflit loin d&rsquo;eux. Ils n&rsquo;\u00e9taient pas du tout pour la guerre totale, \u00e0 Bordeaux et alentour, oh! non, pas du tout. Ce qui explique la rancune tenace qu&rsquo;ils portent \u00e0 ceux qui ont contribu\u00e9 \u00e0 troubler leur tranquillit\u00e9.<br \/>\nJ&rsquo;ajouterai ceci. Ceux qui pay\u00e8rent le vrai prix, avec leur sang, \u00e9taient tous ardemment volontaires, et jamais il n&rsquo;y eut r\u00e9crimination de leur part. Alors que peuvent bien avoir \u00e0 dire ceux qui n&rsquo;ont souffert que dans leurs commodit\u00e9s et leurs biens p\u00e9rissables\u00a0? Ils ne l&#8217;emporteront pas avec eux.\u00a0\u00bb<\/p>\n<p>Il semblerait utile que, lors des d\u00e9bats publics sur les projets discut\u00e9s autour de Bordeaux, le public se souvienne avec respect de l\u2019homme qui a lib\u00e9r\u00e9 les girondins d\u2019une occupation au sujet de laquelle certains milieux locaux eurent de la complaisance, pour ne pas dire qu\u2019ils firent preuve de compromission. Cela leur permettrait de prendre un peu de recul avant de prendre des positions pour le moins dogmatiques. Car le mouvement d\u2019opposition aux \u00e9nergies renouvelables dans le Sud-Ouest a ses adeptes, mais il a aussi ses gourous et ses d\u00e9rives. Il ne faudrait pas confondre d\u00e9fendre son territoire et d\u00e9fendre ses int\u00e9r\u00eats.<\/p>\n<p>Enfin, il n\u2019est sans doute pas inutile de rappeler que les m\u00e9docains n\u2019ont pas toujours \u00e9t\u00e9 tr\u00e8s clairvoyants, car lors des \u00e9lections l\u00e9gislatives de 1877 d\u00e9j\u00e0, ils avaient majoritairement vot\u00e9 pour le d\u00e9put\u00e9 bonapartiste Grossin de Bouville qui sera condamn\u00e9 pour escroquerie quelques ann\u00e9es apr\u00e8s, alors que cet imp\u00e9rialiste arri\u00e9r\u00e9 se pr\u00e9sentait sur le canton de Lesparre-M\u00e9doc contre le futur dreyfusard Trarieux, qui fondera quant \u00e0 lui, quelques ann\u00e9es plus tard, la Ligue fran\u00e7aise pour la d\u00e9fense des Droits de l\u2019Homme et du Citoyen&#8230;<\/p>\n<p>C\u2019est seulement en se rappelant de l\u2019histoire de France que nous pouvons construire la France de l\u2019avenir.<\/p>\n<p>Jean-Christophe MATHIAS<\/p>\n<p>P.S. pour information\u00a0:<\/p>\n<p>https:\/\/participons.debatpublic.fr\/processes\/horizeo\/f\/117\/questions\/6130<\/p>\n<p>https:\/\/participons.debatpublic.fr\/processes\/horizeo\/f\/117\/questions\/6109<\/p>\n<\/div>\n\t\t\t\t\t<\/div>\n\t\t\t\t<\/div>\n\t\t\t\t\t\t\t<div data-accordion class=\"faq-main\">\n\t\t\t\t\t<div data-control class=\"faq-title\">\n\t\t\t\t\t\t<h4>Marcel PUYGRENIER<\/h4>\n\t\t\t\t\t<\/div>\n\t\t\t\t\t<div data-content>\n\t\t\t\t\t\t\t\t\t\t\t\t<div class=\"faq-content\"><p>Je suis absolument contre ce projet \u00e9olien.<br \/>\n&#8211; l&rsquo;\u00e9olien est une \u00e9nergie intermittente, sachant que l&rsquo;\u00e9lectricit\u00e9 ne se stocke pas, elle est parfaitement inutile<br \/>\n&#8211; les \u00e9olliennes d\u00e9truisent les paysages<br \/>\n&#8211; elles entrainent une d\u00e9valorisation de l&rsquo;immobilier<br \/>\n&#8211; le public est tenu \u00e0 l&rsquo;\u00e9cart d&rsquo;un maximum d&rsquo;informations, les dossiers ne sont pas automatiquement communiqu\u00e9s.<br \/>\n&#8211; les touristes sont susceptibles de fuir ces zones o\u00f9 les \u00e9oliennes sont install\u00e9es.<br \/>\n&#8211; les \u00e9oliennes portent atteinte \u00e0 la biodiversit\u00e9 avec la destruction d&rsquo;esp\u00e8ces prot\u00e9g\u00e9es<br \/>\n&#8211; ellles d\u00e9truisent des espaces naturels<br \/>\n&#8211; elles produisent des nuisances sonores, elles emp\u00e8chent les riverains de dormir<br \/>\n&#8211; le passage des p\u00e2les devant le soleil entraine des \u00e9tourdissements voir des pertes d&rsquo;\u00e9quilibre<br \/>\n&#8211; elles sont un danger pour les eaux souterraines en cause les socles en b\u00e9ton<br \/>\n&#8211; les loyers vers\u00e9s aux propri\u00e9taires fonciers sont trop \u00e9lev\u00e9s, ils entrainent un sentiment d&rsquo;injustice<br \/>\n&#8211; je suis absolument contre ce projet dangereux pour la sant\u00e9 des riverains<\/p>\n<\/div>\n\t\t\t\t\t<\/div>\n\t\t\t\t<\/div>\n\t\t\t\t\t\t\t<div data-accordion class=\"faq-main\">\n\t\t\t\t\t<div data-control class=\"faq-title\">\n\t\t\t\t\t\t<h4>Association BioRev<\/h4>\n\t\t\t\t\t<\/div>\n\t\t\t\t\t<div data-content>\n\t\t\t\t\t\t\t\t\t\t\t\t<div class=\"faq-content\"><p>En tant que Pr\u00e9sidente de l\u2019association BioRev, je m\u2019oppose au projet de parc \u00e9olien de Lesparre-M\u00e9doc.<br \/>\n1) probl\u00e9matique environnementale. La transition \u00e9nerg\u00e9tique dont le cr\u00e9do est la d\u00e9carbonation n\u2019a pas de sens si elle ne s\u2019accompagne pas de la transition \u00e9cologique, le respect de l\u2019environnement, du cadre de vie, de la biodiversit\u00e9.<br \/>\nNe pas oublier que c\u2019est la nature qui d\u00e9carbone le mieux! Toute diminution de surface v\u00e9g\u00e9tale est aussi une diminution du puits de carbone terrestre, jamais r\u00e9ellement pris en compte dans ces projets de parcs qui n\u00e9cessitent \u00e0 chaque fois un d\u00e9boisement de plusieurs dizaines d\u2019hectares, surtout si on remplace l&rsquo;\u00e9olien pas le photovolta\u00efque au sol. https:\/\/www.ecologie.gouv.fr\/sites\/default\/files\/Th\u00e9ma%20%20La%20sequestration%20de%20carbone%20par%20les%20ecosysteme.pdf<br \/>\n2) probl\u00e9matique technique: L&rsquo;\u00e9olien, tout comme le PV, sont des sources d&rsquo;\u00e9nergie diffuses et intermittentes, adoss\u00e9es \u00e0 une \u00e9nergie pilotable, gaz, charbon ou nucl\u00e9aire. Dans le cas du M\u00e9doc, ce serait le nucl\u00e9aire. Quel gain net de production d&rsquo;\u00e9lectricit\u00e9? Une \u00e9tude montre qu&rsquo;en France, en moyenne, l&rsquo;\u00e9olien ne fournit \u00e0 sa puissance nominale qu&rsquo;environ 25% du temps, ce qui pourrait \u00eatre pire en M\u00e9doc, soit dix fois moins que la production annonc\u00e9e par Valorem (100 GWh\/an). A peine de quoi alimenter la commune de Lesparre. Sachant que la centrale de Blaye fournit 250 fois plus (25 TWh\/an) et alimente d\u00e9j\u00e0 la totalit\u00e9 du M\u00e9doc, il n&rsquo;y a aucune logique \u00e0 entreprendre ce genre de projet anti-\u00e9cologique.<br \/>\n3) probl\u00e9matique \u00e9conomique: pas d&rsquo;inter\u00eat \u00e9cologique, ni \u00e9nerg\u00e9tique donc en cons\u00e9quence, pas d&rsquo;int\u00e9r\u00eat \u00e9conomique non plus. Des co\u00fbts de construction, de c\u00e2blage et d&rsquo;entretien en pure perte pour le consommateur, qui devra r\u00e9gler la facture.<br \/>\nQuid des emplois locaux. Si c&rsquo;est pour faire plaisir \u00e0 Epsilon Composites, il vaut mieux aider (encore plus) cette entreprise \u00e0 diversifier son savoir faire et se lancer dans la production de c\u00e9ramiques techniques.<br \/>\n4) alternatives cr\u00e9dibles. Le concept d&rsquo;EnR n&rsquo;a de sens que s&rsquo;il assure l&rsquo;autonomie \u00e9nerg\u00e9tique d&rsquo;un territoire et la souverainet\u00e9 \u00e9nerg\u00e9tique de la France, dans le respect de l&rsquo;environnement. L&rsquo;\u00e9olien, tout comme le PV au sol, ne le permettent pas.<\/p>\n<p>Pour la production d\u2019\u00e9nergie, il existe diverses technologies \u00e0 privil\u00e9gier selon la g\u00e9ographie. De plus, des entreprises fran\u00e7aises sont d\u00e9j\u00e0 positionn\u00e9es sur ces march\u00e9s, dont des PME innovantes.<br \/>\nRappelons que les EnR, ce n\u2019est pas que de l\u2019\u00e9lectricit\u00e9. Le tout \u00e9lectrique est un choix discutable sur lequel la population est capable de donner un avis \u00ab\u00e9clair\u00e9\u00bb. La consommation sur site voire id\u00e9alement l&rsquo;auto-production, sont des pistes \u00e0 privil\u00e9gier .<br \/>\n&#8211; le solaire thermique<br \/>\n&#8211; le PV sur toiture<br \/>\n&#8211; les a\u00e9romoteurs<br \/>\n&#8211; les hydroliennes fluviales<br \/>\n&#8211; la biomasse (fili\u00e8re algues, sous produits de la fili\u00e8re bois)<br \/>\n&#8211; \u00e9olien petit ou moyen sur site de consommation (Epsilon, Smicotom, etc..)<br \/>\nIl est encore temps de mener une vraie r\u00e9flexion, d\u2019\u00eatre innovant et ne pas s\u2019engouffrer dans une voie \u00ab\u00a0contre-nature\u00a0\u00bb donc sans issue \u00e0 moyen-long terme.<br \/>\nL&rsquo; \u00e9olien industriel appartient d\u00e9j\u00e0 au pass\u00e9.<br \/>\nJe r\u00e9it\u00e8re ma suggestion: Pourquoi ne pas accueillir dans le M\u00e9doc, des chercheurs et ing\u00e9nieurs en EnR, sur le site abandonn\u00e9 du CFM d&rsquo;Hourtin pour en faire un site pilote des EnR de demain.<br \/>\nIl est fort regrettable que les \u00e9lus m\u00e9docains ne puissent rien imaginer d&rsquo;autre que l&rsquo;extension du tourisme ou de l&rsquo;agro-alimentaire (projet d\u00e9sastreux de \u00ab\u00a0Pure Salmon\u00a0\u00bb au Verdon) et ignorent la mati\u00e8re grise pour dynamiser le territoire.<\/p>\n<p>Brigitte Bertin<br \/>\nAssociation BioRev<\/p>\n<p>&nbsp;<\/p>\n<p><em>Nous vous remercions pour votre contribution \u00e0 la concertation. <\/em><br \/>\n<em>Pour des questions de droit d&rsquo;auteur, nous ne pouvons diffuser des articles de presse dans leur int\u00e9gralit\u00e9 sans l&rsquo;accord du journal. C&rsquo;est pourquoi le PDF de l&rsquo;article cit\u00e9 ne peut \u00eatre diffus\u00e9 sur notre site. Nous ne pouvons relayer que le lien vers le site du journal : https:\/\/www.transitionsenergies.com\/la-guerre-des-eoliennes-au-dela-des-postures-et-des-imprecations\/<\/em><\/p>\n<\/div>\n\t\t\t\t\t<\/div>\n\t\t\t\t<\/div>\n\t\t\t\t\t\t\t<div data-accordion class=\"faq-main\">\n\t\t\t\t\t<div data-control class=\"faq-title\">\n\t\t\t\t\t\t<h4>Brigitte BERTIN<\/h4>\n\t\t\t\t\t<\/div>\n\t\t\t\t\t<div data-content>\n\t\t\t\t\t\t\t\t\t\t\t\t<div class=\"faq-content\"><p>A titre personnel et en tant que Pr\u00e9sidente de l\u2019association BioRev, je m\u2019oppose au projet de parc \u00e9olien de Lesparrce-M\u00e9doc.<br \/>\n1) probl\u00e9matique environnementale. La transition \u00e9nerg\u00e9tique dont le cr\u00e9do est la d\u00e9carbonation n\u2019a pas de sens si elle ne s\u2019accompagne pas de la transition \u00e9cologique, le respect de l\u2019environnement, du cadre de vie, de la biodiversit\u00e9.<br \/>\nNe pas oublier que c\u2019est la nature qui d\u00e9carbone le mieux! Toute diminution de surface v\u00e9g\u00e9tale est aussi une diminution du puits de carbone terrestre, jamais r\u00e9ellement pris en compte dans ces projets de parcs qui n\u00e9cessitent \u00e0 chaque fois un d\u00e9boisement de plusieurs dizaines d&rsquo;hectares, surtout si on remplace l&rsquo;\u00e9olien pas le photovolta\u00efque au sol. https:\/\/www.ecologie.gouv.fr\/sites\/default\/files\/Th\u00e9ma%20-%20La%20sequestration%20de%20carbone%20par%20les%20ecosysteme.pdf<br \/>\n2) probl\u00e9matique technique: L&rsquo;\u00e9olien, tout comme le PV, sont des sources d&rsquo;\u00e9nergie diffuses et intermittentes, adoss\u00e9es \u00e0 une \u00e9nergie pilotable, gaz, charbon ou nucl\u00e9aire. Dans le cas du M\u00e9doc, ce serait le nucl\u00e9aire. Quel gain net de production d&rsquo;\u00e9lectricit\u00e9? Une \u00e9tude montre qu&rsquo;en France, en moyenne, l&rsquo;\u00e9olien ne fournit \u00e0 sa puissance nominale qu&rsquo;environ 25% du temps, ce qui pourrait \u00eatre pire en M\u00e9doc, soit dix fois moins que la production annonc\u00e9e par Valorem (100 GWh\/an). A peine de quoi alimenter la commune de Lesparre. Sachant que la centrale de Blaye fournit 250 fois plus (25 TWh\/an) et alimente d\u00e9j\u00e0 la totalit\u00e9 du M\u00e9doc, il n&rsquo;y a aucune logique \u00e0 entreprendre ce genre de projet anti-\u00e9cologique.<br \/>\n3) probl\u00e9matique \u00e9conomique: pas d&rsquo;inter\u00eat \u00e9cologique, ni \u00e9nerg\u00e9tique donc en cons\u00e9quence, pas d&rsquo;int\u00e9r\u00eat \u00e9conomique non plus. Des co\u00fbts de construction, de c\u00e2blage et d&rsquo;entretien en pure perte pour le consommateur, qui devra r\u00e9gler la facture. Quid des emplois locaux. Si c&rsquo;est pour faire plaisir \u00e0 Epsilon Composites, il vaut mieux aider cette entreprise \u00e0 diversifier son savoir faire et se lancer dans la production de c\u00e9ramiques techniques.<br \/>\n5) alternatives cr\u00e9dibles. Le concept d&rsquo;EnR n&rsquo;a de sens que s&rsquo;il assure l&rsquo;autonomie \u00e9nerg\u00e9tique d&rsquo;un territoire et la souverainet\u00e9 \u00e9nerg\u00e9tique de la France, dans le respect de l&rsquo;environnement. L&rsquo;\u00e9olien, tout comme le PV au sol, ne le permettent pas.<br \/>\nPour la production d\u2019\u00e9nergie, il existe diverses technologies \u00e0 privil\u00e9gier selon la g\u00e9ographie. De plus, des entreprises fran\u00e7aises sont d\u00e9j\u00e0 positionn\u00e9es sur ces march\u00e9s, dont des PME innovantes.<br \/>\nRappelons que les EnR, ce n\u2019est pas que de l\u2019\u00e9lectricit\u00e9. Le tout \u00e9lectrique est un choix discutable sur lequel la population est capable de donner un avis \u00ab\u00e9clair\u00e9\u00bb. La consommation sur site voire id\u00e9alement l&rsquo;auto-production, sont des pistes \u00e0 privil\u00e9gier .<br \/>\n&#8211; le solaire thermique<br \/>\n&#8211; le PV sur toiture<br \/>\n&#8211; les a\u00e9romoteurs<br \/>\n&#8211; les hydroliennes fluviales<br \/>\n&#8211; la biomasse (fili\u00e8re algues, sous produits de la fili\u00e8re bois)<br \/>\n&#8211; \u00e9olien petit ou moyen sur site de consommation<br \/>\nIl est encore temps de mener une vraie r\u00e9flexion, d\u2019\u00eatre innovant et ne pas s\u2019engouffrer dans une voie \u00ab\u00a0contre-nature\u00a0\u00bb donc sans issue \u00e0 moyen-long terme.<br \/>\nJe r\u00e9it\u00e8re ma suggestion: Pourquoi ne pas accueillir dans le M\u00e9doc, des chercheurs et ing\u00e9nieurs en EnR, sur le site abandonn\u00e9 du CFM d&rsquo;Hourtin pour en faire un site pilote des EnR de demain. L&rsquo;\u00e9olien appartient d\u00e9j\u00e0 au pass\u00e9.<br \/>\nIl est fort regrettable que les \u00e9lus m\u00e9docains ne puissent rien imaginer d&rsquo;autre que l&rsquo;extension du tourisme ou de l&rsquo;agro-alimentaire (projet d\u00e9sastreux de \u00ab\u00a0Pure Salmon\u00a0\u00bb au Verdon) et ignorent la mati\u00e8re grise pour dynamiser le territoire.<\/p>\n<\/div>\n\t\t\t\t\t<\/div>\n\t\t\t\t<\/div>\n\t\t\t\t\t\t\t<div data-accordion class=\"faq-main\">\n\t\t\t\t\t<div data-control class=\"faq-title\">\n\t\t\t\t\t\t<h4>Jos\u00e9 CERRA<\/h4>\n\t\t\t\t\t<\/div>\n\t\t\t\t\t<div data-content>\n\t\t\t\t\t\t\t\t\t\t\t\t<div class=\"faq-content\"><p>commentaire<br \/>\nJos\u00e9 CERRA<br \/>\nDepuis Vignes Oudides , sur certaines vues les \u00e9oliennes sont masqu\u00e9es totalement par les arbres , o\u00f9 sont les autres vid\u00e9os demand\u00e9es??? les 6 vues install\u00e9es sont pratiquement inexploitables, pour info il ne s&rsquo;agit pas de l&rsquo;a\u00e9rodrome de Lesparre (il n&rsquo;existe pas), c&rsquo;est celui de Saint Laurent M\u00e9doc.<\/p>\n<p>il y a 1 heure<br \/>\nPoint de vue compl\u00e8tement irr\u00e9aliste, je faisais mon footing lorsque les op\u00e9rateurs \u00e9taient install\u00e9s, assis sur petite une chaise devant l&rsquo;entr\u00e9e du parc photovolta\u00efque , \u00e0 moins de 10 m\u00e8tres des pins, donc cette vue ne repr\u00e9sente pas du tout la r\u00e9alit\u00e9 et de plus il ne s&rsquo;agit pas du parc photovolta\u00efque d&rsquo;Hourtin, mais celui de Saint Germain d&rsquo;Esteuil. J&rsquo;essaie de visualiser les autres vid\u00e9os, Saint Laurent et Piqueyrot, la r\u00e9solution est tr\u00e8s mauvaise et on ne peut pas distinguer grand chose : tout \u00e0 refaire!!!!!<\/p>\n<\/div>\n\t\t\t\t\t<\/div>\n\t\t\t\t<\/div>\n\t\t\t\t\t\t\t<div data-accordion class=\"faq-main\">\n\t\t\t\t\t<div data-control class=\"faq-title\">\n\t\t\t\t\t\t<h4>Didier RICHARD<\/h4>\n\t\t\t\t\t<\/div>\n\t\t\t\t\t<div data-content>\n\t\t\t\t\t\t\t\t\t\t\t\t<div class=\"faq-content\"><p>Dans son article du 22\/12\/2022 paru deux jours apr\u00e8s la r\u00e9union de dite de \u00ab cl\u00f4ture \u00bb sud-ouest retranscrit quelques propos de Mr Grandidier. Je voudrais revenir sur certains d\u2019entre eux.<br \/>\nLe premier concernant la pollution visuelle. \u00ab Le parc sera dans un massif forestier, on aura que des vues lointaines \u00bb. Ce \u00ab parc \u00bb que je pr\u00e9f\u00e8re appeler site de production industriel sera effectivement situ\u00e9 au c\u0153ur d\u2019un massif forestier en cours d\u2019exploitation. Comme cela a \u00e9t\u00e9 dit au cours des r\u00e9unions dans un massif forestier vivant la v\u00e9rit\u00e9 d\u2019un jour n\u2019est pas celle du lendemain. En effet des coupes, des temp\u00eates, ou tout autre \u00e9v\u00e8nement peut amener ce massif \u00e0 \u00e9voluer durablement d\u00e9couvrant ici ou l\u00e0 la vue sur vos machines qui je le rappelle ne font que 230 m\u00e8tres de haut donc plus hautes que la tour Montparnasse. Bref la th\u00e9orie de l\u2019arbre qui cache la foret n est pas valable pour un site industriel.<br \/>\nEn suite \u00ab les \u00e9oliennes ne sont pas moches \u00bb comme j\u2019ai eu l\u2019occasion de le dire au cours de cette \u00ab concertation \u00bb la notion de ce qui est beau est tr\u00e8s subjective et appartient \u00e0 chacun laissez nous s\u2019il vous plait la libert\u00e9 d\u2019appr\u00e9cier de ce que nous trouvons beau. Vous n\u2019avez pas le monopole du beau !<br \/>\n\u00ab Les publicitaires ne montrent pas des centrales nucl\u00e9aires mais des \u00e9oliennes symbole de modernit\u00e9 et de dynamisme \u00bb je voudrais rappeler ici que les scenarii propos\u00e9s ne sont pas de choisir entre une usine de production \u00e9olienne et une centrale nucl\u00e9aire a Lesparre mais 8,9,12 ou 0 \u00e9oliennes dans le massif des Vignes Oudides . Entretenir la confusion sur ce point ne me parait pas d\u2019une grande honn\u00eatet\u00e9 intellectuelle. J\u2019en profite pour rappeler le checknews de Lib\u00e9ration qui estime que 4333 \u00e9oliennes de 3 MW seraient n\u00e9cessaires pour remplacer la centrale de Blaye ce que vos publicitaires parisiens semblent totalement ignorer. Lien : https:\/\/www.liberation.fr\/checknews\/2018\/06\/07\/est-il-vrai-qu-il-faudrait-7000-eoliennes-pour-remplacer-fessenheim_1656464\/<br \/>\n\u00ab Le m\u00e9doc est l\u2019endroit le plus propice pour accueillir des \u00e9oliennes en mati\u00e8re de vent \u00bb l\u00e0 encore ce propos ne co\u00efncide pas avec ce que j\u2019ai entendu au cours des r\u00e9unions. Il avait \u00e9t\u00e9 \u00e9tabli au cours de l\u2019atelier d\u00e9couverte du site que c\u2019\u00e9tait un gisement de vent moyen (6.4 m\/sec) et que c\u2019\u00e9tait l\u2019apport nouvelles technologies qui permettait de le rendre exploitable. (Plus haute et plus de surfaces toil\u00e9es). D\u2019ailleurs il me semble qu\u2019au cours de la r\u00e9union de cl\u00f4ture Valorem annon\u00e7ait un \u00e9quivalent de 2200 heure plein \/ an ce qui je crois amoindri notablement les pr\u00e9visions de production du site initialement annonc\u00e9es.<br \/>\nEt enfin \u00ab ce projet est bon pour le m\u00e9doc en mati\u00e8re d\u2019emploi \u00bb au cours des r\u00e9unions il avait \u00e9t\u00e9 dit que le site pourvu d\u2019\u00e9oliennes danoises en partie fabriqu\u00e9es sous license en Chine serait t\u00e9l\u00e9 pilot\u00e9, t\u00e9l\u00e9 surveill\u00e9 et t\u00e9l\u00e9 maintenu depuis B\u00e8gles que les rares intervenants de dernier recours seraient disponibles dans un rayon d\u2019\u00e9loignement de 2 h max du site ce qui offrait assez peu de possibilit\u00e9 d\u2019emploi permanent \u00e0 temps plein sur le site hormis quelques contrats, l\u00e0 encore intermittents, pendant la phase de chantier . Quels seraient les emplois p\u00e9rennes ouverts \u00e0 la population locale par Valorem ? Et surtout combien ? quel profil ?<br \/>\nEn tant que participant, je le crois assidu, j\u2019aimerai pouvoir retrouver dans les d\u00e9clarations faites \u00e0 la presse des propos plus conformes a ceux entendus au cours des ateliers.<\/p>\n<\/div>\n\t\t\t\t\t<\/div>\n\t\t\t\t<\/div>\n\t\t\t\t\t\t\t<div data-accordion class=\"faq-main\">\n\t\t\t\t\t<div data-control class=\"faq-title\">\n\t\t\t\t\t\t<h4>Jos\u00e9 CERRA<\/h4>\n\t\t\t\t\t<\/div>\n\t\t\t\t\t<div data-content>\n\t\t\t\t\t\t\t\t\t\t\t\t<div class=\"faq-content\"><p>Point de vue compl\u00e8tement irr\u00e9aliste, je faisais mon footing lorsque les op\u00e9rateurs \u00e9taient install\u00e9s, assis sur petite une chaise, quasiment \u00e0 raz du sol \u00e0 moins de 10 m\u00e8tres des pins, donc ces vuescne repr\u00e9sente pas du tout la r\u00e9alit\u00e9 et de plus il ne s&rsquo;agit pas du parc photovolta\u00efque d&rsquo;Hourtin, mais celui de Saint Germain d&rsquo;Esteuil. J&rsquo;essaie de visualiser les autres vid\u00e9os, Saint Laurent et Piqueyrot, la r\u00e9solution est tr\u00e8s mauvaise et on ne peut pas distinguer grand chose : tout \u00e0 refaire!!!!!<br \/>\nvu depuis l&rsquo;ent\u00e9e du parc photovolta\u00efques st germain d&rsquo;esteuil<\/p>\n<\/div>\n\t\t\t\t\t<\/div>\n\t\t\t\t<\/div>\n\t\t\t\t\t\t\t<div data-accordion class=\"faq-main\">\n\t\t\t\t\t<div data-control class=\"faq-title\">\n\t\t\t\t\t\t<h4>Lydia PAUC<\/h4>\n\t\t\t\t\t<\/div>\n\t\t\t\t\t<div data-content>\n\t\t\t\t\t\t\t\t\t\t\t\t<div class=\"faq-content\"><p>Je suis contre le projet \u00e9olien.<br \/>\nJe ne veux pas d\u00e9truire de la foret pour voir des horreurs qui ne servent \u00e0 rien.<br \/>\nCe projet serait sur mes parcours de course \u00e0 pied en pleine nature. Ce serait un g\u00e2chis \u00e9cologique.<\/p>\n<p>De plus, plusieurs gites dans le p\u00e9rim\u00e8tre du parc. Cela risque de mettre en p\u00e9ril leur activit\u00e9<\/p>\n<\/div>\n\t\t\t\t\t<\/div>\n\t\t\t\t<\/div>\n\t\t\t\t\t\t\t<div data-accordion class=\"faq-main\">\n\t\t\t\t\t<div data-control class=\"faq-title\">\n\t\t\t\t\t\t<h4>Claire LEZIER<\/h4>\n\t\t\t\t\t<\/div>\n\t\t\t\t\t<div data-content>\n\t\t\t\t\t\t\t\t\t\t\t\t<div class=\"faq-content\"><p>Quand est il de toute la biodiversite (oiseaux, chauves souris&#8230;) qui utilisent les forts courants d&rsquo;air qu&rsquo;ont besoin aussi les \u00e9oliennes ???<\/p>\n<\/div>\n\t\t\t\t\t<\/div>\n\t\t\t\t<\/div>\n\t\t\t\t\t\t\t<div data-accordion class=\"faq-main\">\n\t\t\t\t\t<div data-control class=\"faq-title\">\n\t\t\t\t\t\t<h4>Collectif Vent Debout M\u00e9doc<\/h4>\n\t\t\t\t\t<\/div>\n\t\t\t\t\t<div data-content>\n\t\t\t\t\t\t\t\t\t\t\t\t<div class=\"faq-content\"><p>Le document ci-joint apporte la contribution \u00e0 la concertation du collectif &lt;<a href=\"https:\/\/www.parc-eolien-coeur-medoc-energies.fr\/concertation\/wp-content\/uploads\/2022\/12\/contribution-vent-debout-medoc-20122022.pdf\">DOCUMENT<\/a>&gt;. En additif de ce document, un commentaire sur les fascicules expliquant le projet qui \u00e0 nos yeux pr\u00e9sentent des contre-v\u00e9rit\u00e9s: une installation cr\u00e9atrice d&#8217;emplois sur le territoire (Faux), un frein \u00e0 la hausse du prix de l&rsquo;\u00e9nergie (Faux), des offres d&rsquo;\u00e9lectricit\u00e9 verte aux habitants (n&rsquo;a pas de sens) et rel\u00e8ve d&rsquo;un slogan,<br \/>\net des oublis: qui dit \u00e9olien dit gaz(parfois charbon) pour assurer la transition parfois tr\u00e8s rapide entre vent et vent faible. facteur de charge en baisse en 2021 !!<\/p>\n<\/div>\n\t\t\t\t\t<\/div>\n\t\t\t\t<\/div>\n\t\t\t\t\t\t\t<div data-accordion class=\"faq-main\">\n\t\t\t\t\t<div data-control class=\"faq-title\">\n\t\t\t\t\t\t<h4>Claire LEZIER<\/h4>\n\t\t\t\t\t<\/div>\n\t\t\t\t\t<div data-content>\n\t\t\t\t\t\t\t\t\t\t\t\t<div class=\"faq-content\"><p>Contre ce projet. Comment assurez vous l protection des maisons en pleine for\u00eat face aux risques incendies et avec des \u00e9oliennes \u00e0 ras ?? La d\u00e9forestation de milliers d&rsquo;ha&#8230; La destruction de milieu naturel, le recyclage de ces machines, les tonnes de b\u00e9tons&#8230; Les nuisances sonores et visuels&#8230; Quels sont les points gps de ces \u00e9oliennes ?!!!<\/p>\n<\/div>\n\t\t\t\t\t<\/div>\n\t\t\t\t<\/div>\n\t\t\t\t\t\t\t<div data-accordion class=\"faq-main\">\n\t\t\t\t\t<div data-control class=\"faq-title\">\n\t\t\t\t\t\t<h4>Annick MONIER<\/h4>\n\t\t\t\t\t<\/div>\n\t\t\t\t\t<div data-content>\n\t\t\t\t\t\t\t\t\t\t\t\t<div class=\"faq-content\"><p>j&rsquo;ajoute que l&rsquo;importance des incendies dans le secteur int\u00e9ress\u00e9 devrait seule contribuer \u00e0 l&rsquo;\u00e9chec de ce projet pour des raisons de s\u00e9curit\u00e9 \u00e9videntes , par ailleurs on se garde de comparer avec le d\u00e9veloppement du photovolta\u00efque , plus rapide \u00e0 mettre en \u0153uvre et dont l&rsquo;efficacit\u00e9 n&rsquo;est pas seulement li\u00e9e \u00e0 l&rsquo;ensoleillement , mais \u00e0 la lumi\u00e8re , ce qui est un peu diff\u00e9rent.<br \/>\navec l&rsquo;obligation d&rsquo;\u00e9quiper toutes les surfaces publiques avec ces \u00e9quipements ,on aurait d\u00e9j\u00e0 de bons r\u00e9sultats. l&rsquo;argument de dire que \u00e7a profite au commerce chinois n&rsquo;est plus d&rsquo;actualit\u00e9 dans les circonstances ^pr\u00e9sentes c&rsquo;est au contraire l&rsquo;occasion de d\u00e9velopper une fili\u00e8re franco fran\u00e7aise.<\/p>\n<\/div>\n\t\t\t\t\t<\/div>\n\t\t\t\t<\/div>\n\t\t\t\t\t\t\t<div data-accordion class=\"faq-main\">\n\t\t\t\t\t<div data-control class=\"faq-title\">\n\t\t\t\t\t\t<h4>Annick MONIER<\/h4>\n\t\t\t\t\t<\/div>\n\t\t\t\t\t<div data-content>\n\t\t\t\t\t\t\t\t\t\t\t\t<div class=\"faq-content\"><p>tous les points de vue techniques ayant \u00e9t\u00e9 d\u00e9velopp\u00e9s et analys\u00e9s par le commissaire enqu\u00eateur et les conclusions rendues en d\u00e9faveur du projet , je suis indign\u00e9e du proc\u00e9d\u00e9 utilis\u00e9 par VALOREM pour rejouer la partie avec des moyens publics autant falacieux que d\u00e9risoires.<\/p>\n<\/div>\n\t\t\t\t\t<\/div>\n\t\t\t\t<\/div>\n\t\t\t\t\t\t\t<div data-accordion class=\"faq-main\">\n\t\t\t\t\t<div data-control class=\"faq-title\">\n\t\t\t\t\t\t<h4>Cedric PEYRAUD<\/h4>\n\t\t\t\t\t<\/div>\n\t\t\t\t\t<div data-content>\n\t\t\t\t\t\t\t\t\t\t\t\t<div class=\"faq-content\"><p>Bonjour<\/p>\n<p>J&rsquo;ai particip\u00e9 aux 3 ateliers. J&rsquo;ai trouve tout cela tr\u00e8s th\u00e9orique. Nous avons \u00e9t\u00e9 inond\u00e9s de chiffres, de sigles.<br \/>\nLes experts de Valorem n&rsquo;ont pour certains jamais mis les pieds sur le site des Vignes Oudides.<\/p>\n<p>Les images pr\u00e9sent\u00e9es d&rsquo;un chantier pour essayer de nous convaincre ne correspondent pas du tout au chantier m\u00e9docain.<\/p>\n<p>Beaucoup de nos questions sont rest\u00e9es sans r\u00e9ponse. Certaines informations nous sont cach\u00e9es ou ne nous sont pas communiquer par Valorem. Comment cela peut il \u00eatre consid\u00e9r\u00e9 comme une concertation quand toutes les parties n&rsquo;ont pas le m\u00eame niveau d&rsquo;information ?<\/p>\n<\/div>\n\t\t\t\t\t<\/div>\n\t\t\t\t<\/div>\n\t\t\t\t\t\t\t<div data-accordion class=\"faq-main\">\n\t\t\t\t\t<div data-control class=\"faq-title\">\n\t\t\t\t\t\t<h4>Jos\u00e9 CERRA<\/h4>\n\t\t\t\t\t<\/div>\n\t\t\t\t\t<div data-content>\n\t\t\t\t\t\t\t\t\t\t\t\t<div class=\"faq-content\"><p>J&rsquo;ai demand\u00e9 depuis 1 mois environ que les vid\u00e9os des \u00e9oliennes apparaissent sur ce site pour qu&rsquo;une majorit\u00e9 de personnes puissent les visualiser qu&rsquo;en est-il ? rien pour l\u2019instant, pouvez rajouter la vue depuis St. Gaux et depuis le croisement \u00e0 Ch\u00e9outre de la la D4\/D3E2.<\/p>\n<p>&nbsp;<\/p>\n<p><em>Monsieur, <\/em><\/p>\n<p><em>Nous avons bien pris en compte votre demande et vous remercions pour votre contribution.\u00a0 <\/em><\/p>\n<p><em>Les vid\u00e9os ayant \u00e9t\u00e9 r\u00e9alis\u00e9es pour des visionnages en r\u00e9alit\u00e9 virtuelle, les fichiers ne sont pas adapt\u00e9s \u00e0 une mise en ligne sur le site internet. Ils doivent \u00eatre techniquement modifi\u00e9s et devraient \u00eatre mis en ligne la semaine prochaine.<\/em><\/p>\n<p><em>Lors du premier atelier consacr\u00e9 aux impacts sur le cadre de vie le 24 novembre, il a \u00e9t\u00e9 propos\u00e9 aux participants d\u2019identifier de nouveaux \u00ab points de vue \u00bb sur le territoire qui pourraient \u00eatre utilis\u00e9s pour mieux visualiser les impacts paysagers du projet, et depuis lesquels de nouvelles simulations ou photomontages pourraient \u00eatre r\u00e9alis\u00e9s.<\/em><\/p>\n<p><em>S\u2019il n\u2019existe \u00e0 ce stade pas de vue disponible depuis St Gaux ou depuis le croisement des routes D4\/D3E2, nous vous proposons d\u2019int\u00e9grer cette proposition aux autres propositions, qui pourront faire l\u2019objet de nouvelles simulations si le projet \u00e9tait poursuivi \u00e0 l\u2019issue de la concertation pr\u00e9alable.<\/em><\/p>\n<\/div>\n\t\t\t\t\t<\/div>\n\t\t\t\t<\/div>\n\t\t\t\t\t\t\t<div data-accordion class=\"faq-main\">\n\t\t\t\t\t<div data-control class=\"faq-title\">\n\t\t\t\t\t\t<h4>Carole P<\/h4>\n\t\t\t\t\t<\/div>\n\t\t\t\t\t<div data-content>\n\t\t\t\t\t\t\t\t\t\t\t\t<div class=\"faq-content\"><p>Personnellement je ne suis pas contre ce projet, en tant qu&rsquo;habitante du M\u00e9doc.<br \/>\nOn a besoin d&rsquo;\u00e9nergie, et pourquoi ce sont toujours dans les autres r\u00e9gions qu&rsquo;on implante des \u00e9oliennes et pas chez nous?<br \/>\nLe lieu d&rsquo;implantation n&rsquo;est pas le plus joli du M\u00e9doc, entre forets monosp\u00e9cifiques et chants de ma\u00efs, grandes lignes droites, paysage sans int\u00e9r\u00eat.<\/p>\n<\/div>\n\t\t\t\t\t<\/div>\n\t\t\t\t<\/div>\n\t\t\t\t\t\t\t<div data-accordion class=\"faq-main\">\n\t\t\t\t\t<div data-control class=\"faq-title\">\n\t\t\t\t\t\t<h4>Didier SUZ\u00c9<\/h4>\n\t\t\t\t\t<\/div>\n\t\t\t\t\t<div data-content>\n\t\t\t\t\t\t\t\t\t\t\t\t<div class=\"faq-content\"><p>Dans le contexte actuel , on ne peut pas refuser un parc \u00e9olien .<br \/>\n\u00c9videmment, il faut prendre en compte les possibles nuisances et les r\u00e9duire au maximum, mais il faut le construire.<\/p>\n<\/div>\n\t\t\t\t\t<\/div>\n\t\t\t\t<\/div>\n\t\t\t\t\t\t\t<div data-accordion class=\"faq-main\">\n\t\t\t\t\t<div data-control class=\"faq-title\">\n\t\t\t\t\t\t<h4>Eddie PUYJALON<\/h4>\n\t\t\t\t\t<\/div>\n\t\t\t\t\t<div data-content>\n\t\t\t\t\t\t\t\t\t\t\t\t<div class=\"faq-content\"><p>Contribution de Eddie PUYJALON, pr\u00e9sident d\u2019honneur de Le Mouvement de la Ruralit\u00e9, ancien conseiller r\u00e9gional de Nouvelle-Aquitaine, ancienne personnalit\u00e9 associ\u00e9e au Conseil \u00c9conomique, social et environnemental, contre le projet d\u2019implantation d\u2019un parc \u00e9olien sur la commune de Lesparre-M\u00e9doc<\/p>\n<p>C&rsquo;est au titre de Pr\u00e9sident d\u2019honneur du Mouvement de la Ruralit\u00e9 (LMR) que je d\u00e9pose cette contribution contre le projet d\u2019implantation d\u2019un parc \u00e9olien par la soci\u00e9t\u00e9 Valorem sur la commune de Lesparre-M\u00e9doc.<\/p>\n<p>Les nombreuses victimes de l\u2019\u00e9olien avaient cru \u00e0 une prise de conscience du Pr\u00e9sident de la R\u00e9publique lors de son allocution du 14 janvier 2020 \u00e0 Pau. A cette occasion, Emmanuel Macron convenait que l&rsquo;acceptation soci\u00e9tale des Fran\u00e7ais pour cette \u00e9nergie n\u2019\u00e9tait pas au rendez-vous. Or, quelques mois apr\u00e8s, changement de cap avec la programmation pluriannuelle de l&rsquo;\u00e9nergie (PPE) ! Alors m\u00eame que l&rsquo;enqu\u00eate publique faisait \u00e9tat d&rsquo;une majorit\u00e9 d\u00e9favorable, on constatait un d\u00e9ploiement suppl\u00e9mentaire de l\u2019\u00e9olien sur le territoire national, \u00e0 l\u2019image du projet de la soci\u00e9t\u00e9 Valorem et des multiples projets au nord de la Nouvelle-Aquitaine.<\/p>\n<p>Cette \u00e9nergie n\u2019a pourtant pas l\u2019assentiment des populations locales concern\u00e9es, car entach\u00e9e par de nombreux probl\u00e8mes \u00e9conomiques, environnementaux et sanitaires qui devraient aujourd\u2019hui conduire \u00e0 un moratoire g\u00e9n\u00e9ralis\u00e9 en vertu d\u2019un indispensable principe de pr\u00e9caution.<\/p>\n<p>En mati\u00e8re de biodiversit\u00e9, les \u00e9oliennes sont responsables de la mort par collision de plusieurs billions d&rsquo;insectes et de millions d\u2019oiseaux : 1 200 milliards d\u2019insectes tu\u00e9s par an outre Rhin selon un rapport scientifique allemand (ce chiffre ne concernant que les insectes ayant laiss\u00e9 des r\u00e9sidus sur les pales des rotors), des millions d\u2019oiseaux prot\u00e9g\u00e9s selon BirdLife International et World Nature International, plus de 8 millions d\u2019oiseaux par an rien que sur la p\u00e9ninsule ib\u00e9rique d\u2019apr\u00e8s Birdlife Espagne. M\u00eame fl\u00e9au pour la France, o\u00f9 les chiropt\u00e8res, martinets noirs, roitelets \u00e0 triple bandeau, alouettes des champs, mais aussi des rapaces tels que le faucon cr\u00e9cerelle, le milan noir ou la buse variable payent un lourd tribut, massacr\u00e9s par les pales des \u00e9oliennes.<\/p>\n<p>En outre, les infrasons et les champs \u00e9lectromagn\u00e9tiques produits par ces machines industrielles occasionnent de fortes mortalit\u00e9s d&rsquo;animaux d&rsquo;\u00e9levage, comme en t\u00e9moignent les troupeaux de monsieur Didier POTIRON et de madame C\u00e9line BOUVET situ\u00e9s \u00e0 proximit\u00e9 du parc \u00e9olien des Quatre Seigneurs en Loire-Atlantique, avec plus de 500 vaches mortes. D&rsquo;autres, comme monsieur MARCHANDIER dans l\u2019Aisne, ou monsieur MEGE dans le Cantal sont soumis aux m\u00eames mortalit\u00e9s animales. Aujourd\u2019hui, nous recensons des centaines d\u2019\u00e9leveurs impact\u00e9s et des milliers de bovins morts dans d\u2019atroces souffrances. Les apiculteurs ont \u00e9galement constat\u00e9 des bouleversements dans leurs ruches o\u00f9 les abeilles sont perturb\u00e9es par les infrasons. Cela ayant des cons\u00e9quences graves sur l\u2019exploitation. Autre probl\u00e8me environnemental, celui des colombophiles qui constatent l\u2019impact des infrasons sur leurs pigeons et l\u2019impossibilit\u00e9 pour eux de retrouver leur pigeonnier !<\/p>\n<p>Comment ne pas avoir de craintes sur la sant\u00e9 humaine quand on voit tous les probl\u00e8mes sanitaires sur les animaux ?<\/p>\n<p>Selon une \u00e9tude allemande, les infrasons puls\u00e9s causent le vieillissement pr\u00e9matur\u00e9 des muscles cardiaques et nous constatons qu\u2019un certain nombre de personnes \u00e2g\u00e9es vivant \u00e0 proximit\u00e9 des parcs \u00e9oliens souffre de nombreux probl\u00e8mes cardiaques. Les analyses des poils de ces animaux, comme des cheveux de ces personnes, r\u00e9v\u00e8lent une contamination aux terres rares et la pr\u00e9sence de poussi\u00e8res, potentiellement \u00e9mises par les aimants permanents surpuissants de ces machines.<\/p>\n<p>Certains riverains de ces parcs dorment sous des couvertures de survie ou sont devenus \u00e9lectrosensibles, vivant un enfer au quotidien. C\u2019est le constat du Professeur Dominique Tripodie en Loire-Atlantique qui, \u00e0 la demande du Pr\u00e9fet de Loire-Atlantique a diagnostiqu\u00e9 plusieurs dizaines de riverains diagnostiqu\u00e9s \u00e9lectrosensibles.<\/p>\n<p>Que dire de la situation d\u2019exclusion des enfants atteints du syndrome d\u2019Asperger qui ne peuvent ni vivre ni se promener \u00e0 proximit\u00e9 de ces machines ? Ces enfants \u00e0 qui on ne peut pr\u00e9texter un effet nocebo, eux qui subissent une v\u00e9ritable agression sensorielle. Une situation d\u2019alerte port\u00e9e par un collectif de m\u00e8res d\u2019enfants malades port\u00e9e d\u00e9j\u00e0 \u00e0 l\u2019\u00e9poque \u00e0 madame S\u00e9gol\u00e8ne Royal alors ministre de l\u2019environnement.<\/p>\n<p>Ces situations qui n\u2019\u00e9taient pas v\u00e9cues avant l\u2019installation des \u00e9oliennes, devraient suffire \u00e0 alerter sur les dangers que font peser l\u2019implantation de ces usines \u00e9oliennes sur les populations locales et sur les animaux.<\/p>\n<p>Contaminations, champs \u00e9lectromagn\u00e9tiques et infrasons puls\u00e9s : un cocktail mortif\u00e8re pour les hommes, les animaux et l&rsquo;environnement. L\u2019alerte sanitaire lanc\u00e9e par le laboratoire ToxSeek suffit \u00e0 d\u00e9noncer ces constats.<\/p>\n<p>Malgr\u00e9 l\u2019ensemble de ces faits, aussi \u00e9tonnant que cela puisse para\u00eetre, aucune enqu\u00eate ou \u00e9tude de l&rsquo;ANSES ou des GPSE n\u2019a \u00e9t\u00e9 port\u00e9e sur ces pollutions aux terres rares dans l\u2019environnement, ni m\u00eame sur les risques sanitaires par ingestion par les hommes et les animaux. Aucune mesure relative aux infrasons, aucun diagnostic sur les courants parasites qui s\u2019\u00e9chappent des c\u00e2bles \u00e9lectriques enterr\u00e9s par Enedis. Pas d\u2019\u00e9tude ou d\u2019alerte concernant les possibles contaminations aux micro et nanoparticules rejet\u00e9es dans l&rsquo;environnement \u00e0 partir des polym\u00e8res d&rsquo;\u00e9poxy issus de l\u2019\u00e9rosion des pales et contenant du Bisph\u00e9nol A. Or, nous ne connaissons que trop bien aujourd\u2019hui le danger du Bisph\u00e9nol sur les hommes et les animaux.<\/p>\n<p>Enfin, nous ne reviendrons pas sur les probl\u00e9matiques \u00e9conomiques, suffisamment trait\u00e9es dans les rapports de la Commission d\u2019enqu\u00eate Aubert et de la Cour des Comptes. Un non-sens \u00e9conomique et environnemental, puisque sans effet sur le r\u00e9chauffement climatique, mais alourdissant consid\u00e9rablement la facture de l\u2019\u00c9tat, \u00e0 hauteur de 121 milliards d\u2019euros sur 20 ans, plongeant de surcro\u00eet la France dans une d\u00e9pendance aux puissances \u00e9trang\u00e8res pour son approvisionnement en terres rares et en gaz et nous conduisant aujourd\u2019hui \u00e0 une pr\u00e9carit\u00e9 \u00e9nerg\u00e9tique et un surco\u00fbt colossal de l\u2019\u00e9nergie.<\/p>\n<p>Le M\u00e9doc est l\u2019un des territoires les plus important emprunt\u00e9 par les oiseaux migrateurs et il n\u2019est pas possible de placer de telles machines dans ce couloir de migration.<\/p>\n<p>De plus, le M\u00e9doc abrite l\u2019un des plus beaux vignobles de France, v\u00e9ritable support \u00e9conomique et touristique les pollutions aux terres rares et autres r\u00e9sidus d\u2019huile dangereuses impactera durablement l\u2019image des vins de Bordeaux et condamnera la profession pour des d\u00e9cennies.<\/p>\n<p>Au regard des raisons \u00e9voqu\u00e9es dans cette contribution, au regard des dangers environnementaux et sanitaires occasionn\u00e9s sur les hommes, les animaux et l\u2019environnement, pour Le Mouvement de la Ruralit\u00e9 ce projet doit \u00eatre refus\u00e9.<\/p>\n<p>Nous invitons les habitants \u00e0 visionner notre film sur l\u2019\u00e9olien et nous aurions aim\u00e9 que la commission du d\u00e9bat public puisse le visionner en parall\u00e8le de la propagande de l\u2019industriel. https:\/\/www.lemouvrural.fr\/fr\/video\/893-eoliennes-le-principe-de-precaution-s-impose<\/p>\n<p>Eddie PUYJALON<br \/>\nPr\u00e9sident d\u2019honneur du Mouvement de la Ruralit\u00e9<br \/>\nAncien Conseiller R\u00e9gional de Nouvelle-Aquitaine<\/p>\n<\/div>\n\t\t\t\t\t<\/div>\n\t\t\t\t<\/div>\n\t\t\t\t\t\t\t<div data-accordion class=\"faq-main\">\n\t\t\t\t\t<div data-control class=\"faq-title\">\n\t\t\t\t\t\t<h4>Stephanie GAUTIER<\/h4>\n\t\t\t\t\t<\/div>\n\t\t\t\t\t<div data-content>\n\t\t\t\t\t\t\t\t\t\t\t\t<div class=\"faq-content\"><p>Contre<\/p>\n<\/div>\n\t\t\t\t\t<\/div>\n\t\t\t\t<\/div>\n\t\t\t\t\t\t\t<div data-accordion class=\"faq-main\">\n\t\t\t\t\t<div data-control class=\"faq-title\">\n\t\t\t\t\t\t<h4>M ROUVERO<\/h4>\n\t\t\t\t\t<\/div>\n\t\t\t\t\t<div data-content>\n\t\t\t\t\t\t\t\t\t\t\t\t<div class=\"faq-content\"><p>Les \u00e9oliennes mettront le feu \u00e0 la for\u00eat, vont d\u00e9visager la for\u00eat, perturber les animaux et les riverains, honte \u00e0 la soci\u00e9t\u00e9 Valorem que le dirigeants mettent.des \u00e9oliennes au fond de son jardin et on commencera \u00e0 discuter ! Stop \u00e0 ce projet.<\/p>\n<\/div>\n\t\t\t\t\t<\/div>\n\t\t\t\t<\/div>\n\t\t\t\t\t\t\t<div data-accordion class=\"faq-main\">\n\t\t\t\t\t<div data-control class=\"faq-title\">\n\t\t\t\t\t\t<h4>Luc DEHON<\/h4>\n\t\t\t\t\t<\/div>\n\t\t\t\t\t<div data-content>\n\t\t\t\t\t\t\t\t\t\t\t\t<div class=\"faq-content\"><p>nous sommes contre les \u00e9oliennes, nous sommes venus \u00e0 St Tr\u00e9lody pour la premi\u00e8re r\u00e9union<br \/>\net avons \u00e9t\u00e9 choqu\u00e9 de voir qu&rsquo;il existe encore une personne favorable au projet<br \/>\ncomment peut-on vouloir d\u00e9truire cette magnifique r\u00e9gion au b\u00e9n\u00e9fice de l&rsquo;inutile?<\/p>\n<\/div>\n\t\t\t\t\t<\/div>\n\t\t\t\t<\/div>\n\t\t\t\t\t\t\t<div data-accordion class=\"faq-main\">\n\t\t\t\t\t<div data-control class=\"faq-title\">\n\t\t\t\t\t\t<h4>Pierre-Alain DELAITTRE<\/h4>\n\t\t\t\t\t<\/div>\n\t\t\t\t\t<div data-content>\n\t\t\t\t\t\t\t\t\t\t\t\t<div class=\"faq-content\"><p>1. L\u2019artificialisation des sols n\u2019est pas en coh\u00e9rence avec une zone de protection tel que le parc naturel.<br \/>\n2. L&rsquo;implantation d&rsquo;\u00e9oliennes dans un important couloir de migration d&rsquo;animaux volants, la plupart \u00e9tant des esp\u00e8ces prot\u00e9g\u00e9es, n&rsquo;est pas conseill\u00e9e<br \/>\n2. Il faut pr\u00e9f\u00e9rer l&rsquo;implantation \u00e0 quelques kilom\u00e8tres dans l&rsquo;atlantique. C&rsquo;est plus \u00e9cologique et plus efficace. Et nous avons la technologie et le savoir faire en France pour r\u00e9aliser cela.<\/p>\n<\/div>\n\t\t\t\t\t<\/div>\n\t\t\t\t<\/div>\n\t\t\t\t\t\t\t<div data-accordion class=\"faq-main\">\n\t\t\t\t\t<div data-control class=\"faq-title\">\n\t\t\t\t\t\t<h4>Sylvie GAUDOU<\/h4>\n\t\t\t\t\t<\/div>\n\t\t\t\t\t<div data-content>\n\t\t\t\t\t\t\t\t\t\t\t\t<div class=\"faq-content\"><p>Bonjour, je suis contre ce projet qui va d\u00e9figurer le M\u00e9doc, contribuer \u00e0 perturber la faune sauvage, tuer les oiseaux migrateurs. Compte tenu du nombre de zones commerciales existantes, si des panneaux solaires \u00e9taient pos\u00e9s sur tous les parking existants et \u00e0 venir, que la Mairie qui construit une nouvelle piscine installait des panneaux solaires pour la chauffer, je pense que d\u00e9j\u00e0 nous contribuerions \u00e0 une meilleure adaptation au r\u00e9chauffement climatique. Nous avons besoin de nos for\u00eats justement pour contrer le r\u00e9chauffement de notre plan\u00e8te, ne soyons pas un mini Br\u00e9sil \u00e0 couper nos for\u00eats inutilement.<br \/>\nMerci de bien vouloir tenir compte de mon avis. Cordialement<\/p>\n<\/div>\n\t\t\t\t\t<\/div>\n\t\t\t\t<\/div>\n\t\t\t\t\t\t\t<div data-accordion class=\"faq-main\">\n\t\t\t\t\t<div data-control class=\"faq-title\">\n\t\t\t\t\t\t<h4>Jean-Louis GARCIA<\/h4>\n\t\t\t\t\t<\/div>\n\t\t\t\t\t<div data-content>\n\t\t\t\t\t\t\t\t\t\t\t\t<div class=\"faq-content\"><p>Quelles solutions pour remplacer la production nucl\u00e9aire, la production \u00e9olienne, solaire, charbon, gaz ?? . Toutes sont d\u00e9cri\u00e9es ! houspill\u00e9es ! . Il faudra \u00e0 un moment opter pour un choix : le bon ou le moins mauvais \u00e9tant donn\u00e9 les options actuelles n\u00e9cessaires pour b\u00e9n\u00e9ficier de l&rsquo;\u00e9lectricit\u00e9.<\/p>\n<\/div>\n\t\t\t\t\t<\/div>\n\t\t\t\t<\/div>\n\t\t\t\t\t\t\t<div data-accordion class=\"faq-main\">\n\t\t\t\t\t<div data-control class=\"faq-title\">\n\t\t\t\t\t\t<h4>Genevi\u00e8ve GARCIA<\/h4>\n\t\t\t\t\t<\/div>\n\t\t\t\t\t<div data-content>\n\t\t\t\t\t\t\t\t\t\t\t\t<div class=\"faq-content\"><p>nous sommes pour les \u00e9oliennes, nous sommes venus \u00e0 St Tr\u00e9lody pour la premi\u00e8re r\u00e9union<br \/>\net avons \u00e9t\u00e9 choqu\u00e9 de voir tous ces gens oppos\u00e9s au projet<br \/>\ndans cette r\u00e9gion tout est n\u00e9gatif ,ils ne veulent rien<\/p>\n<\/div>\n\t\t\t\t\t<\/div>\n\t\t\t\t<\/div>\n\t\t\t\t\t\t\t<div data-accordion class=\"faq-main\">\n\t\t\t\t\t<div data-control class=\"faq-title\">\n\t\t\t\t\t\t<h4>Vincent M<\/h4>\n\t\t\t\t\t<\/div>\n\t\t\t\t\t<div data-content>\n\t\t\t\t\t\t\t\t\t\t\t\t<div class=\"faq-content\"><p>Ce projet est une h\u00e9r\u00e9sie !<br \/>\nComment peut- on envisager d&rsquo;implanter au beau milieu de cette magnifique presque ile, 12 \u00e9oliennes g\u00e9antes aussi haute que la tour Montparnasse !<br \/>\nDe telle machines devraient \u00eatres implanter en bordure d&rsquo;autoroute , ou au milieu de grandes exploitations agricoles de plusieurs centaines d&rsquo;hectares , la ou les paysages son d\u00e9j\u00e0 d\u00e9figur\u00e9 et ou les terres sont polluer a coup de produits chimiques, et non pas en pleine nature ,entre oc\u00e9an et foret !<br \/>\n.<br \/>\nLe Medoc est maintenant un parc naturel , l&rsquo;oc\u00e9an et la nature pr\u00e9serv\u00e9 sont ses atouts. il faudrait plut\u00f4t y d\u00e9velopper la qualit\u00e9 de vie , un tourisme raisonnable , investir sur la ligne ferroviaire , y developper l&rsquo;activit\u00e9 \u00e9conomique .Faire de ce territoire un espace pr\u00e9serv\u00e9 , attractif , ou il fait bon vivre . un territoire pr\u00e9serv\u00e9 comme le medoc est rare , il ne faut pas le d\u00e9truire !<br \/>\nSes \u00e9oliennes n&rsquo;apporteront que des nuisances et n&rsquo;apporteront rien au d\u00e9veloppement du vaste territoire m\u00e9docain, elles d\u00e9signeront une presque ile sans valeur , ou en son coeur les hommes sont capable du pire.<br \/>\nElles ne feront qu&rsquo;enrichir les actionnaires dans un monde diriger par l&rsquo;argent .<\/p>\n<\/div>\n\t\t\t\t\t<\/div>\n\t\t\t\t<\/div>\n\t\t\t\t\t\t\t<div data-accordion class=\"faq-main\">\n\t\t\t\t\t<div data-control class=\"faq-title\">\n\t\t\t\t\t\t<h4>Jean-Yves NICOLAS<\/h4>\n\t\t\t\t\t<\/div>\n\t\t\t\t\t<div data-content>\n\t\t\t\t\t\t\t\t\t\t\t\t<div class=\"faq-content\"><p>Remarques sur l\u2019interaction valorem avec participants.<br \/>\nDans le processus d&rsquo;avis contributions, le d\u00e9lai de r\u00e9ponse est excessif et l&rsquo;insertion de documents (uniquement pdf, est un peu capricieux pour le citoyen lambda)<br \/>\nJ&rsquo;ai r\u00e9ussi l&rsquo;envoi d&rsquo;un pdf (1 page) qu&rsquo;il est impossible de visualiser dans ma contribution !<br \/>\nj&rsquo;ai du reprendre ma contribution pour r\u00e9cup\u00e9rer le lien dans la r\u00e9ponse personnalis\u00e9e de Valorem, et l&rsquo;ins\u00e9rer dans une reprise de ma contribution qui sortiras dans quelques temps !<br \/>\nPar ailleurs, concernant l&rsquo;atelier de ce soir 24 nov 2022 \u00ab\u00a0quels impacts sur le cadre de vie\u00a0\u00bb, aucune information sur le contenu, sujets concern\u00e9s, abordables ou hors sujet &#8230; ou peut-\u00eatre trait\u00e9s ult\u00e9rieurement !<br \/>\nLes impacts sur la faune, la flore, sont localisables dans les dossiers Valorem.<br \/>\nLes impacts sur le cadre de vie (du proche citoyen sans doute, car non pr\u00e9cis\u00e9) ne font l&rsquo;objet d&rsquo;aucun chapitre !<br \/>\nL&rsquo;humain et son environnement direct ne sont abord\u00e9s nulle part &#8230; dans leur dossiers ! sinon en pointill\u00e9s !<br \/>\nSon \u00ab\u00a0cadre de vie\u00a0\u00bb n\u2019appara\u00eet que dans un atelier ou aucune info n&rsquo;est donn\u00e9e sur le contenu, le d\u00e9roulement, l&rsquo;apport possible de documents &#8230;<br \/>\nConcernant l&rsquo;impact visuel \u00e9voqu\u00e9 sur le site d&rsquo;implantation des \u00e9oliennes, pas une vue depuis la Tour de l&rsquo;honneur \u00e0 Lesparre le plus proche point de vue, \u00e0 moins de 5 km, largement visit\u00e9, plusieurs milliers de personnes, qui acc\u00e8dent \u00e0 la terrasse uniquement pour le \u00ab\u00a0point de vue\u00a0\u00bb<br \/>\nLe proche citoyen vaut-il moins que les chiropt\u00e8res, la flore, les insectes, oiseaux etc &#8230; pour tous les nombreux pr\u00e9judices qu&rsquo;il supportera \u00e0 vie ?<br \/>\nNe traiter ce sujet que par le biais d&rsquo;un atelier me semble d&rsquo;une volont\u00e9 affirm\u00e9e de vouloir le nier !<br \/>\nUne bonne raison de demander une r\u00e9vision du processus et de rejeter cette nouvelle proc\u00e9dure, plus qu&rsquo;ignorante des d\u00e9g\u00e2ts qu&rsquo;elle impose !<br \/>\nJean yves Nicolas Vent Debout Medoc Eoliennes<\/p>\n<\/div>\n\t\t\t\t\t<\/div>\n\t\t\t\t<\/div>\n\t\t\t\t\t\t\t<div data-accordion class=\"faq-main\">\n\t\t\t\t\t<div data-control class=\"faq-title\">\n\t\t\t\t\t\t<h4>Vent Debout Medoc Eoliennes<\/h4>\n\t\t\t\t\t<\/div>\n\t\t\t\t\t<div data-content>\n\t\t\t\t\t\t\t\t\t\t\t\t<div class=\"faq-content\"><p>Une communication &#8230; tr\u00e8s am\u00e9lior\u00e9e ?<\/p>\n<p>(+ ajout en fin, le 24 novembre, du lien acces pi\u00e8ce jointe, dont l&rsquo;envoi est correct mais visibilit\u00e9 inaccessible. info site en retour: \u00ab\u00a0Il y a eu un probl\u00e8me avec votre soumission\u00a0\u00bb. Les erreurs sont signal\u00e9es ci-dessous.) &#8230; pas trouv\u00e9es!<\/p>\n<p>20 jours pour une publication Sud Ouest du CR r\u00e9union d&rsquo;ouverture, (je connais deja la reponse !)<br \/>\net une vid\u00e9o conf\u00e9rence catastrophique \u00e0 Bordeaux &#8230;<\/p>\n<p>voir pi\u00e8ce jointe PDF si l&rsquo;envoi est possible, ce que je crains !<\/p>\n<p>JYN<\/p>\n<p>Ajout\u00e9 le 24 novembre 2022<br \/>\nlien pour consultation pi\u00e8ce jointe pr\u00e9c\u00e9dente inaccessible au niveau insertion\/visibilit\u00e9 sur le site (sauf erreur):<\/p>\n<p>https:\/\/www.parc-eolien-coeur-medoc-energies.fr\/concertation\/wp-content\/uploads\/formidable\/2\/Pub-Facebook-_-SO-du-8-Nov-2022-et-CR-reunion-valorem-du-19-octobre-pdf.pdf<\/p>\n<p>sans doute passer par copier\/coller pour lecture !<\/p>\n<p>&nbsp;<\/p>\n<p><em>Nous vous remercions pour votre contribution \u00e0 la concertation. Pour des questions de droit d&rsquo;auteur nous ne pouvons diffuser des articles de presse dans leur int\u00e9gralit\u00e9 sans l&rsquo;accord du journal. C&rsquo;est pourquoi le PDF de l&rsquo;article cit\u00e9 ne peut \u00eatre diffus\u00e9 sur notre site. Nous ne pouvons relayer que le lien vers le site du journal : <a href=\"https:\/\/www.sudouest.fr\/gironde\/bordeaux\/projet-eolien-dans-le-medoc-le-temps-est-a-la-concertation-13039765.php\">https:\/\/www.sudouest.fr\/gironde\/bordeaux\/projet-eolien-dans-le-medoc-le-temps-est-a-la-concertation-13039765.php<\/a><\/em><\/p>\n<\/div>\n\t\t\t\t\t<\/div>\n\t\t\t\t<\/div>\n\t\t\t\t\t\t\t<div data-accordion class=\"faq-main\">\n\t\t\t\t\t<div data-control class=\"faq-title\">\n\t\t\t\t\t\t<h4>Jacqueline HUGUET<\/h4>\n\t\t\t\t\t<\/div>\n\t\t\t\t\t<div data-content>\n\t\t\t\t\t\t\t\t\t\t\t\t<div class=\"faq-content\"><p>A priori, je ne suis pas convaincue de l\u2019utilit\u00e9 d\u2019un parc \u00e9olien mais nos besoins en \u00e9lectricit\u00e9 allant croissant, j\u2019ai bien conscience de la n\u00e9cessit\u00e9 de diversifier nos sources d\u2019\u00e9nergie. Je suis farouchement contre le d\u00e9veloppement du nucl\u00e9aire. Chez nous, seules possibilit\u00e9s : le solaire et l\u2019\u00e9olien.<br \/>\nJe voudrais savoir quelle \u00e9quivalence entre ces deux sources d\u2019\u00e9nergie : production d\u2019\u00e9lectricit\u00e9, impact sur l\u2019environnement&#8230;<br \/>\nJe me suis inscrite \u00e0 l\u2019atelier du 29 novembre.<br \/>\nCordialement.<br \/>\nJ.huguet<\/p>\n<p>&nbsp;<\/p>\n<p><em>Nous vous remercions pour votre contribution \u00e0 la concertation.<\/em><\/p>\n<\/div>\n\t\t\t\t\t<\/div>\n\t\t\t\t<\/div>\n\t\t\t\t\t\t\t<div data-accordion class=\"faq-main\">\n\t\t\t\t\t<div data-control class=\"faq-title\">\n\t\t\t\t\t\t<h4>Robert SANTANDER<\/h4>\n\t\t\t\t\t<\/div>\n\t\t\t\t\t<div data-content>\n\t\t\t\t\t\t\t\t\t\t\t\t<div class=\"faq-content\"><p>Sauf erreur ou manque d\u2019information de ma part, voici quelques r\u00e9flexions personnelles sur ce projet et sur le document de concertation :<br \/>\n1. Chiropt\u00e8res (Chauves-Souris) :<br \/>\n&#8211; Dans le dossier de concertation, il est indiqu\u00e9 p34-35 : \u00ab Impact sur les habitats \u00bb, Faible \u00e0 fort selon les scenarii.<br \/>\n&#8211; Il eut \u00e9t\u00e9 plus pertinent de produire l\u2019\u00e9tude d\u2019impact sur les chiropt\u00e8res eux-m\u00eames et non pas seulement sur leur habitat, durant leurs p\u00e9riodes de chasse, de migration ou de reproduction, sur leurs corridors de d\u00e9placement. Et produire dans le dossier de concertation la cartographie g\u00e9n\u00e9r\u00e9e lors des \u00e9tudes pr\u00e9conis\u00e9es par le Protocole d\u2019\u00e9tude chiropt\u00e9rologique sur les projets de parcs \u00e9oliens (Protocole \u00e9labor\u00e9 par le Syndicat des \u00e9nergies renouvelables, sa branche \u00e9olienne France Energie Eolienne, la Soci\u00e9t\u00e9 Fran\u00e7aise pour l\u2019Etude et la Protection des Mammif\u00e8res et la Ligue pour la Protection des Oiseaux \u2022 Ao\u00fbt 2010).<br \/>\n&#8211; le Murin \u00e0 oreilles \u00e9chancr\u00e9es, les Oreillards, les Rhinolophes ou la Barbastelle d\u2019Europe, cit\u00e9es dans le dossier de concertation sont des animaux n\u00e9cessaires et en danger. Pour cette raison, il est recommand\u00e9 de ne pas installer d\u2019\u00e9oliennes en contexte forestier et bocager (SFEPM et EUROBATS, Note technique Dec 2020)<br \/>\n&#8211; De plus, le gouvernement a pri\u00e9 le 5 novembre 2022 tous les op\u00e9rateurs de d\u00e9brider (ne plus stopper) les installations \u00e9oliennes (ainsi que les barrages hydro\u00e9lectriques). Or, le bridage est une n\u00e9cessit\u00e9 pour prot\u00e9ger les chiropt\u00e8res. Si le parc est install\u00e9 \u00e0 Lesparre, les conditions \u00e9nerg\u00e9tiques n\u2019\u00e9tant pas pr\u00e8s de s\u2019am\u00e9liorer, que fera l\u2019op\u00e9rateur en mati\u00e8re de d\u00e9bridage ? respect ou non de la faune chiropt\u00e8re ? Vous devriez pr\u00e9ciser votre position<br \/>\n2. Eolien vs Nucl\u00e9aire<br \/>\n&#8211; On peut s\u2019interroger sur le besoin de promouvoir une installation de 8 ou 12 \u00e9oliennes de 230m de hauteur, en vue de g\u00e9n\u00e9rer environ 50 MW \u00e0 seulement 20Km d\u2019une centrale de 3600 MW de puissance. Quelle est la logique quand nous avons d\u00e9j\u00e0 quantit\u00e9 de parcs photovolta\u00efques dans le m\u00e9doc, efficaces et invisibles pour la plupart.<br \/>\n3. Quel int\u00e9r\u00eat \u00e9conomique ?<br \/>\n&#8211; Probablement celui de l\u2019industriel, de la soci\u00e9t\u00e9 d\u2019exploitation, des propri\u00e9taires terriens et enfin de la collectivit\u00e9. Mais qui paye ? Les citoyens en achetant leur \u00e9lectricit\u00e9.<br \/>\n4. Alternatives : Des Watts ou des N\u00e9gawatts ?<br \/>\n&#8211; Le dossier de concertation ne propose qu\u2019une alternative aux \u00e9oliennes, c\u2019est l\u2019abandon du projet (scenario 0 \u00e9olienne, p 31). Mais si produire encore plus d\u2019\u00e9nergie est int\u00e9ressant, il faudrait pr\u00e9senter en alternative au projet les r\u00e9flexions et les actions des collectivit\u00e9s en faveur des \u00e9conomies d\u2019\u00e9nergie, bien plus rentables pour le citoyen et pour elles-m\u00eames et qui cr\u00e9eraient vraiment de l\u2019emploi en M\u00e9doc.<br \/>\n&#8211; Quelles sont les r\u00e9flexions et les actions permettant d\u2019am\u00e9liorer l\u2019isolation de nombreuses habitations dans le M\u00e9doc?<br \/>\n&#8211; Quelles sont les r\u00e9flexions et les actions permettant d\u2019am\u00e9liorer la mobilit\u00e9 en milieu rural ou semi rural qui plombe aujourd\u2019hui les budgets des foyers? Par exemple :<br \/>\no des lignes de bus vraiment efficaces vers les centres \u00e9conomiques, les gares ou vers Bordeaux M\u00e9tropole<br \/>\no des services de transport \u00e0 la demande, permettant de r\u00e9duire le nombre de v\u00e9hicules personnels ou l\u2019utilisation fr\u00e9quente de ces m\u00eames v\u00e9hicules. Un aller-retour quotidien vers Bordeaux M\u00e9tropole, c\u2019est de l\u2019ordre de 500 Euros par mois par voiture par foyer\u2026<br \/>\no La modernisation de la ligne ferroviaire Bordeaux le Verdon en fr\u00e9quence et en r\u00e9gularit\u00e9 avec une structure de \u00ab Hub \u00bb aux principales gares offrant une multi-modalit\u00e9<br \/>\n&#8211; De telles r\u00e9flexions et actions permettraient sans doute une meilleure productivit\u00e9 \u00e9conomique pour la collectivit\u00e9 et permettraient d\u2019\u00e9viter l\u2019alt\u00e9ration du paysage M\u00e9docain par des \u00e9oliennes tout en prouvant un point de vue plus large sur le probl\u00e8me de l\u2019\u00e9nergie<br \/>\n&#8211; En invoquant l\u2019association N\u00e9gawatt et son sc\u00e9nario, on omet de pr\u00e9ciser dans le document de concertation que le principal vecteur de ce sc\u00e9nario N\u00e9gawatt est bien la baisse de la consommation d\u2019\u00e9nergie au profit du pouvoir d\u2019achat des m\u00e9nages (Synth\u00e8se du sc\u00e9nario N\u00e9gawatt 2022)<\/p>\n<p>&nbsp;<\/p>\n<p><em>Nous vous remercions pour votre contribution \u00e0 la concertation.<\/em><\/p>\n<\/div>\n\t\t\t\t\t<\/div>\n\t\t\t\t<\/div>\n\t\t\t\t\t\t\t<div data-accordion class=\"faq-main\">\n\t\t\t\t\t<div data-control class=\"faq-title\">\n\t\t\t\t\t\t<h4>Luc DEHON<\/h4>\n\t\t\t\t\t<\/div>\n\t\t\t\t\t<div data-content>\n\t\t\t\t\t\t\t\t\t\t\t\t<div class=\"faq-content\"><p>Sans pr\u00e9juger de la validit\u00e9 de leurs arguments, Ceux qui sont oppos\u00e9s au projet, expliquent pourquoi.<br \/>\nCeux qui sont pour le projet, n&rsquo;expliquent pas pourquoi.<br \/>\nIl serait bon, me semble-t-il, pour avoir ne serait-ce qu&rsquo;un semblant de cr\u00e9dibilit\u00e9, que ces derniers \u00e9tayent leur prise de position !<\/p>\n<\/div>\n\t\t\t\t\t<\/div>\n\t\t\t\t<\/div>\n\t\t\t\t\t\t\t<div data-accordion class=\"faq-main\">\n\t\t\t\t\t<div data-control class=\"faq-title\">\n\t\t\t\t\t\t<h4>Aur\u00e9lie DUPHIL<\/h4>\n\t\t\t\t\t<\/div>\n\t\t\t\t\t<div data-content>\n\t\t\t\t\t\t\t\t\t\t\t\t<div class=\"faq-content\"><p>Bonjour,<\/p>\n<p>Je souhaite aborder plusieurs points.<\/p>\n<p>Au niveau de l&rsquo;\u00e9tude de paysage, m\u00eame si cela n&rsquo;est pas coutumier, je pense que donner la comparaison avec de l&rsquo;existant local peut aider \u00e0 se faire une id\u00e9e. Il existe sur la commune d&rsquo;Ordonnac une antenne relais tv\/fm bien visible de 70 m\u00e8tres de haut et 106 m\u00e8tres d&rsquo;altitude \u00e0 son sommet, il faut juste consid\u00e9rer qu&rsquo;une des \u00e9olienne du projet sera deux fois plus haute, de suite \u00e7a en impose sur du \u00ab\u00a0d\u00e9j\u00e0 vu\u00a0\u00bb et du \u00ab\u00a0visible depuis chez nous\u00a0\u00bb.<\/p>\n<p>Depuis un site tel que le site arch\u00e9ologique de la Chapelle sur la commune de Jau, la taille apparente du-dit relais tv\/fm est de 0.009 radian alors que le relais est \u00e0 12km, une \u00e9olienne aura une taille apparente de 0.01 radian alors qu&rsquo;elle sera \u00e0 20 km environ. L&rsquo;impact est donc r\u00e9el, et le sera d&rsquo;autant plus la nuit, quand nous aurons une constellation de lumi\u00e8res rouges \u00e0 l&rsquo;horizon, puisque que compte-tenu de la hauteur des \u00e9oliennes du projet, ce ne sera pas une, mais au moins deux signalisation lumineuse sur la machine.<\/p>\n<p>De plus, pour se faire une id\u00e9e du projet, pr\u00e9senter une \u00e9tude des dangers et servitudes semble la moindre des choses.<\/p>\n<p>O\u00f9 sont les \u00e9tudes k\u00e9raunique ? Nous sommes dans une zone \u00e0 niveau k\u00e9raunique \u00e9lev\u00e9, ainsi que fortement foudroy\u00e9e, qu&rsquo;est-ce que \u00e7a implique ?<br \/>\nLa protection contre la foudre sera obligatoire sur un territoire comme le n\u00f4tre, comment imaginez-vous la dispersion de la foudre dans le sol ? Avez-vous \u00e9limin\u00e9 \u00e0 ce niveau le risque d&rsquo;incendie par le sol dans un zone o\u00f9 vous risquez de trouver de la tourbe ?<\/p>\n<p>D&rsquo;ailleurs o\u00f9 sont les \u00e9tudes de sol ? Est-ce qu&rsquo;un sol \u00e0 majorit\u00e9 sableuse peut permettre une stabilit\u00e9 suffisante des structures ?<\/p>\n<p>O\u00f9 sont les \u00e9tudes du risque d&rsquo;inondations par remont\u00e9 de nappe, du risque de feu de for\u00eat, du risque de gel \/ brouillard, l&rsquo;\u00e9tude du risque de vent fort\/temp\u00eate ?<\/p>\n<p>Sans ces \u00e9tudes, comment avoir une id\u00e9e des risques d&rsquo;effondrement, rupture de p\u00e2le, chute d&rsquo;\u00e9l\u00e9ment ou encore incendie. Comment pouvons-nous nous projeter sans avoir les \u00e9l\u00e9ments en main ?<\/p>\n<p>Avez-vous envisager le risque li\u00e9 \u00e0 la chasse ? Nous sommes dans une zone foresti\u00e8re, dans une commune particuli\u00e8rement impact\u00e9e par le cerf et le sanglier o\u00f9 des battues ont lieux avec tir \u00e0 balle, allez-vous interdire les battues dans les 2km \u00e0 la ronde ?<\/p>\n<p>Je ne rajouterai rien quand aux \u00e9l\u00e9ments de fragilit\u00e9 du milieu dans lequel vous souhaitez implanter ce projet, que ce soit au niveau environnemental ou au niveau des incendies de for\u00eat et de la privation de moyen de lutte a\u00e9rien sur toute la zone et ses abords. Vous parlez de poche d&rsquo;eau sur place&#8230; c&rsquo;est bien, mais quand un incendie se propage et avale des centaines d&rsquo;hectares en moins d&rsquo;une heure (du v\u00e9cu cet \u00e9t\u00e9 au Temple), la poche d&rsquo;eau ne sera pas suffisante car il faudra avoir le temps d&rsquo;y arriver.<\/p>\n<p>Quel impact aura cette trou\u00e9e permanente dans le massif forestier sur les parcelles alentours quant au risque accru de chablis en cas de coup de vent ? Les propri\u00e9taires forestiers alentours sont-ils bien inform\u00e9 de cet al\u00e9a qui leur co\u00fbtera de l&rsquo;argent s&rsquo;il intervient ?<\/p>\n<p>Quelle alternative me direz-vous ? Et bien au lieu d&rsquo;immobiliser du foncier en zone foresti\u00e8re\/naturelle, en plein r\u00e9chauffement climatique, prendre la place d&rsquo;arbres, qui s\u00e9questrent du carbone en plus de r\u00e9guler la temp\u00e9rature, l&rsquo;hygrom\u00e9trie et le vent, n&rsquo;est pas la solution, m\u00eame pour y mettre de la production d&rsquo;\u00e9nergie renouvelable : pourquoi ne pas s&rsquo;\u00e9vertuer \u00e0 faire avec l&rsquo;existant ? Il serait bien plus acceptable pour les habitants de voir des panneaux solaires sur les b\u00e2timents ou encore mieux, des ombri\u00e8res sur les parkings de supermarch\u00e9s&#8230; l\u00e0 au moins ce serait utile en plus d&rsquo;\u00eatre rentable et socialement acceptable&#8230; \u00c7a existe \u00e0 quelques kilom\u00e8tres de chez nous, sur le parking du Casino \u00e0 St Jean d&rsquo;Illac, voil\u00e0 une alternative audacieuse. Proposez aux particulier de louer leur toiture&#8230; vous aurez beaucoup de volontaires !<\/p>\n<p>Cordialement<\/p>\n<\/div>\n\t\t\t\t\t<\/div>\n\t\t\t\t<\/div>\n\t\t\t\t\t\t\t<div data-accordion class=\"faq-main\">\n\t\t\t\t\t<div data-control class=\"faq-title\">\n\t\t\t\t\t\t<h4>Aurelien CADRET<\/h4>\n\t\t\t\t\t<\/div>\n\t\t\t\t\t<div data-content>\n\t\t\t\t\t\t\t\t\t\t\t\t<div class=\"faq-content\"><p>Pour<\/p>\n<\/div>\n\t\t\t\t\t<\/div>\n\t\t\t\t<\/div>\n\t\t\t\t\t\t\t<div data-accordion class=\"faq-main\">\n\t\t\t\t\t<div data-control class=\"faq-title\">\n\t\t\t\t\t\t<h4>Luc DEHON<\/h4>\n\t\t\t\t\t<\/div>\n\t\t\t\t\t<div data-content>\n\t\t\t\t\t\t\t\t\t\t\t\t<div class=\"faq-content\"><p>Dans l&rsquo;encadr\u00e9 : \u00ab\u00a0comment fonctionne un parc \u00e9olien\u00a0\u00bb, le sch\u00e9ma qui accompagne le texte est faux, donc susceptible de donner une fausse id\u00e9e du fonctionnement aux b\u00e9otiens ! En effet, l&rsquo;injection se fait en moyenne tension, c&rsquo;est \u00e0 dire entre 10000 et 20000 volts. Il est donc impossible, comme l&rsquo;indique le sch\u00e9ma, que les foyers soient aliment\u00e9s directement \u00e0 partir de ce point d&rsquo;injection !!! Les foyers sont aliment\u00e9s \u00e0 partir de points de distribution basse tension qui d\u00e9livrent du 220 volts, donc pas du tout au m\u00eame niveau que le point d&rsquo;injection. Ils sont inchang\u00e9s quand on met en place un parc \u00e9olien, et restent compl\u00e9tement disjoints du point d&rsquo;injection. Si je crois bon de pr\u00e9ciser cela, c&rsquo;est parce que de nombreuses personnes pensent que les foyers qui se trouvent \u00e0 proximit\u00e9 d&rsquo;un parc, re\u00e7oivent directement et en priorit\u00e9, l&rsquo;\u00e9lectricit\u00e9 produite par les \u00e9oliennes.<\/p>\n<\/div>\n\t\t\t\t\t<\/div>\n\t\t\t\t<\/div>\n\t\t\t\t\t\t\t<div data-accordion class=\"faq-main\">\n\t\t\t\t\t<div data-control class=\"faq-title\">\n\t\t\t\t\t\t<h4>C\u00e9dric PEYRAUD<\/h4>\n\t\t\t\t\t<\/div>\n\t\t\t\t\t<div data-content>\n\t\t\t\t\t\t\t\t\t\t\t\t<div class=\"faq-content\"><p>Je suis contre ce projet<br \/>\nD\u00e9truire des centaine d&rsquo;hectares de forets est inacceptable<br \/>\nD\u00e9grader la vie des riverains en les exposant a des risques sanitaire ne peut pas etre acept\u00e9e<\/p>\n<\/div>\n\t\t\t\t\t<\/div>\n\t\t\t\t<\/div>\n\t\t\t\t\t\t\t<div data-accordion class=\"faq-main\">\n\t\t\t\t\t<div data-control class=\"faq-title\">\n\t\t\t\t\t\t<h4>Vent Debout Medoc Eoliennes<\/h4>\n\t\t\t\t\t<\/div>\n\t\t\t\t\t<div data-content>\n\t\t\t\t\t\t\t\t\t\t\t\t<div class=\"faq-content\"><p>Une communication &#8230; tr\u00e8s amelior\u00e9e ?<br \/>\n20 jours pour une publication Sud Ouest du CR r\u00e9union d&rsquo;ouverture, (je connais deja la reponse !)<br \/>\net une video conference catastrophique \u00e0 Bordeaux &#8230;<\/p>\n<p>voir piece jointe PDF si l&rsquo;envoi est possible, ce que je crains !<\/p>\n<p>JYN<\/p>\n<p>&nbsp;<\/p>\n<p><em>Afin de respecter le droit d&rsquo;auteur, nous ne pouvons pas publier des articles de presse dans leur int\u00e9gralit\u00e9 sans l&rsquo;autorisation du journal.<\/em><\/p>\n<\/div>\n\t\t\t\t\t<\/div>\n\t\t\t\t<\/div>\n\t\t\t\t\t\t\t<div data-accordion class=\"faq-main\">\n\t\t\t\t\t<div data-control class=\"faq-title\">\n\t\t\t\t\t\t<h4>Francois HINAULT<\/h4>\n\t\t\t\t\t<\/div>\n\t\t\t\t\t<div data-content>\n\t\t\t\t\t\t\t\t\t\t\t\t<div class=\"faq-content\"><p>Je suis d\u00e9finitivement contre l&rsquo;Eolien sur terre comme en mer.<\/p>\n<\/div>\n\t\t\t\t\t<\/div>\n\t\t\t\t<\/div>\n\t\t\t\t\t\t\t<div data-accordion class=\"faq-main\">\n\t\t\t\t\t<div data-control class=\"faq-title\">\n\t\t\t\t\t\t<h4>Alain CHAMBORD<\/h4>\n\t\t\t\t\t<\/div>\n\t\t\t\t\t<div data-content>\n\t\t\t\t\t\t\t\t\t\t\t\t<div class=\"faq-content\"><p>Le promoteur \u00e9olien Valorem, par sa dizaine d&rsquo;a\u00e9rog\u00e9n\u00e9rateurs, s&rsquo;appr\u00eate \u00e0 d\u00e9figurer le M\u00e9doc sur les communes de Lesparre et d&rsquo;Hourtin.<br \/>\nLa laideur vrombissante de ces turbines g\u00e9antes va transformer notre for\u00eat en site industriel pour le plus grand profit de Valorem au d\u00e9triment de la qualit\u00e9 de vie dans cette partie de la presqu&rsquo;\u00eele. L&rsquo;environnement des ruraux sera pollu\u00e9 par cette \u00e9nergie inutile, co\u00fbteuse, non recyclable, dont les nuisances sont visuelles et sonores : destruction du patrimoine naturel, atteintes \u00e0 la biodiversit\u00e9, danger pour les oiseaux, artificialisation des sols&#8230;<br \/>\nQu&rsquo;adviendra-t-il dans vingt-cinq ans ?<br \/>\nCompte tenu du co\u00fbt exorbitant de leur d\u00e9mant\u00e8lement, non assum\u00e9 par le promoteur, Lesparre et Hourtin conserveront cette friche industrielle qui aura saccag\u00e9 une partie du Parc naturel du M\u00e9doc.<br \/>\nLe promoteur Valorem vit gr\u00e2ce aux subventions massives venues de l&rsquo;Etat par le biais de nos factures d&rsquo;\u00e9lectricit\u00e9 qui ont augment\u00e9 de 50 % en dix ans \u00e0 cause de la contribution au service public de l&rsquo;\u00e9lectricit\u00e9 (CSPE) devenue hors de contr\u00f4le pour promouvoir le lobby \u00e9olien. Plus de dix milliards en 2022 pour produire moins de 10 % de la consommation \u00e9lectrique !<br \/>\nAvec un tel niveau de subvention, ne faut-il pas craindre que la mise en oeuvre de la politique \u00e9olienne s&rsquo;accompagne d&rsquo;un d\u00e9veloppement de la corruption ?<br \/>\nL&rsquo;\u00e9olien, tr\u00e8s gourmand en foncier et donc en biodiversit\u00e9 mais aussi en ressources min\u00e9rales (m\u00e9taux, b\u00e9ton&#8230;) n&rsquo;a pas d&rsquo;utilit\u00e9 pour faire baisser les \u00e9missions de CO2. En effet, les caprices du vent et l&rsquo;impossibilit\u00e9 de stocker l&rsquo;\u00e9nergie intermittente obligent les fournisseurs d&rsquo;\u00e9lectricit\u00e9 \u00e0 compenser ces graves d\u00e9fauts par des centrales \u00e0 charbon et \u00e0 gaz tr\u00e8s polluantes. L&rsquo;Allemagne illustre cette impasse, qui, apr\u00e8s avoir ferm\u00e9 ses centrales nucl\u00e9aires, apr\u00e8s s&rsquo;\u00eatre couverte d&rsquo;\u00e9oliennes, doit maintenant recourir aux \u00e9nergies fossiles pour s&rsquo;\u00e9clairer, se chauffer et faire tourner ses usines. Le champion autoproclam\u00e9 de l&rsquo;\u00e9cologie est devenue le plus grand pollueur d&rsquo;Europe !<br \/>\nL&rsquo;implantation d&rsquo;a\u00e9rog\u00e9n\u00e9rateurs en M\u00e9doc contribuerait \u00e0 encourager cette trajectoire anti-\u00e9cologique.<br \/>\nUn monde fond\u00e9 sur les \u00e9nergies renouvelables et intermittentes, l&rsquo;humanit\u00e9 l&rsquo;a pratiqu\u00e9 pendant des milliers d&rsquo;ann\u00e9es avant la r\u00e9volution industrielle, un monde o\u00f9 l&rsquo;esp\u00e9rance de vie atteignait p\u00e9niblement trente ans.<br \/>\nLe gouvernement a rhabill\u00e9 en politique climatique la subvention massive des a\u00e9rog\u00e9n\u00e9rateurs dont le r\u00e9sultat est nul puisque cette \u00e9lectricit\u00e9 se substitue au nucl\u00e9aire qui lui, en produit abondamment, de fa\u00e7on r\u00e9guli\u00e8re et s\u00fbre, \u00e0 un bien moindre co\u00fbt, avec deux fois moins d&rsquo;\u00e9missions de CO2 sur l&rsquo;ensemble de son cycle de vie.<br \/>\nL&rsquo;\u00e9nergie \u00e9olienne n&rsquo;a rien de renouvelable ou de vert. Elle nourrit des promoteurs comme Valorem qui se parent des habits de l&rsquo;\u00e9cologie pour faire de l&rsquo;argent facilement sur le dos des concitoyens ruraux.<br \/>\nPour s&rsquo;opposer \u00e0 cette \u00e9nergie intermittente qui d\u00e9figure d\u00e9j\u00e0 la France et bient\u00f4t peut-\u00eatre le M\u00e9doc, la solution c&rsquo;est la r\u00e9elle relance du nucl\u00e9aire, dont nous apercevons un de ses fleurons sur la rive droite de l&rsquo;estuaire, \u00e0 Braud et Saint-Louis.<\/p>\n<\/div>\n\t\t\t\t\t<\/div>\n\t\t\t\t<\/div>\n\t\t\t\t\t\t\t<div data-accordion class=\"faq-main\">\n\t\t\t\t\t<div data-control class=\"faq-title\">\n\t\t\t\t\t\t<h4>Christine DELSALLE<\/h4>\n\t\t\t\t\t<\/div>\n\t\t\t\t\t<div data-content>\n\t\t\t\t\t\t\t\t\t\t\t\t<div class=\"faq-content\"><p>L&rsquo;installation de ce parc \u00e9olien dans le M\u00e9doc serait pr\u00e9judiciable \u00e0 la faune sauvage notamment aux populations de cervid\u00e9s tr\u00e8s pr\u00e9sentes sur ce secteur qui seraient contraintes de se d\u00e9placer, ce qui en outre g\u00e9n\u00e8rerait des risques pour la circulation automobile. Elle serait pr\u00e9judiciable \u00e9galement aux oiseaux migrateurs avec des risques de mortalit\u00e9 \u00e9lev\u00e9e. D&rsquo;autre part la hauteur et l&rsquo;implantation au sol des \u00e9oliennes, outre le fait qu&rsquo;elles d\u00e9figurent et \u00ab\u00a0b\u00eatonnisent\u00a0\u00bb le paysage, g\u00eanerait le passage des Canadairs et des moyens de lutte terrestre contre le feu dans cette zone class\u00e9e \u00e0 fort Risque incendie. Il serait pr\u00e9f\u00e9rable de rentabiliser les \u00e9oliennes d\u00e9j\u00e0 install\u00e9es dans d&rsquo;autres r\u00e9gions qui souvent sont \u00e0 l&rsquo;arr\u00eat ou de d\u00e9velopper l&rsquo;\u00e9olien en mer. La for\u00eat est fragile, prot\u00e9geons l\u00e0! Pour ces diff\u00e9rentes raisons, je me prononce contre ce projet.<\/p>\n<\/div>\n\t\t\t\t\t<\/div>\n\t\t\t\t<\/div>\n\t\t\t\t\t\t\t<div data-accordion class=\"faq-main\">\n\t\t\t\t\t<div data-control class=\"faq-title\">\n\t\t\t\t\t\t<h4>Didier RICHARD<\/h4>\n\t\t\t\t\t<\/div>\n\t\t\t\t\t<div data-content>\n\t\t\t\t\t\t\t\t\t\t\t\t<div class=\"faq-content\"><p>L ete que nous venons de conna\u00eetre fut en termes d incendie un \u00e9t\u00e9 exceptionnel, il y a fort a craindre que ce type d \u00e9v\u00e9nement devienne la norme dans les ann\u00e9es a venir, tant et si bien qu \u00e0 l issue de cet \u00ab\u00a0\u00e9t\u00e9 en enfer\u00a0\u00bb, il a \u00e9t\u00e9 d\u00e9cid\u00e9, apr\u00e8s plusieurs r\u00e9union entre acteurs de la d\u00e9fense incendie, de modifier la strat\u00e9gie actuelle de lutte incendie et un plan incendie en a m\u00eame d\u00e9coul\u00e9,<\/p>\n<p>Dans le m\u00eame temps la DREAL \u00e9tablissait la \u00ab\u00a0Cartographie des zones propices au d\u00e9veloppement de l\u2019\u00e9olien terrestre\u00a0\u00bb ou le territoire m\u00e9docain de Lesparre a Carcan \u00e9tait largement mis en avant pour ses aptitudes (selon les crit\u00e8res d\u00e9finis) a recevoir au c\u0153ur de ses grandes forets de pins des \u00e9oliennes, cependant dans ce document une annexe \u00ab\u00a0enjeu feu de foret\u00a0\u00bb disait ceci\u00a0:<\/p>\n<p>\u00ab\u00a0 L&rsquo;intensit\u00e9 exceptionnelle des feux de for\u00eat de cet \u00e9t\u00e9 n&rsquo;avait pas \u00e9t\u00e9 prise en compte jusqu&rsquo;\u00e0 pr\u00e9sent et justifie un approfondissement. Aussi, \u00e0 ce stade du projet, l\u2019al\u00e9a . Feux de for\u00eats \/ sera abord\u00e9e dans la phase de consultation en cours. Cet enjeu pourrait \u00eatre int\u00e9gr\u00e9 \u00e0 la cartographie des zones propices au d\u00e9veloppement de l\u2019\u00e9olien terrestre selon les \u00e9l\u00e9ments \u00e9voqu\u00e9s dans les consultations d\u00e9partementales. \u00c0 l\u2019instar des autres jeux de donn\u00e9es pris en compte, il s\u2019agirait de cartographier cet al\u00e9a sur la base de donn\u00e9es publiques disponibles en y associant des niveaux d\u2019enjeux. In fine, la cartographie des zones propices au d\u00e9veloppement d\u2019\u00e9olien terrestre pourrait par exemple prendre en compte les Plans de Pr\u00e9vention des Risques Naturels Feux de for\u00eats ou utiliser l\u2019\u00e9valuation de l\u2019al\u00e9a feu de for\u00eat du Plan Interd\u00e9partemental de Protection des For\u00eats Contre les Incendies 24-33-40-47,\u00a0\u00bb<\/p>\n<p>hors ce plan interd\u00e9partemental, consultable lui aussi sur internet, \u00e9tabli la zone du maquis de vignes Oudides comme \u00e9tant zone a risque incendie au m\u00eame titre d ailleurs que tout le massif bois\u00e9 m\u00e9docain,<\/p>\n<p>Au cours de l enqu\u00eate publique il a \u00e9t\u00e9 aussi \u00e9tabli que l implantation d un parc \u00e9olien interdirait l acc\u00e8s des canadairs a moins de 600m des mats ce qui laisserait une zone de 9 a 10 km2 a proximit\u00e9 relative d habitations sans d\u00e9fense arienne dont l efficacit\u00e9 est reconnue de tous,<br \/>\nj ai eu\u00a0l\u00a0occasion\u00a0dans\u00a0le\u00a0courant\u00a0de\u00a0la\u00a0semaine\u00a0de\u00a0recueillir\u00a0les\u00a0t\u00e9moignages\u00a0de\u00a02\u00a0pilotes\u00a0de\u00a0la\u00a0 s\u00e9curit\u00e9\u00a0civile.\u00a0A\u00a0l\u00a0occasion\u00a0de\u00a0ces\u00a0t\u00e9moignages\u00a0ils\u00a0ont\u00a0pu\u00a0me\u00a0confirmer\u00a0qu&rsquo;\u00a0effectivement,\u00a0et\u00a0 contrairement\u00a0a ce\u00a0qui\u00a0avait \u00e9t\u00e9\u00a0avanc\u00e9\u00a0par\u00a0certains\u00a0au\u00a0cours\u00a0de\u00a0la\u00a0premi\u00e8re\u00a0r\u00e9unions<br \/>\npublique ,\u00a0OUI\u00a0la\u00a0pr\u00e9sence\u00a0 d&rsquo;\u00e9oliennes\u00a0est\u00a0un\u00a0frein\u00a0a\u00a0l\u00a0intervention\u00a0des\u00a0canadairs\u00a0sur\u00a0la\u00a0zone<br \/>\nd\u00a0implantation\u00a0 et\u00a0dans\u00a0son p\u00e9rim\u00e8tre :<br \/>\n\u00ab\u00a0je\u00a0suis\u00a0pilote\u00a0a\u00a0la\u00a0s\u00e9cu\u00a0je\u00a0vous\u00a0confirme\u00a0que\u00a0ne\u00a0ne\u00a0pouvons\u00a0pas\u00a0larguer \u00e0\u00a0proximit\u00e9\u00a0des \u00e9oliennes\u00a0comme\u00a0a\u00a0proximit\u00e9\u00a0des\u00a0poteaux\u00a0de\u00a0ligne\u00a0haute\u00a0tension\u00a0EDF.\u00a0Tout\u00a0obstacle\u00a0nous\u00a0g\u00eane\u00a0pour\u00a0larguer\u00a0car\u00a0il\u00a0faut\u00a0que\u00a0la\u00a0trajectoire\u00a0soit\u00a0d\u00e9gag\u00e9e\u00a0\u00bb<br \/>\nun\u00a0second<br \/>\n\u00ab\u00a0il\u00a0est \u00e9vident\u00a0que\u00a0nous\u00a0essayons\u00a0de\u00a0larguer\u00a0sur\u00a0le\u00a0feu\u00a0en \u00e9tant\u00a0le\u00a0bas\u00a0possible\u00a0autrement<br \/>\nl\u00a0eau\u00a0est\u00a0vaporis\u00e9e\u00a0et\u00a0vu\u00a0la\u00a0temp\u00e9rature\u00a0sur\u00a0un\u00a0feu\u00a0peu\u00a0d\u00a0efficacit\u00e9\u00a0lorsque\u00a0l\u00a0on\u00a0largue\u00a0trop\u00a0haut.\u00a0L\u00a0id\u00e9al\u00a0est\u00a0environ\u00a050 \u00e0\u00a0100\u00a0m\u00e8tres\u00a0de\u00a0hauteur,\u00a0tout\u00a0obstacle\u00a0plus\u00a0haut\u00a0nous\u00a0emp\u00eache\u00a0d \u00eatre\u00a0efficace\u00a0et\u00a0augmente\u00a0nos\u00a0risques\u00a0qui\u00a0sont\u00a0d\u00e9j\u00e0\u00a0importants\u00a0car\u00a0en\u00a0plus\u00a0du\u00a0crit\u00e8re\u00a0de\u00a0la\u00a0hauteur\u00a0il<br \/>\nfaut\u00a0que\u00a0le\u00a0largage\u00a0s\u00a0effectue \u00e0\u00a0une\u00a0vitesse\u00a0la\u00a0plus\u00a0lente\u00a0possible\u00a0sans\u00a0approcher\u00a0le\u00a0d\u00e9crochage\u00a0\u00bb<\/p>\n<p>il\u00a0faut\u00a0donc\u00a0prendre\u00a0en\u00a0compte\u00a0cet \u00e9l\u00e9ment\u00a0car\u00a0en\u00a0cas\u00a0d\u00a0incendie\u00a0la\u00a0seule\u00a0\u00a0voie\u00a0\u00a0d&rsquo;intervention<br \/>\npotentielle\u00a0 engagera\u00a0uniquement\u00a0des\u00a0moyens\u00a0terrestres\u00a0humain\u00a0qui\u00a0\u00a0auront a\u00a0faire\u00a0face\u00a0a\u00a0un<br \/>\nincendie juch\u00e9 a\u00a0100\u00a0m\u00e8tres\u00a0de\u00a0hauteur\u00a0au\u00a0dessus\u00a0de\u00a0la\u00a0for\u00eat\u00a0gr\u00e2ce et des r\u00e9serves d eau dispos\u00e9es au sol,<\/p>\n<p>pour terminer cette contribution je citerais quelques extraits du rapport d&rsquo;enqu\u00eate de Mr Clerguerou\u00a0:<\/p>\n<p>\u00ab\u00a0\u00a0le\u00a0risque\u00a0de\u00a0feu\u00a0de\u00a0for\u00eat\u00a0est\u00a0un\u00a0risque \u00e9lev\u00e9 \u00bb<\/p>\n<p>\u00ab\u00a0le\u00a0commissaire\u00a0enqu\u00eateur \u00e9met\u00a0de\u00a0s\u00e9rieuses\u00a0r\u00e9serves\u00a0sur\u00a0le\u00a0choix\u00a0d\u2019implantation\u00a0du\u00a0site\u00a0en\u00a0milieu\u00a0forestier \u00bb<\/p>\n<p>\u00ab\u00a0lors\u00a0d\u2019un\u00a0entretien\u00a0avec\u00a0le\u00a0cadre\u00a0ayant\u00a0instruit\u00a0le\u00a0dossier\u00a0au\u00a0sdis\u00a0de\u00a0bordeaux,\u00a0il\u00a0a \u00e9t\u00e9\u00a0pr\u00e9cis\u00e9\u00a0que\u00a0l\u2019intervention\u00a0\u00a0des\u00a0canadairs\u00a0en\u00a0pr\u00e9sence\u00a0d\u2019\u00e9oliennes\u00a0implique\u00a0une\u00a0zone\u00a0d\u2019exclusion\u00a0de\u00a0600\u00a0\u00a0m\u00e8tres \u00e0\u00a0partir\u00a0du\u00a0mat\u00a0des \u00e9oliennes \u00bb<\/p>\n<p>\u00ab\u00a0le\u00a0commissaire\u00a0\u00a0enqu\u00eateur\u00a0en\u00a0tire\u00a0la\u00a0conclusion\u00a0que\u00a0la\u00a0contrainte\u00a0de\u00a0zone\u00a0d\u2019exclusion\u00a0pour\u00a0les<br \/>\ncanadairs\u00a0semble\u00a0ne\u00a0pas\u00a0avoir \u00e9t\u00e9\u00a0prise\u00a0en\u00a0compte\u00a0pour\u00a0d\u00e9termination\u00a0de\u00a0la\u00a0distance minimale<br \/>\ndes\u00a0habitations. \u00bb<\/p>\n<p>Et\u00a0enfin \u00ab\u00a0l\u2019impact\u00a0du\u00a0risque\u00a0incendie\u00a0sur\u00a0la\u00a0s\u00e9curit\u00e9\u00a0des\u00a0biens\u00a0et\u00a0des\u00a0personnes\u00a0est\u00a0r\u00e9el\u00a0comme\u00a0en\u00a0t\u00e9moignent\u00a0les\u00a0avis\u00a0rendus\u00a0par\u00a0la\u00a0DFCI33,\u00a0le\u00a0SDIS ,ainsi\u00a0\u00a0que\u00a0les\u00a0mesures\u00a0op\u00e9rationnelles \u00e9dict\u00e9es\u00a0par\u00a0la<br \/>\nDirection \u00a0G\u00e9n\u00e9rale\u00a0de\u00a0la\u00a0S\u00e9curit\u00e9\u00a0Civile\u00a0quant \u00e0\u00a0l\u2019intervention\u00a0des\u00a0moyens\u00a0a\u00e9riens\u00a0sur\u00a0un\u00a0parc \u00e9oliens \u00bb<\/p>\n<\/div>\n\t\t\t\t\t<\/div>\n\t\t\t\t<\/div>\n\t\t\t\t\t\t\t<div data-accordion class=\"faq-main\">\n\t\t\t\t\t<div data-control class=\"faq-title\">\n\t\t\t\t\t\t<h4>Luc DEHON<\/h4>\n\t\t\t\t\t<\/div>\n\t\t\t\t\t<div data-content>\n\t\t\t\t\t\t\t\t\t\t\t\t<div class=\"faq-content\"><p>Je suis partisan du sc\u00e9nario z\u00e9ro, voici pourquoi.<br \/>\nLe nucl\u00e9aire a toujours eu des compl\u00e9ments, heureusement qu&rsquo;on n&rsquo;a pas attendu l&rsquo;\u00e9olien.<br \/>\nIl s&rsquo;agit de l&rsquo;hydraulique, de tr\u00e8s peu de charbon, de tr\u00e8s peu de p\u00e9trole et d&rsquo;encore moins de gaz et de tr\u00e8s peu de biomasse. Ce qui prouve bien qu&rsquo;on ne peut pas dire non aux compl\u00e9ments ! La question n&rsquo;est pas l\u00e0.<br \/>\nLa question est : comment remplacer les compl\u00e9ments \u00e9metteurs de CO2 par des compl\u00e9ments qui en \u00e9mettent moins, voire pas du tout.<br \/>\nLa r\u00e9ponse n&rsquo;est pas triviale, mais ce qui est certain, c&rsquo;est que ce n&rsquo;est pas l&rsquo;\u00e9olien qui peut y participer. En effet, son intermittence pathologique chronique ne peut le faire rentrer efficacement dans le mix \u00e9nerg\u00e9tique, qu&rsquo;accompagn\u00e9 de centrales \u00e0 gaz, seules capables, par leur souplesse de fonctionnement, \u00e0 l&rsquo;instar de l&rsquo;hydraulique, de garantir une production adapt\u00e9e aux fluctuations de la demande, en palliant les fr\u00e9quentes et inopin\u00e9es p\u00e9nuries de vent.<br \/>\nDe plus, il n&rsquo;est plus \u00e0 d\u00e9montrer que bilan carbone d&rsquo;une \u00e9olienne est \u00e0 peine un peu moins g\u00eanant que celui du gaz.<br \/>\nEn conclusion, pourquoi d\u00e9truire un puit de carbone de 10km2 dans un M\u00e9doc pas tr\u00e8s vent\u00e9 de surcroit ?<\/p>\n<\/div>\n\t\t\t\t\t<\/div>\n\t\t\t\t<\/div>\n\t\t\t\t\t\t\t<div data-accordion class=\"faq-main\">\n\t\t\t\t\t<div data-control class=\"faq-title\">\n\t\t\t\t\t\t<h4>Luc DEHON<\/h4>\n\t\t\t\t\t<\/div>\n\t\t\t\t\t<div data-content>\n\t\t\t\t\t\t\t\t\t\t\t\t<div class=\"faq-content\"><p>Le nucl\u00e9aire a toujours eu des compl\u00e9ments, heureusement qu&rsquo;on n&rsquo;a pas attendu l&rsquo;\u00e9olien.<br \/>\nIl s&rsquo;agit de l&rsquo;hydraulique, de tr\u00e8s peu de charbon, de tr\u00e8s peu de p\u00e9trole et d&rsquo;encore moins de gaz et de tr\u00e8s peu de biomasse. Ce qui prouve bien qu&rsquo;on ne peut pas dire non aux compl\u00e9ments ! La question n&rsquo;est pas l\u00e0.<br \/>\nLa question est : comment remplacer les compl\u00e9ments \u00e9metteurs de CO2 par des compl\u00e9ments qui en \u00e9mettent moins, voire pas du tout.<br \/>\nLa r\u00e9ponse n&rsquo;est pas triviale, mais ce qui est certain, c&rsquo;est que ce n&rsquo;est pas l&rsquo;\u00e9olien qui peut y r\u00e9pondre. En effet, son intermittence pathologique chronique ne peut le faire rentrer efficacement dans le mix \u00e9nerg\u00e9tique, qu&rsquo;accompagn\u00e9 de centrales \u00e0 gaz, seules capables, par leur souplesse de fonctionnement, \u00e0 l&rsquo;instar de l&rsquo;hydraulique, de garantir une production adapt\u00e9e aux fluctuations de la demande, en palliant les fr\u00e9quentes et inopin\u00e9es p\u00e9nuries de vent.<br \/>\nDe plus, il n&rsquo;est plus \u00e0 d\u00e9montrer que bilan carbone d&rsquo;une \u00e9olienne est \u00e0 peine un peu moins g\u00eanant que celui du gaz.<br \/>\nEn conclusion, pourquoi d\u00e9truire un puit de carbone de 10km2 dans un M\u00e9doc pas tr\u00e8s vent\u00e9 de surcroit ?<br \/>\nSerait-ce pour \u00eatre le premier \u00e0 faire une \u00e9norme connerie, pour compenser celle de Poitou Charente ?<\/p>\n<\/div>\n\t\t\t\t\t<\/div>\n\t\t\t\t<\/div>\n\t\t\t\t\t\t\t<div data-accordion class=\"faq-main\">\n\t\t\t\t\t<div data-control class=\"faq-title\">\n\t\t\t\t\t\t<h4>Luc DEHON<\/h4>\n\t\t\t\t\t<\/div>\n\t\t\t\t\t<div data-content>\n\t\t\t\t\t\t\t\t\t\t\t\t<div class=\"faq-content\"><p>Bonjour,<br \/>\nComment peut-on avoir le toupet de qualifier 10km2 de for\u00eat de \u00ab\u00a0quelques arbres\u00a0\u00bb ???<br \/>\nCet ignoble euph\u00e9misme ne peut \u00eatre que le masque d&rsquo;une importante faiblesse argumentaire !<\/p>\n<p>&nbsp;<\/p>\n<p class=\"xmsonormal\"><em>Nous vous remercions pour votre contribution \u00e0 la concertation.<br \/>\n<\/em><em>VALOREM tient \u00e0 pr\u00e9ciser que l\u2019expression cit\u00e9e entre guillemets est celle de participants \u00e0 la concertation pr\u00e9alable et ne saurait engager les porteurs du projet.<\/em><\/p>\n<\/div>\n\t\t\t\t\t<\/div>\n\t\t\t\t<\/div>\n\t\t\t\t\t\t\t<div data-accordion class=\"faq-main\">\n\t\t\t\t\t<div data-control class=\"faq-title\">\n\t\t\t\t\t\t<h4>Ghislain MICHEL<\/h4>\n\t\t\t\t\t<\/div>\n\t\t\t\t\t<div data-content>\n\t\t\t\t\t\t\t\t\t\t\t\t<div class=\"faq-content\"><p>je suis toujours contre pour les raisons suivantes s\u00fbrement r\u00e9currentes\/<br \/>\nartificialisations des sols<br \/>\nnuisances d&rsquo;environnement, notamment lors de la conception.<br \/>\nRentabilit\u00e9 de l&rsquo;ouvrage sans les subventions<br \/>\nMesure du vent sans tenir compte du changement climatique<br \/>\natteinte \u00e0 la biodiversit\u00e9 et aux migrations<br \/>\nnuisance visuelle de tout le m\u00e9doc<br \/>\nCouloir militaire proche<br \/>\nG\u00e8ne pour les canadairs ou dash en intervention d&rsquo;incendie<br \/>\netc<\/p>\n<\/div>\n\t\t\t\t\t<\/div>\n\t\t\t\t<\/div>\n\t\t\t\t\t\t\t<div data-accordion class=\"faq-main\">\n\t\t\t\t\t<div data-control class=\"faq-title\">\n\t\t\t\t\t\t<h4>Michel ROBERT<\/h4>\n\t\t\t\t\t<\/div>\n\t\t\t\t\t<div data-content>\n\t\t\t\t\t\t\t\t\t\t\t\t<div class=\"faq-content\"><p>Bonjour. J&rsquo;avais d\u00e9j\u00e0 envoy\u00e9 une contribution lors de la premi\u00e8re enqu\u00eate concernant le parc \u00e9olien du M\u00e9doc. Un certain temps a pass\u00e9 depuis mais mon avis non seulement n&rsquo;a pas vari\u00e9 d&rsquo;un iota, mais je dirais qu&rsquo;il s&rsquo;est encore renforc\u00e9. Il est aberrant que la soci\u00e9t\u00e9 VALOREM manifeste une incompr\u00e9hension caract\u00e9ris\u00e9e  face \u00e0 l&rsquo;opposition des habitants du M\u00e9doc. Leur projet a d\u00e9j\u00e0 re\u00e7u lors de la premi\u00e8re enqu\u00eate (qui n&rsquo;\u00e9tait qu&rsquo;un triste simulacre) une fin de non recevoir de la part d&rsquo;une majorit\u00e9 de la population, et voil\u00e0 qu&rsquo;ils reviennent encore une fois \u00e0 la charge &#8230;Quand cela cessera t-il ? Le site de Vignes Oudides (lieu sensible de la r\u00e9sistance pour Jacques Chaban-Delmas) n&rsquo;a pas vocation a devenir le d\u00e9potoir de quelques \u00e9diles m\u00e9docains dont il conviendrait d&rsquo;\u00e9valuer le discernement. Je ne reviendrais pas sur les m\u00e9faits et l&rsquo;impact n\u00e9gatif de l&rsquo;implantation d&rsquo;\u00e9oliennes au niveau du Parc Naturel R\u00e9gional du M\u00e9doc car  je craindrais de ne pas \u00eatre exhaustif. Tout laisse \u00e0 penser que ce projet est une aberration \u00e9cologique qui nie le bien \u00eatre d&rsquo;une population ayant opt\u00e9 pour une qualit\u00e9 de vie avant tout. De plus, l&rsquo;ann\u00e9e 2022 aura mis en exergue, avec la vague d&rsquo;incendies qui ont ravag\u00e9 la r\u00e9gion les limites par rapport \u00e0 la s\u00e9curit\u00e9 d&rsquo;un territoire et le survol des Canadairs.<br \/>\nQuand Georges Pompidou disait \u00e0 l\u2019attention des politiques, \u00ab qu\u2019il fallait arr\u00eater d\u2019emmerder les Fran\u00e7ais \u00bb, on comprend mal que certains n\u2019aient pas de nos jours int\u00e9gr\u00e9 toute la substance du message, surtout \u00e0 la lumi\u00e8re des r\u00e9cents \u00e9v\u00e9nements qui ont habill\u00e9 de jaune nos villes et nos campagnes<br \/>\nOr, voil\u00e0 que d&rsquo;aucuns se sont mis en t\u00eate, sous couvert d\u2019apporter leur obole \u00e0 la transition \u00e9nerg\u00e9tique, d\u2019imaginer un projet destructeur et nocif allant totalement \u00e0 l\u2019encontre du plus grand nombre.<br \/>\nMais ne sommes nous pas tous responsables d\u2019octroyer des mandats \u00e9lectifs \u00e0 des personnages dont les objectifs vont visiblement \u00e0 l\u2019encontre du bien public, de leurs propres enfants et t\u00e9moignent outre une v\u00e9ritable incomp\u00e9tence d\u2019une vision \u00e0 tr\u00e8s court terme.<br \/>\nUn dicton sugg\u00e8re que chaque village a son idiot. Il est inutile de chercher plus loin avec l&rsquo;instigateur de ce projet.<br \/>\nLe M\u00e9doc a trouv\u00e9 le sien !<\/p>\n<\/div>\n\t\t\t\t\t<\/div>\n\t\t\t\t<\/div>\n\t\t\t\t\t\t\t<div data-accordion class=\"faq-main\">\n\t\t\t\t\t<div data-control class=\"faq-title\">\n\t\t\t\t\t\t<h4>Francis FAUCHEY<\/h4>\n\t\t\t\t\t<\/div>\n\t\t\t\t\t<div data-content>\n\t\t\t\t\t\t\t\t\t\t\t\t<div class=\"faq-content\"><p>Bonjour,<br \/>\nje suis totalement contre ce projet !<br \/>\nSi on analyse les projets qui ont \u00e9t\u00e9 mis en \u0153uvre depuis 10 ans dans notre pays on constate que :<br \/>\n1) le bilan carbone de la mise en place d&rsquo;une \u00e9olienne est d\u00e9ficitaire (production carbone : travaux, Ciment, transport, \u00e9l\u00e9ments mats pales, etc &#8230;) de nombreuses \u00e9tudes ont \u00e9t\u00e9 publi\u00e9es sur ce sujet<br \/>\n2) les temps de production al\u00e9atoires, \u00e9lectricit\u00e9 non stockable<br \/>\n3) les budgets largement subventionn\u00e9s par l&rsquo;\u00e9tat (nos imp\u00f4ts donc !)<br \/>\n4) un recyclage de l&rsquo;ensemble de l&rsquo;installation contractuellement d\u00e9fini mais tr\u00e8s souvent non respect\u00e9 (il y a de nombreux exemples)<\/p>\n<p>Enfin pourquoi d\u00e9truire des for\u00eats que nous seront bien content de trouver plus tard et utiliser le bois pour se chauffer quand les producteurs de Gaz et de P\u00e9trole nous auront ferm\u00e9 les vannes !! Et cerise sur le g\u00e2teau ces for\u00eats recycle le CO2 sans co\u00fbt suppl\u00e9mentaire !!<br \/>\nOn s&rsquo;offusque de la d\u00e9forestation en Amazonie ou en Afrique \u00e9quatoriale mais pas chez nous ?<\/p>\n<\/div>\n\t\t\t\t\t<\/div>\n\t\t\t\t<\/div>\n\t\t\t\t\t\t\t<div data-accordion class=\"faq-main\">\n\t\t\t\t\t<div data-control class=\"faq-title\">\n\t\t\t\t\t\t<h4>Joseph FRAGOMENI<\/h4>\n\t\t\t\t\t<\/div>\n\t\t\t\t\t<div data-content>\n\t\t\t\t\t\t\t\t\t\t\t\t<div class=\"faq-content\"><p>Je suis d&rsquo;accord sur ce parc \u00e9olien , surtout plac\u00e9 ou il est pr\u00e9vu.<\/p>\n<\/div>\n\t\t\t\t\t<\/div>\n\t\t\t\t<\/div>\n\t\t\t\t\t\t\t<div data-accordion class=\"faq-main\">\n\t\t\t\t\t<div data-control class=\"faq-title\">\n\t\t\t\t\t\t<h4>Jos\u00e9 BERTIN<\/h4>\n\t\t\t\t\t<\/div>\n\t\t\t\t\t<div data-content>\n\t\t\t\t\t\t\t\t\t\t\t\t<div class=\"faq-content\"><p>Dans un M\u00e9doc largement pourvu en parcs photovolta\u00efques le projet Valorem-Mairie de Lesparre ne trouve pas son utilit\u00e9. Reprise de celui refus\u00e9 en 2020, on ne peut accepter la mutilation de 10 ha  de zone foresti\u00e8re de loisir aux portes de Lesparre. Risques incendies accrus, nuisances aux riverains dans un large p\u00e9rim\u00e8tre, atteintes \u00e0 la richesse environnementale  attest\u00e9e du secteur justifient le NON au projet.<\/p>\n<\/div>\n\t\t\t\t\t<\/div>\n\t\t\t\t<\/div>\n\t\t\t\t\t\t\t<div data-accordion class=\"faq-main\">\n\t\t\t\t\t<div data-control class=\"faq-title\">\n\t\t\t\t\t\t<h4>Jos\u00e9 CERRA<\/h4>\n\t\t\t\t\t<\/div>\n\t\t\t\t\t<div data-content>\n\t\t\t\t\t\t\t\t\t\t\t\t<div class=\"faq-content\"><p>En ce qui concerne les trajets migratoires, ils ne s&rsquo;effectuent pas que sur les traits de c\u00f4tes, cet endroit est particuli\u00e8rement concern\u00e9, cela fait que 42 ans que j&rsquo;habite dans ce secteur et j&rsquo;ai pu voir de nombreux vols (grues cendr\u00e9es, oies sauvages, palombes, grives, b\u00e9casses des bois qui comme les palombes restent un certain temps dans les for\u00eats). Ces migration s&rsquo;effectuent de fin octobre \u00e0 d\u00e9cembre et de fin janvier \u00e0 fin mars en g\u00e9n\u00e9ral;<br \/>\nLorsque le temps est mauvais en mer on peut voir des vols de mouettes, il y a aussi, tout au long de l&rsquo;ann\u00e9e des rapaces tels buses, \u00e9perviers, hiboux, chauves souris et bien d&rsquo;autres oiseaux.<br \/>\nTout cela est le fruit de ma propre observation et je d\u00e9fie quiconque de me prouver le contraire.<\/p>\n<\/div>\n\t\t\t\t\t<\/div>\n\t\t\t\t<\/div>\n\t\t\t\t\t\t\t<div data-accordion class=\"faq-main\">\n\t\t\t\t\t<div data-control class=\"faq-title\">\n\t\t\t\t\t\t<h4>Murielle GARRIGOU<\/h4>\n\t\t\t\t\t<\/div>\n\t\t\t\t\t<div data-content>\n\t\t\t\t\t\t\t\t\t\t\t\t<div class=\"faq-content\"><p>Dans le contexte actuel, o\u00f9 l&rsquo;environnement, l&rsquo;\u00e9cologie, l&rsquo;approvisionnement en \u00e9lectricit\u00e9, sont au centre des d\u00e9bats, je pense qu&rsquo;il est pr\u00e9f\u00e9rable de couper quelques arbres pour une \u00e9olienne que des hectares d&rsquo;arbres pour un parc photovolta\u00efque et pour le m\u00eame r\u00e9sultat.<\/p>\n<\/div>\n\t\t\t\t\t<\/div>\n\t\t\t\t<\/div>\n\t\t\t\t\t\t\t<div data-accordion class=\"faq-main\">\n\t\t\t\t\t<div data-control class=\"faq-title\">\n\t\t\t\t\t\t<h4>Bernard GUIRAUD<\/h4>\n\t\t\t\t\t<\/div>\n\t\t\t\t\t<div data-content>\n\t\t\t\t\t\t\t\t\t\t\t\t<div class=\"faq-content\"><p>Je suis Pour ce projet<br \/>\nA ce jour a t-on le choix de dire non \u00e0 des \u00e9nergies compl\u00e9mentaires au nucl\u00e9aire ?<br \/>\nCe projet sur le Medoc serait le premier dans l\u2019ancienne r\u00e9gion Aquitaine alors que le SRADET vot\u00e9 par la Region pr\u00e9conise d\u2019installer des parcs \u00e9oliens dans notre secteur afin de compenser les nombreux parcs dans les deux ex autres r\u00e9gions (Poitou Charente et Limousin)<\/p>\n<\/div>\n\t\t\t\t\t<\/div>\n\t\t\t\t<\/div>\n\t\t\t\t\t\t\t<div data-accordion class=\"faq-main\">\n\t\t\t\t\t<div data-control class=\"faq-title\">\n\t\t\t\t\t\t<h4>Patrick JAMMES<\/h4>\n\t\t\t\t\t<\/div>\n\t\t\t\t\t<div data-content>\n\t\t\t\t\t\t\t\t\t\t\t\t<div class=\"faq-content\"><p>Une fois de plus, les gens attir\u00e9s par l&rsquo;argent facile (location du terrain) vont tomber dans le pi\u00e8ge de Valorem qui voit dans ces \u00e9oliennes un tr\u00e8s bon coup (ils vont se faire de l&rsquo;argent sur le dos des contribuables) et rachat de l\u2019\u00e9nergie \u00e0 des prix aberrant et hors normes.<br \/>\nCes \u00e9oliennes, financ\u00e9es par le public (voir la taxe CSPE sur les factures d&rsquo;\u00e9nergies) sont polluantes :<br \/>\nvisuellement,<br \/>\n\u00e9clats lumineux,<br \/>\nd\u00e9nature le paysage (baisse du prix des ventes de maison)<br \/>\ndes particules graisseuses et autres..<br \/>\nLeur rendement est inf\u00e9rieur \u00e0 30 % (sur terre), un peu plus en mer mais ???.<br \/>\nQuant \u00e0 la polluant carbone que certains passent outre, elle n&rsquo;est pas neutre.<br \/>\n-Transport des \u00e9l\u00e9ments sur des convois sp\u00e9ciaux,<br \/>\n-ferraillage et b\u00e9tonnage du socle qui a la fin de vie n&rsquo;est pas enti\u00e8rement enlev\u00e9 (seul la partie visuelle est retir\u00e9e) contrairement \u00e0 ce qui est dit,<br \/>\n-cr\u00e9ation d&rsquo;une plateforme (pour chaque \u00e9olienne) de 1500 m2 (qui reste \u00e0 vie)<br \/>\n-cr\u00e9ation de chemins (servant \u00e0 l&rsquo;acheminement des mat\u00e9riaux et apr\u00e8s pour l&rsquo;entretien des \u00e9oliennes (graissage, etc..)),<br \/>\n-utilisation d&rsquo;une grue de 1000T pour le montage du fut et de la nacelle munie de ses trois pales et pour finir passage des c\u00e2bles sous terre.<br \/>\nEt \u00e0 la fin de vie des \u00e9oliennes, rebelote pour le d\u00e9montage de l&rsquo;\u00e9olienne mais une grande partie du socle reste (celle enterr\u00e9e) ainsi que la plateforme (12 dans le cas pr\u00e9sent) et les chemins d\u00e9di\u00e9s dont le cout de retrait serait prohibitif, mise en d\u00e9charge des pales en carbone non recyclables. Et parfois, certains \u00e9l\u00e9ments, pales, fut, restent sur place car le promoteur a oubli\u00e9 de mettre de cot\u00e9 de l&rsquo;argent pour le d\u00e9montage, la personne n&rsquo;en parle sauf les initi\u00e9s.<br \/>\nAu final, un parc \u00e9olien est une sorte d&rsquo;escroquerie qui coute cher \u00e0 tous mais qui rapporte aux actionnaires ou promoteurs.<br \/>\nIl ne faut surtout pas s&rsquo;\u00e9tonner de l&rsquo;augmentation du cout de l&rsquo;\u00e9nergie car il faut bien payer et amortir ces champs d&rsquo;\u00e9oliens ou ces fermes solaires qui pour ma part ne font pas une part belle pour une \u00e9cologie durable, non punitive et adapt\u00e9e dans le temps.<br \/>\nDes \u00e9oliennes \u00e9taient pr\u00e9vues dans les marais du Blayais mais une opposition forte s\u2019est faite vis \u00e0 vis de ces moulins \u00e0 vent polluants et destructeur de la faune<\/p>\n<\/div>\n\t\t\t\t\t<\/div>\n\t\t\t\t<\/div>\n\t\t\t\t\t\t\t<div data-accordion class=\"faq-main\">\n\t\t\t\t\t<div data-control class=\"faq-title\">\n\t\t\t\t\t\t<h4>Michel GHISLAIN<\/h4>\n\t\t\t\t\t<\/div>\n\t\t\t\t\t<div data-content>\n\t\t\t\t\t\t\t\t\t\t\t\t<div class=\"faq-content\"><p>Je suis contre ce projet\u202f; il existe des endroits plus appropri\u00e9s, plus loin des habitations.<\/p>\n<\/div>\n\t\t\t\t\t<\/div>\n\t\t\t\t<\/div>\n\t\t\t\t\t\t\t<div data-accordion class=\"faq-main\">\n\t\t\t\t\t<div data-control class=\"faq-title\">\n\t\t\t\t\t\t<h4>M et Mme Dominique et Mich\u00e8le LENEE<\/h4>\n\t\t\t\t\t<\/div>\n\t\t\t\t\t<div data-content>\n\t\t\t\t\t\t\t\t\t\t\t\t<div class=\"faq-content\"><p>Bonjour,<br \/>\nNous sommes enti\u00e8rement d&rsquo;accord pour le projet du parc \u00e9olien en Gironde sur la commune de Lesparre-M\u00e9doc.<br \/>\nIl y a tellement d&rsquo;espace nature pour installer les \u00e9oliennes sans d\u00e9ranger qui que ce soit!! Et sans mettre en p\u00e9ril la faune et la flore!!!<br \/>\nNous pr\u00e9f\u00e9rons voir des \u00e9oliennes plut\u00f4t qu&rsquo;une centrale nucl\u00e9aire \u00e0 bout de souffle comme celle de Blaye !! Elles sont dangereuses et nocives pour l&rsquo;homme, la flore et la faune!!<br \/>\nBref, nous sommes \u00e0 100% pour le parc \u00e9olien!!!!<br \/>\nCordialement,<br \/>\nM et Mme L\u00e9n\u00e9e.<\/p>\n<\/div>\n\t\t\t\t\t<\/div>\n\t\t\t\t<\/div>\n\t\t\t\t\t\t\t<div data-accordion class=\"faq-main\">\n\t\t\t\t\t<div data-control class=\"faq-title\">\n\t\t\t\t\t\t<h4>Franck SAUDMON<\/h4>\n\t\t\t\t\t<\/div>\n\t\t\t\t\t<div data-content>\n\t\t\t\t\t\t\t\t\t\t\t\t<div class=\"faq-content\"><p>Lors de l\u2019enqu\u00eate public de 2019<br \/>\n_24 organismes sur 28 exprim\u00e9s ont donn\u00e9s un avis d\u00e9favorable (Viticulteurs, forestiers, asso de protection de la nature).<br \/>\n_les 4 communes riveraines du projet (St Germain, Naujac, Hourtin, St Laurent) ont donn\u00e9s un avis d\u00e9favorable<br \/>\n_sur 1400 contributions 82% des participants on donn\u00e9s un avis d\u00e9favorable.<br \/>\nPersonnellement je n\u2019est pas changer d\u2019avis je suis contre ce projet. Tous comme la pr\u00e9fecture qui a rejeter la demande ICPE en 2020.<\/p>\n<p>&nbsp;<\/p>\n<p class=\"x_MsoNormal\"><em>Nous vous remercions pour votre contribution \u00e0 la concertation.<\/em><\/p>\n<p class=\"x_MsoNormal\"><em>VALOREM tient \u00e0 pr\u00e9ciser que le projet n&rsquo;a pas \u00e9t\u00e9 rejet\u00e9 par la pr\u00e9fecture, il a \u00e9t\u00e9 retir\u00e9 de l\u2019instruction \u00e0 l\u2019initiative de VALOREM afin de le retravailler en prenant en compte les recommandations du commissaire enqu\u00eateur, notamment vis-\u00e0-vis du manque de concertation avec le public, mais \u00e9galement des \u00e9volutions r\u00e8glementaires li\u00e9es \u00e0 la s\u00e9curit\u00e9 routi\u00e8re et incendie et \u00e0 la prise en compte de l&rsquo;environnement.<\/em><\/p>\n<\/div>\n\t\t\t\t\t<\/div>\n\t\t\t\t<\/div>\n\t\t\t\t\t\t\t<div data-accordion class=\"faq-main\">\n\t\t\t\t\t<div data-control class=\"faq-title\">\n\t\t\t\t\t\t<h4>Nicolas CRUCIFIX<\/h4>\n\t\t\t\t\t<\/div>\n\t\t\t\t\t<div data-content>\n\t\t\t\t\t\t\t\t\t\t\t\t<div class=\"faq-content\"><p>NON aux machines!!!!! voici pourquoi: Depuis dix ans , un subterfuge avait exclu des contraintes environnementales les socles des \u00e9oliennes en b\u00e9ton de plusieurs milliers de tonnes chacun. Cette mesure est d\u2019une part contraire aux Directives Europ\u00e9ennes, et surtout, les experts confirment que ces immenses socles en b\u00e9ton polluent \u00e9norm\u00e9ment le sous-sol \u00e0 terme et notamment les ressources en eau. Les propri\u00e9taires qui louent leur terrain ne sont ni inform\u00e9s ni indemnis\u00e9s et vont se retrouver avec des terrains pollu\u00e9s inutilisables et m\u00eame responsables de ces pollutions !!! Une r\u00e9ponse minist\u00e9rielle \u00e0 la question d\u2019un parlementaire le reconnait depuis 2018.<\/p>\n<p>Les pales des \u00e9oliennes sont en mat\u00e9riaux de synth\u00e8se et r\u00e9sine et n\u2019ont qu\u2019une dur\u00e9e de vie limit\u00e9e de quelques ann\u00e9es. Leur renouvellement p\u00e9riodique cr\u00e9e actuellement un gisement de 200 000 tonnes de d\u00e9chets difficiles \u00e0 recycler. Les promoteurs \u00e9oliens n\u2019ont rien fait depuis 15 ans pour pr\u00e9venir ce probl\u00e8me. Bien pire, ils s\u2019appr\u00eataient \u00e0 refiler ces d\u00e9chets dans la fili\u00e8re publique subventionn\u00e9e. Le Minist\u00e8re des Finances pr\u00e9vient qu\u2019il n\u2019en est pas question et que les promoteurs doivent prendre ce co\u00fbt colossal \u00e0 leur charge, ce qu\u2019ils n\u2019ont pas pr\u00e9vu. Des stockages discrets existent d\u00e9j\u00e0 un peu partout, et m\u00eame des destructions sauvages tr\u00e8s polluantes. De plus, on enregistre de nombreuses maladies professionnelles et cancers chez les fabricants de pales soumis \u00e0 des d\u00e9lais rapides pour plus de profits.<br \/>\nDernier point au moins aussi important que le probl\u00e8me de l\u2019amiante : les alternateurs des \u00e9oliennes sont \u00e9labor\u00e9s \u00e0 base de lanthanides, ces terres rares sp\u00e9ciales qui dopent les aimants. On connait d\u00e9j\u00e0 le gros probl\u00e8me des ordinateurs et t\u00e9l\u00e9phones portables pour quelques grammes. Il peut y en avoir 200 kilos par \u00e9olienne !!! De plus, avec l\u2019usure, ces mat\u00e9riaux sont dispers\u00e9s au vent \u00e0 100 m de haut jusqu\u2019\u00e0 40 km \u00e0 la ronde. L\u00e0 encore, rien n\u2019est pr\u00e9vu pour le moment. Leur extraction produit deux fois plus de d\u00e9chets toxiques radioactifs que les combustibles nucl\u00e9aires !! Un comble !!!<br \/>\nIl parait qu\u2019on dit que les \u00e9oliennes sont une \u00e9nergie propre ?<\/p>\n<p>&nbsp;<\/p>\n<p class=\"x_MsoNormal\"><em>Nous vous remercions pour votre contribution \u00e0 la concertation.<\/em><\/p>\n<p class=\"x_MsoNormal\"><em>Le b\u00e9ton est un mat\u00e9riau inerte qui ne pollue pas les sols. L\u2019enfouissement des fondations d\u2019une \u00e9olienne sont la plupart du temps agglom\u00e9r\u00e9s avec de gros blocs de rochers, sans incidences majeures pour les productions agricoles ou sylvicoles qui les accueillent. Des \u00e9tudes d\u2019impacts et environnementales sont par ailleurs syst\u00e9matiques.<\/em><\/p>\n<p class=\"x_MsoNormal\"><em>La r\u00e8glementation impose \u00e0 l&rsquo;exploitant d&rsquo;excaver les fondations dans leur totalit\u00e9 \u00ab jusqu\u2019\u00e0 la base de leur semelle, \u00e0 l\u2019exception des \u00e9ventuels pieux \u00bb et de les remplacer par des terres de caract\u00e9ristiques comparables aux terres en place \u00e0 proximit\u00e9 de l\u2019installation (article R.515-101 et suivants du Code de l&rsquo;environnement). Le co\u00fbt est \u00e0 la charge de l&rsquo;exploitant comme mentionn\u00e9 dans le m\u00eame article.<\/em><\/p>\n<p class=\"x_MsoNormal\"><em>Les mat\u00e9riaux composites qui composent les pales d&rsquo;\u00e9oliennes sont les m\u00eames que les coques des bateaux et sont pris en charge par des fili\u00e8res sp\u00e9cialis\u00e9es dans le cadre d\u2019une valorisation thermique ou \u00e9nerg\u00e9tique. Il n\u2019est en aucun cas possible de mettre en d\u00e9charge les pales des \u00e9oliennes dans un pays de l\u2019UE, ni d\u2019abandonner des \u00e9oliennes sur le territoire fran\u00e7ais.<\/em><\/p>\n<p class=\"x_MsoNormal\"><em>A l\u2019heure actuelle, seules les machines utilisant les aimants permanents contiennent des terres rares, ce qui repr\u00e9sente un peu moins de 10% du parc \u00e9olien fran\u00e7ais (essentiellement les \u00e9oliennes offshore). Cela ne concerne pas le mod\u00e8le de machine pressenti pour le projet de Lesparre-M\u00e9doc. Dans le cas d\u2019un d\u00e9montage, ces terres rares (APTR) sont int\u00e9gralement r\u00e9cup\u00e9r\u00e9es et non broy\u00e9es pour \u00eatre ensuite recycl\u00e9es et surtout r\u00e9utilis\u00e9es. Les APTR peuvent en effet \u00eatre r\u00e9utilis\u00e9s dans le secteur de l\u2019industrie automobile, et des m\u00e9thodes de recyclage par d\u00e9cr\u00e9pitation \u00e0 l\u2019hydrog\u00e8ne sont \u00e9galement tr\u00e8s prometteuses d\u2019un point de vue environnemental. La dur\u00e9e de vie relativement longue des \u00e9oliennes laisse penser que des volumes cons\u00e9quents seront \u00e0 recycler d\u2019\u2019ici 2030 et que ces m\u00e9thodes seront appliqu\u00e9es au niveau industriel.<\/em><\/p>\n<\/div>\n\t\t\t\t\t<\/div>\n\t\t\t\t<\/div>\n\t\t\t\t\t<\/div>\n\t[\/vc_column_text][vc_column_text]<\/p>\n<h3>Questions<\/h3>\n<div class=\"faq-accordion \" id=\"faq-accordion-2\" data-accordion-group data-conf=\"{&quot;single_open&quot;:&quot;true&quot;,&quot;transition_speed&quot;:300}\">\n\t\t\t\t\t\t\t<div data-accordion class=\"faq-main\">\n\t\t\t\t\t<div data-control class=\"faq-title\">\n\t\t\t\t\t\t<h4>Didier RICHARD<\/h4>\n\t\t\t\t\t<\/div>\n\t\t\t\t\t<div data-content>\n\t\t\t\t\t\t\t\t\t\t\t\t<div class=\"faq-content\"><p>je d\u00e9place ici 2 deux questions que j ai pos\u00e9es suite a la parution d un article dans sud ouest le 22 12 2022<\/p>\n<p>\u00ab Le m\u00e9doc est l\u2019endroit le plus propice pour accueillir des \u00e9oliennes en mati\u00e8re de vent \u00bb l\u00e0 encore ce propos ne co\u00efncide pas avec ce que j\u2019ai entendu au cours des r\u00e9unions. Il avait \u00e9t\u00e9 \u00e9tabli au cours de l\u2019atelier d\u00e9couverte du site que c\u2019\u00e9tait un gisement de vent moyen (6.4 m\/sec) et que c\u2019\u00e9tait l\u2019apport nouvelles technologies qui permettait de le rendre exploitable. (Plus haute et plus de surfaces toil\u00e9es). D\u2019ailleurs il me semble qu\u2019au cours de la r\u00e9union de cl\u00f4ture Valorem annon\u00e7ait un \u00e9quivalent de 2200 heures pleines \/ an ce qui je crois amoindri notablement les pr\u00e9visions de production du site initialement annonc\u00e9es. les productions annonc\u00e9es dans les brochures n \u00e9taient elles pas sup\u00e9rieures ? d ou vient cette diff\u00e9rence?<\/p>\n<p>Et enfin \u00ab ce projet est bon pour le m\u00e9doc en mati\u00e8re d\u2019emploi \u00bb au cours des r\u00e9unions il avait \u00e9t\u00e9 dit que le site pourvu d\u2019\u00e9oliennes danoises en partie fabriqu\u00e9es sous License en Chine serait t\u00e9l\u00e9 pilot\u00e9, t\u00e9l\u00e9 surveill\u00e9 et t\u00e9l\u00e9 maintenu depuis B\u00e8gles que les rares intervenants de dernier recours seraient disponibles dans un rayon d\u2019\u00e9loignement de 2 h max du site ce qui offrait assez peu de possibilit\u00e9 d\u2019emploi permanent \u00e0 temps plein sur le site hormis quelques contrats, l\u00e0 encore intermittents, pendant la phase de chantier . Quels seraient les emplois p\u00e9rennes ouverts \u00e0 la population locale par Valorem ? Et surtout combien et quel profil ?<\/p>\n<p>&nbsp;<\/p>\n<p><em>Nous vous remercions pour votre contribution \u00e0 la concertation.<\/em><\/p>\n<p><em>Le dossier de concertation parle d&rsquo;un gisement de vent d&rsquo;environ 6,55 m\/s \u00e0 140 m. C&rsquo;est un ajustement \u00e0 la marge entre mi-2022 et fin 2022. En revanche, le nombre d&rsquo;heures n&rsquo;a pas \u00e9t\u00e9 \u00e9voqu\u00e9 dans les documents, o\u00f9 il est question de productions (en GWh\/an) qui diff\u00e8rent en fonction des sc\u00e9narios (du nombre, type et hauteur de machine). Nous pouvons dans tous les cas confirmer que le M\u00e9doc poss\u00e8de un gisement de vent int\u00e9ressant au regard des technologies actuelles d&rsquo;\u00e9oliennes.<\/em><\/p>\n<p><em>VALOREM est une entreprise girondine qui emploie pr\u00e8s de 400 personnes. Certains des salari\u00e9es habitent dans le M\u00e9doc et travaillent au si\u00e8ge situ\u00e9 \u00e0 B\u00e8gles. Du fait de son positionnement g\u00e9ographique dans le m\u00eame d\u00e9partement, VALOREM est d\u00e9j\u00e0 pourvoyeur d&#8217;emplois pour les m\u00e9docains (profil de techniciens \u00e0 cadres sur un \u00e9ventail large de m\u00e9tiers : ing\u00e9nieurie, comptabilit\u00e9, RH, informatique, bureaux d&rsquo;\u00e9tudes, BTP, maintenance, logistique &#8230;). Par ailleurs, le projet, \u00e0 l&rsquo;image d&rsquo;un chantier pour une entreprise de BTP, ne peut cr\u00e9er que quelques postes d\u00e9di\u00e9s, la majorit\u00e9 des heures de travail tr\u00e8s locale \u00e9tant effectu\u00e9es durant le chantier (VRD, centrales \u00e0 b\u00e9ton) et l&rsquo;exploitation du parc (maintenance des machines, d\u00e9broussaillement).<\/em><\/p>\n<\/div>\n\t\t\t\t\t<\/div>\n\t\t\t\t<\/div>\n\t\t\t\t\t\t\t<div data-accordion class=\"faq-main\">\n\t\t\t\t\t<div data-control class=\"faq-title\">\n\t\t\t\t\t\t<h4>Cedric PEYRAUD<\/h4>\n\t\t\t\t\t<\/div>\n\t\t\t\t\t<div data-content>\n\t\t\t\t\t\t\t\t\t\t\t\t<div class=\"faq-content\"><p>Bonjour<\/p>\n<p>De quoi est compos\u00e9 les chiffre d&rsquo;affaires de VALOREM ? Quelle est la Part des Subventions ?<\/p>\n<p>&nbsp;<\/p>\n<div><em>Nous vous remercions pour votre contribution \u00e0 la concertation.\u00a0<\/em><\/div>\n<div><\/div>\n<div><em>Pour vous r\u00e9pondre d\u2019abord sur le chiffre d\u2019affaires de VALOREM, ce dernier \u00e9tait d\u2019environ 101 millions d\u2019euros en 2021, compos\u00e9s comme suit :<\/em><\/div>\n<div><em>&#8211; Vente d\u2019\u00e9lectricit\u00e9 : 87m\u20ac<\/em><\/div>\n<div><em>&#8211; D\u00e9veloppement (prestation) : 9,5m\u20ac<\/em><\/div>\n<div><em>&#8211; Construction (prestation) : 0,5m\u20ac<\/em><\/div>\n<div><em>&#8211; Maintenance (prestation) : 4m\u20ac<\/em><\/div>\n<div><em>&#8211; Autres : 0,7m\u20ac<\/em><\/div>\n<div><\/div>\n<div><\/div>\n<div><em>Vous pouvez retrouver le d\u00e9tail de nos comptes consolid\u00e9s 2021 sur notre site, au lien suivant \u00e0 partir de la page 23 : https:\/\/www.valorem-energie.com\/wp-content\/uploads\/sites\/2\/2022\/10\/VALOREM-RA-VALOREM-Optimise-1.pdf\u00a0<\/em><\/div>\n<div><\/div>\n<div><\/div>\n<div><em>Sur la part des \u00ab subventions \u00bb, pour bien comprendre de quoi nous parlons il faut d\u2019abord revenir sur le fonctionnement des m\u00e9canismes de soutien aux \u00e9nergies renouvelables dans le secteur \u00e9lectrique. La majorit\u00e9 de nos parcs b\u00e9n\u00e9ficie de contrats dits \u00ab d\u2019obligation d\u2019achat \u00bb ou de \u00ab compl\u00e9ment de r\u00e9mun\u00e9ration \u00bb :<\/em><\/div>\n<div><em>&#8211; Dans le cadre de l\u2019obligation d\u2019achat, (syst\u00e8me qui n&rsquo;est plus en vigueur) pour l\u2019\u00e9olien et le photovolta\u00efque : l\u2019int\u00e9gralit\u00e9 de l\u2019\u00e9nergie produite inject\u00e9e \u00e9tait rachet\u00e9e par un acheteur oblig\u00e9 ou un organisme agr\u00e9\u00e9 \u00e0 un tarif d\u00e9fini \u00e0 l\u2019avance dans un contrat ;<\/em><\/div>\n<div><em>&#8211; Dans le cadre du compl\u00e9ment de r\u00e9mun\u00e9ration (en vigueur depuis 2016 pour l\u2019\u00e9olien et le photovolta\u00efque) : le producteur vend directement sur le march\u00e9, et per\u00e7oit une prime par MWh inject\u00e9 sur le r\u00e9seau. Cette prime est \u00e9gale \u00e0 la diff\u00e9rence entre le tarif de r\u00e9f\u00e9rence fix\u00e9 dans un contrat et les revenus issus de la vente de l\u2019\u00e9lectricit\u00e9.<\/em><\/div>\n<div><\/div>\n<div><\/div>\n<div><em>Pour expliquer ce m\u00e9canisme simplement, la Commission de R\u00e9gulation de l\u2019Energie (CRE) ouvre des appels d\u2019offre, auxquels nous postulons en proposant un prix pour l\u2019\u00e9lectricit\u00e9 vendue par notre parc. Un processus de mise en concurrence s\u2019op\u00e8re ensuite, et la CRE note les diff\u00e9rents candidats selon plusieurs crit\u00e8res, notamment le prix. Elle d\u00e9finit \u00e9galement un tarif cible (\u00e0 titre indicatif, ce dernier \u00e9tait de 64,52\u20ac\/MWh pour les appels d\u2019offre \u00e9oliens d\u00e9but 2022). A l\u2019issue de ce processus, nous obtenons un tarif qui nous garantit de vendre notre production \u00e0 un certain prix dans la dur\u00e9e, et donc d\u2019avoir de la visibilit\u00e9 sur nos revenus.\u00a0<\/em><\/div>\n<div><\/div>\n<div><\/div>\n<div><em>Pour illustrer le fonctionnement pratique de ces m\u00e9canismes de soutien, imaginons un parc qui a obtenu un tarif \u00e0 65\u20ac\/MWh lors d\u2019un appel d\u2019offre. Quand le prix de march\u00e9 est \u00e0 40\u20ac\/MWh, il recevra 25\u20ac\/MWh de soutien. \u00a0Dans le cadre du compl\u00e9ment de r\u00e9mun\u00e9ration, la production est vendue \u00e0 40\u20ac\/MWh, et une prime de 25\u20ac\/MWh est vers\u00e9e au producteur.\u00a0<\/em><\/div>\n<div><em>Quand les prix de march\u00e9 sont sup\u00e9rieurs au tarif obtenu en appel d\u2019offre, c&rsquo;est le producteur qui reverse l\u2019exc\u00e9dent \u00e0 l&rsquo;\u00e9tat. Imaginons un prix de march\u00e9 \u00e0 100\u20ac\/MWh (voire sup\u00e9rieur en ce moment li\u00e9 \u00e0 la crise de l&rsquo;\u00e9nergie), le producteur reverse alors 35\u20ac\/MWh \u00e0 l&rsquo;\u00e9tat (prix de vente du MWh sur le march\u00e9 \u2013 tarif \/MWh obtenu lors de l\u2019appel d\u2019offre).<\/em><\/div>\n<div><\/div>\n<div><\/div>\n<div><em>Pour en revenir \u00e0 VALOREM, nous avons per\u00e7u sur 2021 environ 10,5m\u20ac dans le cadre des m\u00e9canismes de soutien, et nous devrions avoir revers\u00e9 environ 25,8m\u20ac. En d\u00e9finitive, nous n&rsquo;avons donc pas touch\u00e9 de subventions en 2021, au contraire, c&rsquo;est nous qui avons revers\u00e9 15,3m\u20ac \u00e0 l&rsquo;Etat. Cela devrait \u00e9fgalement \u00eatre le cas pour l\u2019ann\u00e9e 2022.<\/em><\/div>\n<div><\/div>\n<div><\/div>\n<div><em>Pour en savoir plus sur ces m\u00e9canismes de soutien aux \u00e9nergies renouvelables, vous pouvez consulter le site de la Commission de R\u00e9gulation de l\u2019Energie : https:\/\/www.cre.fr\/Transition-energetique-et-innovation-technologique\/soutien-a-la-production\/financement-du-soutien-aux-enr<\/em><\/div>\n<\/div>\n\t\t\t\t\t<\/div>\n\t\t\t\t<\/div>\n\t\t\t\t\t\t\t<div data-accordion class=\"faq-main\">\n\t\t\t\t\t<div data-control class=\"faq-title\">\n\t\t\t\t\t\t<h4>Fr\u00e9d\u00e9ric DELSALLE<\/h4>\n\t\t\t\t\t<\/div>\n\t\t\t\t\t<div data-content>\n\t\t\t\t\t\t\t\t\t\t\t\t<div class=\"faq-content\"><p>Bonjour<br \/>\nLe projet ne pourrait-il pas d&rsquo;int\u00e9grer \u00e0 proximit\u00e9 de la 1215 en regard de la zone commerciale de Lesparre ou faut-il vraiment l&rsquo;\u00e9loigner de la zone urbaine ?<br \/>\nAcc\u00e8s simplifi\u00e9 et desserte plus simple lors des travaux et des connexions.<br \/>\nApr\u00e8s les panneaux solaires, les chasses priv\u00e9es cl\u00f4tur\u00e9es, les champs ferm\u00e9s, nous sommes sur un \u00e9l\u00e9ment de plus du mitage de la for\u00eat dans un parc NATUREL r\u00e9gional Je ne connais pas le contenu de la charte mais il me semble important de s&rsquo;interroger sur l&rsquo;ensemble du territoire et pas seulement sur un projet suppl\u00e9mentaire au niveau d&rsquo;une commune et qui pr\u00e9sente \u00e0 lui seul un tr\u00e8s fort impact.<br \/>\nLes projets successifs ne semblent pas pas tenir compte de la vision d&rsquo;ensemble du M\u00e9doc.<br \/>\nCordialement.<br \/>\nFr\u00e9d\u00e9ric DELSALLE<\/p>\n<p>&nbsp;<\/p>\n<p><em>Nous vous remercions pour votre contribution \u00e0 la concertation.\u00a0<\/em><\/p>\n<p><em>La r\u00e8glementation pour l&rsquo;installation d&rsquo;un parc \u00e9olien impose une distance d&rsquo;au moins 500 m\u00e8tres de l&rsquo;habitation la plus proche, ce qui exclut de fait la possibilit\u00e9 d&rsquo;installer un parc \u00e9olien en zone urbaine.<\/em><\/p>\n<p><em>Le site choisi de Lesparre-M\u00e9doc a \u00e9t\u00e9 identifi\u00e9 \u00e0 l&rsquo;issue d&rsquo;\u00e9tudes de pr\u00e9-faisabilit\u00e9 r\u00e9alis\u00e9es par VALOREM, qui ont permis de d\u00e9terminer que le site soit :<\/em><br \/>\n<em>&#8211; \u00e9loign\u00e9s d\u2019au moins 500 m\u00e8tres de l\u2019habitation la plus proche ;<\/em><br \/>\n<em>&#8211; facile \u00e0 relier au r\u00e9seau \u00e9lectrique haute ou moyenne tension;<\/em><br \/>\n<em>&#8211; faciles d\u2019acc\u00e8s ;<\/em><br \/>\n<em>&#8211; d\u2019une taille suffisante pour accueillir le projet.<\/em><\/p>\n<p><em>Les sites choisis pour l&rsquo;implantation de parcs \u00e9oliens doivent r\u00e9pondre \u00e0 des r\u00e8glementations tr\u00e8s strictes afin d&rsquo;\u00e9viter les conflits d&rsquo;usage et respecter les paysages, le patrimoine, l&rsquo;environnement et la biodiversit\u00e9. Ils ne peuvent pas \u00eatre :<\/em><br \/>\n<em>&#8211; situ\u00e9s \u00e0 l\u2019int\u00e9rieur ou \u00e0 proximit\u00e9 de secteurs architecturaux ou paysagers (sites embl\u00e9matiques, paysages remarquables, sites inscrits ou class\u00e9s\u2026) ;<\/em><br \/>\n<em>&#8211; une contrainte pour les zones militaires (pr\u00e9sence de radars), les zones de passage d\u2019avions en basse altitude ;<\/em><br \/>\n<em>&#8211; install\u00e9s dans des zones de conservation de la biodiversit\u00e9.<\/em><\/p>\n<p><em>Concernant la charte du PNR, celle-ci donne l&rsquo;orientation (p.121) de \u00ab\u00a0favoriser la transition \u00e9nerg\u00e9tique\u00a0\u00bb en proposant d&rsquo; \u00ab\u00a0accompagner le d\u00e9veloppement des \u00e9nergies renouvelables\u00a0\u00bb pour permettre \u00ab\u00a0d\u2019atteindre une plus grande ind\u00e9pendance \u00e9nerg\u00e9tique en utilisant les ressources locales abondantes (soleil, vent, bois, &#8230;) faiblement \u00e9mettrices de GES et dont l\u2019approvisionnement est s\u00fbr et maitris\u00e9\u00a0\u00bb. Pour cela, la charte propose une carte des \u00ab\u00a0zones de contraintes et de vigilance pour le d\u00e9veloppement d&rsquo;\u00e9quipements \u00e9oliens\u00a0\u00bb (p.125). La zone d&rsquo;implantation potentielle du projet se situe en dehors des zones sensibles identifi\u00e9es sur cette carte.<\/em><\/p>\n<\/div>\n\t\t\t\t\t<\/div>\n\t\t\t\t<\/div>\n\t\t\t\t\t\t\t<div data-accordion class=\"faq-main\">\n\t\t\t\t\t<div data-control class=\"faq-title\">\n\t\t\t\t\t\t<h4>Cedric PEYRAUD<\/h4>\n\t\t\t\t\t<\/div>\n\t\t\t\t\t<div data-content>\n\t\t\t\t\t\t\t\t\t\t\t\t<div class=\"faq-content\"><p>Bonjour<\/p>\n<p>A quelle date est pr\u00e9vue l&rsquo;enqu\u00eate publique ?<\/p>\n<p>Sur la plaquette VALOREM, il est indiqu\u00e9 juin 2024. Dans l&rsquo;article de Sud Ouest, M GRANDIDIER parle de juin 2023&#8230;&#8230;.<\/p>\n<p>&nbsp;<\/p>\n<p><em>Nous vous remercions pour votre contribution.\u00a0<\/em><\/p>\n<p><em>L&rsquo;enqu\u00eate publique est aujourd&rsquo;hui pr\u00e9vue pour juin 2024, comme cela est mentionn\u00e9 dans les documents de concertation et de communication.<\/em><\/p>\n<p><em>Il est possible qu&rsquo;une erreur ait \u00e9t\u00e9 faite dans le journal Sud Ouest, dont l&rsquo;article ne cite d&rsquo;ailleurs pas M. Grandidier quand il en parle.<\/em><\/p>\n<p><em>De mani\u00e8re g\u00e9n\u00e9rale, l&rsquo;enqu\u00eate publique intervient environ 1 an apr\u00e8s le d\u00e9p\u00f4t de la demande d&rsquo;autorisation environnementale. Au vu des d\u00e9bats et des \u00e9tudes suppl\u00e9mentaires qui nous ont \u00e9t\u00e9 sugg\u00e9r\u00e9es lors de la concertation pr\u00e9alable, il est possible que nous mettions plus de temps \u00e0 d\u00e9poser le dossier et que l&rsquo;enqu\u00eate publique soit d\u00e9cal\u00e9e d&rsquo;autant.<\/em><\/p>\n<\/div>\n\t\t\t\t\t<\/div>\n\t\t\t\t<\/div>\n\t\t\t\t\t\t\t<div data-accordion class=\"faq-main\">\n\t\t\t\t\t<div data-control class=\"faq-title\">\n\t\t\t\t\t\t<h4>JOSE CERRA<\/h4>\n\t\t\t\t\t<\/div>\n\t\t\t\t\t<div data-content>\n\t\t\t\t\t\t\t\t\t\t\t\t<div class=\"faq-content\"><p>Sur le journal SUD OUEST et sur l\u2019\u00e9mission TV7 MR GRANDIDIER dit que la date de l\u2019enqu\u00eate publique du commissaire enqu\u00eateur serait en date JUIN 2023 , sur le calendrier pr\u00e9visionnel , elle est en date JUIN 2024 ,sur la plaquette que vous avez diffus\u00e9 pouvez-vous certifier qu&rsquo;elle est la vrai date envisag\u00e9e?? QU&rsquo;ELLE INCOHERANCE AU NIVEAU COMMUNICATION!!!!!!<\/p>\n<p>&nbsp;<\/p>\n<p><em>Nous vous remercions pour votre contribution.\u00a0<\/em><\/p>\n<p><em>La date envisag\u00e9e pour l&rsquo;enqu\u00eate publique est bien juin 2024, comme cela est mentionn\u00e9 dans les documents de concertation et de communication.<\/em><\/p>\n<p><em>Il est possible qu&rsquo;une erreur ait \u00e9t\u00e9 faite dans le journal Sud Ouest, dont l&rsquo;article ne cite d&rsquo;ailleurs pas M. Grandidier quand il en parle.<\/em><\/p>\n<p><em>De mani\u00e8re g\u00e9n\u00e9rale, l&rsquo;enqu\u00eate publique intervient environ 1 an apr\u00e8s le d\u00e9p\u00f4t de la demande d&rsquo;autorisation environnementale. Au vu des d\u00e9bats et des \u00e9tudes suppl\u00e9mentaires qui nous ont \u00e9t\u00e9 sugg\u00e9r\u00e9es lors de la concertation pr\u00e9alable, il est possible que nous mettions plus de temps \u00e0 d\u00e9poser le dossier et que l&rsquo;enqu\u00eate publique soit d\u00e9cal\u00e9e d&rsquo;autant.<\/em><\/p>\n<\/div>\n\t\t\t\t\t<\/div>\n\t\t\t\t<\/div>\n\t\t\t\t\t\t\t<div data-accordion class=\"faq-main\">\n\t\t\t\t\t<div data-control class=\"faq-title\">\n\t\t\t\t\t\t<h4>Lydia PAUC<\/h4>\n\t\t\t\t\t<\/div>\n\t\t\t\t\t<div data-content>\n\t\t\t\t\t\t\t\t\t\t\t\t<div class=\"faq-content\"><p>Pourquoi n&rsquo;y a t il pas des simulations visuelles depuis tous les hameaux environnants ?<br \/>\nConneau, plassan, Ch\u00e9outre, Magagnan, gausseran<\/p>\n<p>&nbsp;<\/p>\n<p><em>Nous vous remercions pour votre contribution \u00e0 la concertation. <\/em><\/p>\n<p><em>Les ateliers de la concertation pr\u00e9alable ont permis aux participants de proposer plusieurs \u00ab\u00a0points de vue\u00a0\u00bb du territoire depuis lesquels de nouvelles simulations ou photomontages pourront \u00eatre r\u00e9alis\u00e9s afin de mieux visualiser les impacts paysagers du projet. Parmi eux, plusieurs hameaux environnants ont ainsi \u00e9t\u00e9 retenus par le porteur du projet (Plassan, Conneau, Ch\u00e9outre, etc.).<\/em><\/p>\n<p><em>Ces sites seront ainsi pris en compte pour de nouvelles simulations visuelles si le projet \u00e9tait poursuivi.<\/em><\/p>\n<\/div>\n\t\t\t\t\t<\/div>\n\t\t\t\t<\/div>\n\t\t\t\t\t\t\t<div data-accordion class=\"faq-main\">\n\t\t\t\t\t<div data-control class=\"faq-title\">\n\t\t\t\t\t\t<h4>Claire LEZIER<\/h4>\n\t\t\t\t\t<\/div>\n\t\t\t\t\t<div data-content>\n\t\t\t\t\t\t\t\t\t\t\t\t<div class=\"faq-content\"><p>Qui payera la diff\u00e9rence de la valeur de la maison qui va terriblement dec\u00f4ter?<\/p>\n<p>&nbsp;<\/p>\n<p><em>Nous vous remercions pour votre contribution \u00e0 la concertation. <\/em><\/p>\n<p><em>D\u2019apr\u00e8s les conclusions de l\u2019Ademe rendues dans son \u00e9tude sur l\u2019\u00e9olien et l\u2019immobilier publi\u00e9e en mai 2022, pour les biens distants de moins de 5 km d\u2019un parc \u00e9olien le nombre de transactions immobili\u00e8res n\u2019est g\u00e9n\u00e9ralement pas affect\u00e9 par la pr\u00e9sence d\u2019\u00e9oliennes, et l\u2019impact de ces derni\u00e8res sur le prix est nul ou non significatif, parfois faiblement n\u00e9gatif \u2013 une perte de l\u2019ordre de 1,5% du m\u00b2 (avec un \u00e9cart de -5% \u00e0 +2%), \u00ab\u00a0soit 5 \u00e0 15 fois moins que la marge d\u2019appr\u00e9ciation des agents immobiliers en milieu rural\u00a0\u00bb. Cet impact est comparable aux autres infrastructures telles que les lignes haute tension ou les antennes de t\u00e9l\u00e9communication.<\/em><\/p>\n<p><em>A plus de 5km d&rsquo;un parc \u00e9olien, l&rsquo;\u00e9tude de l&rsquo;ADEME ne trouve pas d&rsquo;impact. Ces r\u00e9sultats sont coh\u00e9rents vis \u00e0 vis des autres \u00e9tudes fiables conduites au niveau international (voir l&rsquo;\u00e9tude bibliographique pr\u00e9sente dans le rapport). Sur les biens d&rsquo;exception (ch\u00e2teau, manoir, &#8230;), de possibles d\u00e9valuations n&rsquo;ont pas pu \u00eatre corrobor\u00e9es par des \u00e9l\u00e9ments quantitatifs. Le volume de ce march\u00e9 est tr\u00e8s faible, pr\u00e9cise le rapport : entre 2015 et 2020, les maisons dont le prix est sup\u00e9rieur \u00e0 700 000\u20ac repr\u00e9sentent 1% des transactions de maisons en France, et les maisons situ\u00e9es \u00e0 moins de 2,5 km d&rsquo;une \u00e9olienne repr\u00e9sentent 2,8% des transactions.<\/em><\/p>\n<p><em>Vous pouvez consulter le rapport de l&rsquo;ADEME au lien suivant : https:\/\/librairie.ademe.fr\/cadic\/7130\/rapport_final_eolien_immobilier.pdf<\/em><\/p>\n<\/div>\n\t\t\t\t\t<\/div>\n\t\t\t\t<\/div>\n\t\t\t\t\t\t\t<div data-accordion class=\"faq-main\">\n\t\t\t\t\t<div data-control class=\"faq-title\">\n\t\t\t\t\t\t<h4>Jos\u00e9 CERRA<\/h4>\n\t\t\t\t\t<\/div>\n\t\t\t\t\t<div data-content>\n\t\t\t\t\t\t\t\t\t\t\t\t<div class=\"faq-content\"><p>Sur le dossier paysager, il y a eu des prises de vues plus proches du projet du parc \u00e9olien, pourquoi , n&rsquo;avons-nous pas pu les visionner , elles montrent la r\u00e9alit\u00e9 de la pollution visuelle de ces machines ?<br \/>\nJ&rsquo;en prends pour preuve celle de Ch\u00e9outre, o\u00f9 il y a un g\u00eete, de l\u00e0 on aper\u00e7oit le m\u00e2t de mesure (140 m\u00e8tres) qui d\u00e9passe de la for\u00eat d&rsquo;environ 80 m\u00e8tres. Si l&rsquo;on rajoutais la longueur de la pale (80 m\u00e8tres) cela ferait 160 m\u00e8tres de d\u00e9passement.<br \/>\nD&rsquo;autres points de vue strat\u00e9giques ont \u00e9t\u00e9 \u00ab\u00a0oubli\u00e9s\u00a0\u00bb,<br \/>\n1) sur la D4, depuis la st\u00e8le comm\u00e9morative du Roquet, proche de mon domicile, qui avait d\u00e9j\u00e0 \u00e9t\u00e9 visualis\u00e9 en son temps par l&rsquo;ancien chef de projet Thomas S\u00e9nant, les pales \u00e9taient parfaitement visibles.<br \/>\n2) Depuis Saint Gaux, croisement de la D1215 et de la D4<br \/>\n3) Depuis le centre \u00e9questre, chemin du Hereyrat<br \/>\n4) Chemin des Bouchonnets au Pouyau<br \/>\nBeaucoup d&rsquo;endroits strat\u00e9giques qu&rsquo;il serait tr\u00e8s int\u00e9ressant de voir, ont-ils \u00e9t\u00e9 mis \u00e0 l&rsquo;\u00e9cart intentionnellement ?<br \/>\nDe plus une vid\u00e9o depuis le sommet de la tour de l&rsquo;Honneur de Lesparre serait int\u00e9ressante.<br \/>\nEt d&rsquo;autres encore car sur 16 endroits de vid\u00e9os faites seulement 6 ont \u00e9t\u00e9 visibles, et comme par hasard, il s&rsquo;agit de pratiquement les plus lointains!!!<br \/>\nJ&rsquo;esp\u00e8re que tous ces sites seront visibles sur la vid\u00e9o que vous devez en principe (?) mettre sur le site d&rsquo;apr\u00e8s la derni\u00e8re r\u00e9ponse que vous m&rsquo;avez faite \u00e0 ce sujet. Je souhaite que vous int\u00e9griez toutes les vid\u00e9os que je vous ai signal\u00e9es, pour que nous puissions nous faire une id\u00e9e de la r\u00e9alit\u00e9.<br \/>\nVous argumentez que la for\u00eat pourrait masquer en partie les \u00e9oliennes, ce n&rsquo;est pas un argument valable pour moi, car cette for\u00eat est exploit\u00e9e par les sylviculteurs, entre autres, et la v\u00e9rit\u00e9 d&rsquo;un jour n&rsquo;est pas celle du lendemain, et lorsque l&rsquo;on effectue des coupes dans cette for\u00eat, ce qui est fait r\u00e9guli\u00e8rement, il faut attendre au moins 20 ans pour que le m\u00eame barrage visuel soit reconstitu\u00e9.<\/p>\n<p><em>Nous avons bien pris en compte votre demande et vous remercions pour votre contribution.\u00a0<\/em><\/p>\n<p><em>Comme cela a \u00e9t\u00e9 rappel\u00e9 en r\u00e9union de cl\u00f4ture le 19 d\u00e9cembre, plusieurs \u00ab\u00a0points de vue\u00a0\u00bb propos\u00e9s par les participants lors des ateliers ont \u00e9t\u00e9 retenus par le porteur du projet et pourront faire l&rsquo;objet de nouvelles simulations ou photomontages afin de mieux visualiser les impacts paysagers du projet. Parmi ceux-ci figurent notamment Saint-Gaux, le Pouyau. La Tour d&rsquo;Honneur de Lesparre figurait d\u00e9j\u00e0 parmis les points de vue du premier dossier et sera repris pour le prochain dossier si le projet est r\u00e9engag\u00e9.<\/em><\/p>\n<p><em>Nous vous proposons d&rsquo;int\u00e9grer vos autres propositions (la st\u00e8le comm\u00e9morative du Roquet et le centre \u00e9questre chemin du Hereyrat) \u00e0 la liste des points de vue qui seront pris en compte si le projet \u00e9tait poursuivi.<\/em><\/p>\n<\/div>\n\t\t\t\t\t<\/div>\n\t\t\t\t<\/div>\n\t\t\t\t\t\t\t<div data-accordion class=\"faq-main\">\n\t\t\t\t\t<div data-control class=\"faq-title\">\n\t\t\t\t\t\t<h4>Didier RICHARD<\/h4>\n\t\t\t\t\t<\/div>\n\t\t\t\t\t<div data-content>\n\t\t\t\t\t\t\t\t\t\t\t\t<div class=\"faq-content\"><p>je rappelle ici deux questions, parmi bien d autres, rest\u00e9es sans r\u00e9ponse au cours d un pr\u00e9c\u00e8dent atelier :<br \/>\n1 Qu&rsquo; est ce qui justifie que Valorem via sa filiale c\u0153ur M\u00e9doc Energie pr\u00e9f\u00e8re payer des loyers pendant 25 ans pour les parcelles concern\u00e9es a faible valeur fonci\u00e8re plut\u00f4t que d acqu\u00e9rir les dites parcelles en son nom propre ? en effet il semble que le cumul des loyers sur les p\u00e9riodes envisag\u00e9es d\u00e9passerait de tr\u00e8s loin le prix d acquisition de ces parcelles ? Cet usage des promoteurs d \u00e9olien qui consiste a installer leur patrimoine industriel sur les terrains d autrui me parait bien surprenant!<br \/>\n2 Une autre question porte sur la strat\u00e9gie \u00e9vitement\/limitation\/compensation des impacts \u00e9cologiques autant j ai cru comprendre le concept de compensation lorsqu&rsquo; il s agit d impact sur la flore il suffirait pour chaque hectare de foret qui changerait de destination en devenant un site de production industrielle de replanter a l identique cette m\u00eame surface sur un site artificialis\u00e9 a proximit\u00e9 pour le rendre a la foret ? quel site serait concern\u00e9 ? En revanche ce que je n ai pas compris c est en mati\u00e8re d impact sur la faune comment d\u00e9placer celle ci ? Comment compenser pour les esp\u00e8ces end\u00e9miques la perte de leur habitat?<br \/>\nComment compenser les in\u00e9vitables collisions des oiseaux avec les \u00e9oliennes ? Comment compenser les impacts sur les migrations ?<\/p>\n<p>&nbsp;<\/p>\n<p><em>Nous vous remercions pour votre contribution.<\/em><\/p>\n<p><em>En r\u00e9ponse \u00e0 votre question 1 :<\/em><\/p>\n<p>C\u2019est un choix de l\u2019op\u00e9rateur qui n\u2019a pas vocation \u00e0 \u00eatre propri\u00e9taire foncier (qui est un statut sp\u00e9cifique). Cela s\u2019explique par le caract\u00e8re r\u00e9versible de l\u2019installation et le risque de d\u00e9r\u00e9gulation des prix des terrains du fait des montants propos\u00e9s.<\/p>\n<p>En effet, le prix d\u2019acquisition des parcelles serait celle d\u2019une parcelle d\u2019\u00e9olienne et non d\u2019une parcelle foresti\u00e8re. Au lieu d\u2019une promesse de bail, nous ferions une promesse de vente conditionn\u00e9e \u00e0 la lev\u00e9e des conditions suspensives qui garantissent la possibilit\u00e9 de construire le parc \u00e9olien. Ainsi la valeur de la parcelle est en gros le cumul de loyers sur 20 ans index\u00e9 sur le co\u00fbt de la main d\u2019\u0153uvre et des mat\u00e9riaux soit plus de 300\u00a0000\u20ac (pour 3000 m\u00b2) contre 25000\u20ac\/ha pour une parcelle foresti\u00e8re.<\/p>\n<p><em>En r\u00e9ponse \u00e0 votre question 2 :<\/em><\/p>\n<p><em>Il y aurait deux types de compensation dans le cas du projet de Lesparre\u00a0: <strong>la compensation foresti\u00e8re et la compensation \u00e9cologique<\/strong> (qui inclut la \u00ab\u00a0flore\u00a0\u00bb dans sa dimension \u00e9cologique uniquement). Ces d\u00e9marches sont mises en ouvre sur l\u2019int\u00e9gralit\u00e9 du site en fonction des surfaces impact\u00e9es.<\/em><\/p>\n<p><em>Le d\u00e9frichement\u00a0d&rsquo;un espace bois\u00e9 entra\u00eenant un changement de nature est soumis (suivant la surface) \u00e0 une autorisation pr\u00e9alable. L&rsquo;obtention de l&rsquo;autorisation pr\u00e9alable au d\u00e9frichement (Dossier de Demande d&rsquo;Autorisation de D\u00e9frichement) est elle-m\u00eame conditionn\u00e9e par la mise en place de mesures de compensation. <\/em><\/p>\n<p><em>La mise en \u0153uvre de la compensation foresti\u00e8re peut s&rsquo;op\u00e9rer \u00e0 travers 3 cas de figures :<\/em><\/p>\n<ul>\n<li><em>Soit par la mise en \u0153uvre d&rsquo;un <strong>boisement compensateur<\/strong>\u00a0(programme de reboisement) sur des terrains autres que ceux d\u00e9frich\u00e9s et sur une surface \u00e9gale \u00e0 la surface d\u00e9frich\u00e9e, assortie d&rsquo;un coefficient multiplicateur compris entre 1 et 5 (fonction des r\u00f4les \u00e9conomiques, \u00e9cologiques et sociaux du massif impact\u00e9), sur une p\u00e9riode de 20 ans ;<\/em><\/li>\n<li><em>Soit \u00e0 travers le <strong>versement d&rsquo;une indemnit\u00e9<\/strong> au Fonds Strat\u00e9gique\u00a0de la For\u00eat et du Bois ;<\/em><\/li>\n<li><em>Soit par une\u00a0<strong>mixit\u00e9<\/strong> entre boisement compensateur<\/em> et indemnit\u00e9<\/li>\n<\/ul>\n<p><em>Pour la <strong>compensation \u00e9cologique,<\/strong> d\u00e8s lors qu&rsquo;un effet d\u00fbment identifi\u00e9 comme impactant n\u2019est pas totalement supprim\u00e9 \u00e0 travers des mesures d&rsquo;\u00e9vitement et\/ou de r\u00e9duction, le ma\u00eetre d&rsquo;ouvrage a l&rsquo;obligation de mettre en \u0153uvre des mesures compensatoires. Les mesures de compensation doivent permettre de retrouver la qualit\u00e9 environnementale du milieu impact\u00e9, \u00e0 un niveau au moins \u00e9quivalent \u00e0 l&rsquo;\u00e9tat initial, et si possible, d&rsquo;obtenir une\u00a0plus-value \u00e9cologique. <\/em><\/p>\n<p><em>La compensation \u00e9cologique s&rsquo;op\u00e8re \u00e0 travers quatre principes directeurs :<\/em><\/p>\n<ul>\n<li><em><strong>L&rsquo;\u00e9quivalence \u00e9cologique<\/strong> a pour objectif l&rsquo;absence de perte nette assortie d&rsquo;une obligation de r\u00e9sultats permettant \u00e0 minima d&rsquo;atteindre une neutralit\u00e9 \u00e9cologique (pertes = gains) ;<\/em><\/li>\n<li><em><strong>L&rsquo;additionnalit\u00e9<\/strong>, c&rsquo;est \u00e0 dire apporter une plus-value \u00e9cologique par rapport \u00e0 l&rsquo;\u00e9tat initial du site de compensation ;\u00a0<\/em><\/li>\n<li><em><strong>La proximit\u00e9 g\u00e9ographique\u00a0<\/strong>encourage \u00e0 compenser au plus proche du site impact\u00e9, l\u00e0 o\u00f9 les chances de succ\u00e8s en termes de reconstitution ou de restauration sont \u00e9lev\u00e9es, en tenant compte des caract\u00e9ristiques, telles que la diversit\u00e9 des habitats, la connectivit\u00e9 de l&rsquo;habitat, les exigences \u00e9cologiques des esp\u00e8ces et l&rsquo;occupation des sols sur les terrains adjacents ;<\/em><\/li>\n<li><em><strong>La temporalit\u00e9<\/strong>\u00a0encadre la dur\u00e9e des mesures de compensation pour des effets \u00e0 long terme, exigeant que la compensation soit \u00ab\u00a0effective\u00a0\u00bb pendant toute la dur\u00e9e de l&rsquo;impact.<\/em><\/li>\n<\/ul>\n<p><em><strong>Concernant les effets sur la faune<\/strong>, je vous invite \u00e0 consulter le tableau p. 34 et 35 du dossier de concertation, dans lequel les principaux impacts sur les esp\u00e8ces embl\u00e9matiques y sont d\u00e9crits. Les impacts sont plus ou moins forts en fonction des sc\u00e9narios. Le but des alternatives propos\u00e9es \u00e9tant de les minimiser, vous constaterez que les impacts vont de faible \u00e0 fort pour la variante \u00e0 12 \u00e9oliennes, faible \u00e0 mod\u00e9r\u00e9 pour la variante \u00e0 9 \u00e9oliennes et n\u00e9gligeable \u00e0 tr\u00e8s faible pour l\u2019implantation \u00e0 8 \u00e9oliennes.<\/em><\/p>\n<p><em>Cela est rendu possible gr\u00e2ce \u00e0 une strat\u00e9gie d\u2019\u00e9vitement des enjeux forts pour la faune et la flore (\u00e9vitement de destruction d\u2019habitats), par l\u2019adaptation du calendrier des travaux, le balisage des zones \u00e0 enjeux durant le chantier. Dans le cas d\u2019un \u00e9vitement impossible, nous avons chercher \u00e0 r\u00e9duire l\u2019impacts en \u00e9vitant de maintenir une v\u00e9g\u00e9tation attractive aux pieds des machines, en maintenant un balisage rouge la nuit pour pr\u00e9venir les collisions des oiseaux, en mettant en place des plans de bridages permettant un arr\u00eat programm\u00e9 des machines pour \u00e9viter tout risque de collision avec les chauves-souris, en r\u00e9duisant l\u2019emprise au sol des \u00e9oliennes au sein des pin\u00e8des.<\/em><\/p>\n<p><em>Enfin, si l\u2019impact r\u00e9siduel (apr\u00e8s mesures \u00e9vitement et r\u00e9duction) n\u2019est pas tr\u00e8s faible ou n\u00e9gligeable, il doit \u00eatre mis en place des mesures compensatoires. Celles-ci consistent \u00e0 la recr\u00e9ation d\u2019habitat propice au d\u00e9veloppement et \u00e0 la reproduction des esp\u00e8ces. En fonction des esp\u00e8ces, il est possible de le faire sur place (recr\u00e9er une mare pour les amphibiens, par exemple) ou en dehors de la zone d\u2019\u00e9tude (r\u00e9cr\u00e9er un site favorable pour des rongeurs qui puissent attirer les rapaces).<\/em><\/p>\n<\/div>\n\t\t\t\t\t<\/div>\n\t\t\t\t<\/div>\n\t\t\t\t\t\t\t<div data-accordion class=\"faq-main\">\n\t\t\t\t\t<div data-control class=\"faq-title\">\n\t\t\t\t\t\t<h4>Serge URBANO<\/h4>\n\t\t\t\t\t<\/div>\n\t\t\t\t\t<div data-content>\n\t\t\t\t\t\t\t\t\t\t\t\t<div class=\"faq-content\"><p>Compatibilit\u00e9 d&rsquo;un parc \u00e9olien terrestre industriel dans un \u00e9cosyst\u00e8me forestier \u00e0 valeur \u00e9cologique et paysag\u00e8re d&rsquo;un territoire class\u00e9 en PNR avec sa mission de protection du patrimoine naturel et des paysages au titre R 333-1 du code de l&rsquo;environnement<\/p>\n<p>&nbsp;<\/p>\n<p><em>Nous vous remercions pour votre contribution.\u00a0<\/em><\/p>\n<p><em>Les parc \u00e9oliens terrestres rel\u00e8vent des Installatios class\u00e9es pour l&rsquo;environnement (ICPE) et sont soumis \u00e0 autorisation enviropnnementale (l&rsquo;\u00e9quivalent du permis de construire pour une maison). Dans la demande d&rsquo;autorisation environnementale doit figurer l&rsquo;\u00e9tude d\u2019impact: celle-ci doit aborder les impacts positifs et n\u00e9gatifs du projet pour l\u2019ensemble des th\u00e9matiques environnementales. Le choix d\u2019implantation fait donc l\u2019objet d\u2019une analyse multicrit\u00e8res qui vise \u00e0 d\u00e9terminer, une fois que les mesures d&rsquo;\u00e9vitement, r\u00e9duction ou compensation ont \u00e9t\u00e9 mises en place, si la pr\u00e9sence d&rsquo;\u00e9oliennes est compatible avec son environnement.<\/em><br \/>\n<em>Par exemple, en fonction des sc\u00e9narios propos\u00e9s dans le cadre de la concertation, les experts ont consid\u00e9r\u00e9 les impacts de \u00ab\u00a0mod\u00e9r\u00e9\u00a0\u00bb \u00e0 \u00ab\u00a0faible\u00a0\u00bb pour 9 \u00e9oliennes, et de\u00a0\u00bbfaible\u00a0\u00bb \u00e0 \u00ab\u00a0nul\u00a0\u00bb pour le sc\u00e9nario \u00e0 8 \u00e9oliennes.<\/em><\/p>\n<p><em>Quant au PNR, il dispose d&rsquo;une charte disponible en ligne : https:\/\/www.pnr-medoc.fr\/la-charte-de-territoire.html avec l&rsquo;orientation (p.121) de \u00ab\u00a0favoriser la transition \u00e9nerg\u00e9tique\u00a0\u00bb en proposant d'\u00a0\u00bbaccompagner le d\u00e9veloppement des \u00e9nergies renouvelables\u00a0\u00bb pour permettre \u00a0\u00bb d\u2019atteindre une plus grande ind\u00e9pendance \u00e9nerg\u00e9tique en utilisant les ressources locales abondantes (soleil, vent, bois, &#8230;) faiblement \u00e9mettrices de GES et dont l\u2019approvisionnement est s\u00fbr et maitris\u00e9\u00a0\u00bb. Pour cela, la charte propose une carte des \u00ab\u00a0zones de contraintes et de vigilance pour le d\u00e9veloppement d&rsquo;\u00e9quipements \u00e9oliens\u00a0\u00bb (p.125). La zone d&rsquo;implantation potentielle du projet se situe en dehors des zones sensibles identifi\u00e9es sur cette carte.<\/em><\/p>\n<\/div>\n\t\t\t\t\t<\/div>\n\t\t\t\t<\/div>\n\t\t\t\t\t\t\t<div data-accordion class=\"faq-main\">\n\t\t\t\t\t<div data-control class=\"faq-title\">\n\t\t\t\t\t\t<h4>Serge URBANO<\/h4>\n\t\t\t\t\t<\/div>\n\t\t\t\t\t<div data-content>\n\t\t\t\t\t\t\t\t\t\t\t\t<div class=\"faq-content\"><p>&#8211; Nom des bureaux d&rsquo;\u00e9tude travaillant sur la biodiversit\u00e9 ?<br \/>\n&#8211; Nature et m\u00e9thode des \u00e9tudes sur l&rsquo;impact des \u00e9oliennes, au sol et en hauteur (canop\u00e9e et pales) sur les diff\u00e9rentes esp\u00e8ces (chacune ayant des exigences \u00e9cologiques sp\u00e9cifiques) de chauves-souris et d&rsquo;oiseaux au sein de l&rsquo;\u00e9cosyst\u00e8me forestier de l&rsquo;AEI de 455 ha ;<br \/>\n&#8211; Nature et faisabilit\u00e9 des mesures compensatoires pour r\u00e9pondre aux impacts des \u00e9oliennes suivant les diff\u00e9rents esp\u00e8ces de chiropt\u00e8res et d&rsquo;oiseaux (zones de chasse, de reproduction, couloirs de d\u00e9placements et migratoires, &#8230;) au sein de l&rsquo;\u00e9cosyst\u00e8me de l&rsquo;AEI de 455 ha ;<br \/>\n&#8211; M\u00e9thode pour d\u00e9terminer les cat\u00e9gories d&rsquo;enjeux pour assurer le bon \u00e9tat de conservation (notamment cf DHFF) et r\u00e9pondre \u00e0 la responsabilit\u00e9 du territoire (ex esp\u00e8ces \u00e0 PNA, noyau populationnel d&rsquo;Elanion blanc au domaine vital de 900 \u00e0 1.800 ha, &#8230;) ;<br \/>\n&#8211; Implantation d&rsquo;un parc \u00e9olien dans un \u00e9cosyst\u00e8me forestier avec le potentiel document\u00e9 de collision pour les esp\u00e8ces, notamment prot\u00e9g\u00e9es<\/p>\n<p>&nbsp;<\/p>\n<p><em>Bonjour Monsieur, <\/em><\/p>\n<p><em>Nous vous remercions pour votre contribution.\u00a0<\/em><\/p>\n<p><em>Le bureau d&rsquo;\u00e9tudes travaillant sur le projet s&rsquo;appelle NCA Environnement.<\/em><\/p>\n<p><em>Pour r\u00e9aliser leurs inventaires et analyses, les bureaux d&rsquo;\u00e9tudes naturalistes basent leurs m\u00e9thodes de qualification des enjeux, impacts et mesures sur le Guide relatif \u00e0 l&rsquo;\u00e9laboration des \u00e9tudes d&rsquo;impacts des projets de parcs \u00e9oliens terrestres (<a href=\"https:\/\/www.ecologie.gouv.fr\/sites\/default\/files\/Guide_EIE_MAJ%20Paysage_20201029-2.pdf\">https:\/\/www.ecologie.gouv.fr\/sites\/default\/files\/Guide_EIE_MAJ%20Paysage_20201029-2.pdf, version r\u00e9vis\u00e9e octobre 2020<\/a>).<\/em><\/p>\n<p><em>En cas de destruction potentielle d&rsquo;esp\u00e8ces prot\u00e9g\u00e9es, animales ou v\u00e9g\u00e9tales, ou de leurs habitats, une demande de d\u00e9rogation au titre des articles L. 411-1 et L. 411-2 du Code de l&rsquo;Environnement peut \u00e9galement \u00eatre requise. <\/em><em>De la m\u00eame mani\u00e8re, la m\u00e9thodologie des \u00e9tudes s&rsquo;appuie sur le Guide sur l\u2019application de la r\u00e9glementation relative aux esp\u00e8ces prot\u00e9g\u00e9es pour les parcs \u00e9oliens terrestres (<a href=\"https:\/\/eolien-biodiversite.com\/IMG\/pdf\/guide_eolien_especes_protegees.pdf\">https:\/\/eolien-biodiversite.com\/IMG\/pdf\/guide_eolien_especes_protegees.pdf, MEDDE (2014)<\/a>)<\/em><\/p>\n<\/div>\n\t\t\t\t\t<\/div>\n\t\t\t\t<\/div>\n\t\t\t\t\t\t\t<div data-accordion class=\"faq-main\">\n\t\t\t\t\t<div data-control class=\"faq-title\">\n\t\t\t\t\t\t<h4>Jos\u00e9 CERRA<\/h4>\n\t\t\t\t\t<\/div>\n\t\t\t\t\t<div data-content>\n\t\t\t\t\t\t\t\t\t\t\t\t<div class=\"faq-content\"><p>O\u00f9 en est le projet de mise en ligne des vid\u00e9os concernant la projection des \u00e9oliennes sur site pour qu&rsquo;un maximum de personnes puissent les visionner.<br \/>\nD&rsquo;autre part, plusieurs de mes questions sont rest\u00e9es sans r\u00e9ponse (2 ou 3) et n&rsquo;apparaissent pas sur la contribution en ligne.<br \/>\nJ&rsquo;esp\u00e8re obtenir une r\u00e9ponse cette fois-ci.<\/p>\n<p>&nbsp;<\/p>\n<p><em>Nous vous remercions pour votre contribution.\u00a0<\/em><\/p>\n<p><em>Comme cela vous a \u00e9t\u00e9 pr\u00e9cis\u00e9 lors de la visite sur site, les vid\u00e9os ont \u00e9t\u00e9 r\u00e9alis\u00e9es pour des visionnages en r\u00e9alit\u00e9 virtuelle. De ce fait, les fichiers ne sont pas adapt\u00e9s \u00e0 une mise en ligne sur le site internet. Ils doivent \u00eatre techniquement modifi\u00e9s. Les vid\u00e9os adapt\u00e9es devraient \u00eatre mises en ligne la semaine prochaine.<\/em><\/p>\n<p><em>Les participations en ligne, sont r\u00e9parties en deux cat\u00e9gories (case \u00e0 cocher dans le formulaire de d\u00e9p\u00f4t) : questions et avis\/contributions, cette derni\u00e8re cat\u00e9gorie n&rsquo;appelant pas<\/em><em>\u00a0de r\u00e9ponse particuli\u00e8re.<\/em><\/p>\n<\/div>\n\t\t\t\t\t<\/div>\n\t\t\t\t<\/div>\n\t\t\t\t\t\t\t<div data-accordion class=\"faq-main\">\n\t\t\t\t\t<div data-control class=\"faq-title\">\n\t\t\t\t\t\t<h4>Didier RICHARD<\/h4>\n\t\t\t\t\t<\/div>\n\t\t\t\t\t<div data-content>\n\t\t\t\t\t\t\t\t\t\t\t\t<div class=\"faq-content\"><p>suite a l atelier du 24 nov ,ou il a \u00e9t\u00e9 plusieurs fois fait mention du choix du lieu de la zone d implantation selon des crit\u00e8res or a l occasion d un pr\u00e9c\u00e9dent atelier il avait aussi \u00e9t\u00e9 entendu qu en terme de gisement de vent la zone choisie n etait pas non plus la meilleure . Hormis un terrain \u00ab\u00a0politique\u00a0\u00bb favorable quels ont \u00e9t\u00e9 les fameux crit\u00e8res de choix de la zone? Autrement dit ce projet serait il techniquement diff\u00e9rent si il avait \u00e9t\u00e9 propos\u00e9 mettons quelques kilom\u00e8tres a l ouest au sud ou au nord ?<\/p>\n<p>&nbsp;<\/p>\n<p><em>Nous vous remercions pour votre contribution \u00e0 la concertation.<\/em><\/p>\n<p><em>Le porteur de projet de parc \u00e9olien recherche en effet une zone avec un gisement de vent favorable \u00e0 la production d\u2019\u00e9lectricit\u00e9, ce qui est le cas du site de Lesparre au regard des technologies actuelles d&rsquo;\u00e9oliennes, mais \u00e9galement un nombre r\u00e9duit de contraintes. Pour cela, il r\u00e9alise des \u00e9tudes de pr\u00e9-faisabilit\u00e9 pour identifier des sites potentiels, en veillant \u00e0 ce qu&rsquo;ils soient :<\/em><\/p>\n<ul>\n<li><em>\u00e9loign\u00e9s d\u2019au moins 500 m\u00e8tres de l\u2019habitation la plus proche ;<\/em><\/li>\n<li><em>faciles \u00e0 relier au r\u00e9seau \u00e9lectrique haute ou moyenne tension;<\/em><\/li>\n<li><em>faciles d\u2019acc\u00e8s ;<\/em><\/li>\n<li><em>d\u2019une taille suffisante pour accueillir le projet.<\/em><\/li>\n<\/ul>\n<p><em>Chaque projet fait l&rsquo;objet d&rsquo;une consultation de la commune pour proc\u00e9der \u00e0 l&rsquo;\u00e9tude de faisabilit\u00e9, raison pour laquelle le site de Lesparre a \u00e9t\u00e9 privil\u00e9gi\u00e9 par rapport \u00e0 celui de St Germain d&rsquo;Esteuil par exemple.<\/em><\/p>\n<p><em>En outre, les sites choisis doivent r\u00e9pondre \u00e0 des r\u00e9glementations tr\u00e8s strictes pour \u00e9viter les conflits d&rsquo;usage et respecter les paysages, le patrimoine, l&rsquo;environnement et la biodiversit\u00e9. Ils ne peuvent pas \u00eatre :<\/em><\/p>\n<ul>\n<li><em>situ\u00e9s \u00e0 l\u2019int\u00e9rieur ou \u00e0 proximit\u00e9 de secteurs architecturaux ou paysagers (sites embl\u00e9matiques, paysages remarquables, sites inscrits ou class\u00e9s\u2026) ;<\/em><\/li>\n<li><em>une contrainte pour les zones militaires (pr\u00e9sence de radars), les zones de passage d\u2019avions en basse altitude ;<\/em><\/li>\n<li><em>install\u00e9s dans des zones de conservation de la biodiversit\u00e9.<\/em><\/li>\n<\/ul>\n<p><em>Ainsi, un autre projet situ\u00e9 quelques kilom\u00e8tres plus loin aurait d\u00fb se confronter aux m\u00eames crit\u00e8res.<\/em><\/p>\n<\/div>\n\t\t\t\t\t<\/div>\n\t\t\t\t<\/div>\n\t\t\t\t\t\t\t<div data-accordion class=\"faq-main\">\n\t\t\t\t\t<div data-control class=\"faq-title\">\n\t\t\t\t\t\t<h4>G\u00e9rard VILETTE<\/h4>\n\t\t\t\t\t<\/div>\n\t\t\t\t\t<div data-content>\n\t\t\t\t\t\t\t\t\t\t\t\t<div class=\"faq-content\"><p>Bonjour<br \/>\nLa puissance du projet n\u00e9cessite un raccordement sur le r\u00e9seau \u00e9lectrique de Rte, comment sera t-il r\u00e9alis\u00e9 ? Ligne a\u00e9rienne ou c\u00e2ble souterrain avec quel impact et vers quel poste ? (sachant que le poste de Lesparre n&rsquo;est pas dimensionn\u00e9 pour).<br \/>\nCordialement<\/p>\n<p>&nbsp;<\/p>\n<p><em>Nous vous remercions pour votre contribution \u00e0 la concertation.<\/em><\/p>\n<p><em>Les \u00e9oliennes sont raccord\u00e9es \u00e0 des postes de livraison qui sont eux-m\u00eames raccord\u00e9s \u00e0 des postes sources RTE. Le raccordement entre les \u00e9oliennes et les postes de livraison est r\u00e9alis\u00e9 par VALOREM et le raccordement entre les postes de livraison et le ou les postes sources RTE est r\u00e9alis\u00e9 par Enedis. Il s&rsquo;agira dans tous les cas de c\u00e2bles enterr\u00e9s. Ceux-ci sont enterr\u00e9s le long des routes pr\u00e9f\u00e9rentiellement et font l&rsquo;objet d&rsquo;une \u00e9tude d&rsquo;impacts dans le cadre du projet \u00e9olien et dans le cadre de la demande de raccordement par Enedis. En effet, il est possible qu&rsquo;entre le moment o\u00f9 VALOREM explore les trac\u00e9s dans son \u00e9tude et le moment o\u00f9 la demande est effective aupr\u00e8s d&rsquo;Enedis, les trac\u00e9s aient pu changer.<\/em><\/p>\n<\/div>\n\t\t\t\t\t<\/div>\n\t\t\t\t<\/div>\n\t\t\t\t\t\t\t<div data-accordion class=\"faq-main\">\n\t\t\t\t\t<div data-control class=\"faq-title\">\n\t\t\t\t\t\t<h4>Luc DEHON<\/h4>\n\t\t\t\t\t<\/div>\n\t\t\t\t\t<div data-content>\n\t\t\t\t\t\t\t\t\t\t\t\t<div class=\"faq-content\"><p>Je suis d\u00e9sol\u00e9, mais, dans le contexte, ce type d\u2019argumentaire est compl\u00e9tement d\u00e9cal\u00e9.<br \/>\nJe ne suis pas un op\u00e9rateur, d\u2019une part, et, vu ma position anti-\u00e9olienne, je ne risque pas de divulguer des informations utiles \u00e0 d\u2019autres envahisseurs, d\u2019autre part.<br \/>\nDe plus, votre remarque sur la crainte de la concurrence, laisse clairement entendre que vous avez l\u2019intention de vous r\u00e9pandre dans tout le m\u00e9doc.<br \/>\nLa seule question que je me pose, c\u2019est de savoir comment la partie adverse peut v\u00e9rifier les conclusions du requ\u00e9rant si elle ne peut pas disposer des m\u00eames informations que lui ?<br \/>\nM\u00eame avec un gisement de vent insuffisant, un op\u00e9rateur peut y retrouver son compte financi\u00e8rement, gr\u00e2ce au tarif de rachat garanti exorbitant.<br \/>\nJe pense que devant une cour de justice, votre position l\u00e9onine, serait r\u00e9cus\u00e9e sans coup f\u00e9rir.<br \/>\nVous n\u2019avez donc aucune raison de ne pas me fournir les informations qui me permettraient de contr\u00f4ler vos dire par mes propres moyens, d\u2019autant plus, si vous \u00eates s\u00fbr de votre fait.<\/p>\n<p>&nbsp;<\/p>\n<p><em>Nous vous remercions pour votre contribution \u00e0 la concertation.<\/em><\/p>\n<p><em>\u00a0<\/em><em>En compl\u00e9ment des premiers \u00e9l\u00e9ments de r\u00e9ponse apport\u00e9s sur la mesure des gisements de vent dans le cadre de la concertation, une note de fin de campagne sur les r\u00e9sultats des \u00e9tudes en cours sera \u00e9galement rendue publique. Elle sera annex\u00e9e au bilan de la concertation qui sera remis par VALOREM au plus tard au 30 mars 2023 et mis en ligne sur le site internet.<\/em><\/p>\n<p><em>Par ailleurs, plus sp\u00e9cifiquement sur la r\u00e9mun\u00e9ration des op\u00e9rateurs et son fonctionnement, l&rsquo;op\u00e9rateur ne peut pas s&rsquo;y retrouver \u00ab\u00a0peu importe le gisement\u00a0\u00bb ni ne b\u00e9n\u00e9ficie de \u00ab\u00a0tarifs de rachat exorbitants\u00a0\u00bb. L&rsquo;obtention d&rsquo;un compl\u00e9ment de r\u00e9mun\u00e9ration (ce que vous d\u00e9signez comme \u00ab\u00a0tarif de rachat\u00a0\u00bb), est accord\u00e9 par la Commission de R\u00e9gulation de l&rsquo;Energie (CRE) \u00e0 l&rsquo;issue d&rsquo;un appel d&rsquo;offre, et donc d&rsquo;une mise en concurrence. La CRE \u00e9carte lors de cette proc\u00e9dure les projets sup\u00e9rieurs \u00e0 un prix cible qu&rsquo;elle fixe en amont. Elle veille ainsi \u00e0 garantir une r\u00e9mun\u00e9ration raisonnable pour le producteur, et plafonne de fait cette derni\u00e8re. A titre d&rsquo;exemple, ce tarif cible \u00e9tait de 64,52\u20ac\/MWh au d\u00e9but 2022. Ce compl\u00e9ment de r\u00e9mun\u00e9ration nous garantit un niveau de revenu ind\u00e9pendamment des prix de march\u00e9. Quand les prix de march\u00e9 sont inf\u00e9rieurs au tarif, la CRE \u00ab\u00a0compl\u00e8te\u00a0\u00bb (d&rsquo;o\u00f9 le terme de compl\u00e9ment de r\u00e9mun\u00e9ration). Quand les prix de march\u00e9 sont sup\u00e9rieurs au tarif obtenu en appel d&rsquo;offre, les contrats pass\u00e9s dans le cadre des appels d&rsquo;offre nous obligent \u00e0 reverser tout b\u00e9n\u00e9fice exc\u00e9dentaire. <\/em><\/p>\n<p><em>La CRE estime ainsi que la fili\u00e8re reversera de l&rsquo;ordre de 9 Mds\u20ac en 2022 dans le cadre de ces contrats, et pr\u00e8s de 13 Mds\u20ac pour 2023. A titre de comparaison, le total de l&rsquo;argent per\u00e7u par la fili\u00e8re \u00e9olienne depuis 2003 dans le cadre des m\u00e9canismes de soutien est de 11,5 Mds\u20ac (Voir annexe 7 de la d\u00e9lib\u00e9ration de la CRE du 3 novembre 2022, historique des charges de service public de l&rsquo;\u00e9nergie).<\/em><\/p>\n<\/div>\n\t\t\t\t\t<\/div>\n\t\t\t\t<\/div>\n\t\t\t\t\t\t\t<div data-accordion class=\"faq-main\">\n\t\t\t\t\t<div data-control class=\"faq-title\">\n\t\t\t\t\t\t<h4>Denis LAMARLERE<\/h4>\n\t\t\t\t\t<\/div>\n\t\t\t\t\t<div data-content>\n\t\t\t\t\t\t\t\t\t\t\t\t<div class=\"faq-content\"><p>bojour<br \/>\nquelques questions<br \/>\nquelles sont les retomb\u00e9es financi\u00e8res pour la commune de Lesparre et \u00e9ventuellement pour la CDC c\u0153ur M\u00e9doc ?<br \/>\ny \u00e0 t&rsquo;il une participation financi\u00e8re quel quelle soit pour la commune de Lesparre ?<br \/>\nquelle est la hauteur du mat actuel ( mesure du vent ) ?<br \/>\nquelle serait \u00e9ventuellement la production d&rsquo;\u00e9lectricit\u00e9 avec ces \u00e9oliennes ? nombre de foyers ?<br \/>\ndur\u00e9e de vie ce ces \u00e9oliennes ? ensuite qui d\u00e9monte et remet en \u00e9tat le site ? pas de cout pour la commune ?<br \/>\npour la m\u00eame quantit\u00e9 d&rsquo;\u00e9nergie produite combien faudrait il de panneaux photovolta\u00efques ? surface au sol ?<br \/>\nmerci d&rsquo;avance pour vos r\u00e9ponses<\/p>\n<p>&nbsp;<\/p>\n<p><em>R\u00e9ponse : <\/em><\/p>\n<p><em>Nous vous remercions pour votre contribution.\u00a0<\/em><\/p>\n<p><em>En fonction des sc\u00e9narios retenus, les retomb\u00e9es financi\u00e8res pour le territoire sont estim\u00e9es entre 400400\u20ac\/an et 491800\u20ac\/an, r\u00e9parties entre la commune de Lesparre-M\u00e9doc, la Communaut\u00e9 de communes, la D\u00e9partement et la R\u00e9gion.<\/em><\/p>\n<p><em>Le projet est enti\u00e8rement port\u00e9 par la soci\u00e9t\u00e9 de projet C\u0153ur M\u00e9doc \u00c9nergies, dont la r\u00e9partition du capital est partag\u00e9e entre la soci\u00e9t\u00e9 VALOREM (51%) et la Banque des Territoires (49%), \u00e9tablissement financier public. Il n\u2019y aura aucune participation financi\u00e8re de la commune de Lesparre-M\u00e9doc.<\/em><\/p>\n<p><em>Le mat de mesure install\u00e9 a une hauteur de 140 m\u00e8tres, ce qui correspond approximativement \u00e0 la hauteur du moyeu d\u2019une \u00e9olienne.<\/em><\/p>\n<p><em>En termes de production \u00e9lectrique, le rendement du projet de Lesparre est d\u2019environ 120 GWh par an en moyenne des sc\u00e9narios, soit l&rsquo;\u00e9quivalent de la consommation annuelle de plus de 25 000 foyers.<\/em><\/p>\n<p><em>La dur\u00e9e de vie d\u2019un parc \u00e9olien est estim\u00e9e \u00e0 20 \u00e0 25 ans. A l\u2019issue de l\u2019exploitation du site, soit les \u00e9oliennes sont remplac\u00e9es, soit le parc est d\u00e9mantel\u00e9 et le site doit \u00eatre remis en \u00e9tat \u00e0 la charge de l\u2019op\u00e9rateur. Cette phase est encadr\u00e9e par une r\u00e8glementation sp\u00e9cifique, qui impose \u00e0 l\u2019op\u00e9rateur le d\u00e9mant\u00e8lement des installations, l\u2019excavation totale des fondations et la remise en \u00e9tat du site. Des garanties financi\u00e8res visant \u00e0 couvrir ces op\u00e9rations sont exig\u00e9es \u00e0 l\u2019op\u00e9rateur d\u00e8s la mise en service d\u2019une \u00e9olienne.<\/em><\/p>\n<p><em>Sur l&rsquo;\u00e9quivalent en photovolta\u00efque, on estime qu&rsquo;en Nouvelle-Aquitaine, un hectare permet d&rsquo;installer environ 1MWc de photovolta\u00efque pour une production d&rsquo;environ 1450 MWh\/an. Produire la m\u00eame quantit\u00e9 d&rsquo;\u00e9nergie n\u00e9cessiterait donc une surface de l&rsquo;ordre de 86 hectares.<\/em><\/p>\n<\/div>\n\t\t\t\t\t<\/div>\n\t\t\t\t<\/div>\n\t\t\t\t\t\t\t<div data-accordion class=\"faq-main\">\n\t\t\t\t\t<div data-control class=\"faq-title\">\n\t\t\t\t\t\t<h4>Aur\u00e9lie DOMFRONT<\/h4>\n\t\t\t\t\t<\/div>\n\t\t\t\t\t<div data-content>\n\t\t\t\t\t\t\t\t\t\t\t\t<div class=\"faq-content\"><p>A quelle distance sera entendu le bruit provoqu\u00e9 par les \u00e9oliennes ?<\/p>\n<p>&nbsp;<\/p>\n<p><em>Bonjour, nous vous remercions pour votre question.<\/em><\/p>\n<p><em>La propagation du bruit d\u00e9pendant de l&rsquo;environnement dans lequel il se propage, des r\u00e9gimes de vent, etc. nous ne pouvons pas r\u00e9pondre pr\u00e9cis\u00e9ment \u00e0 votre question avant r\u00e9alisation de l&rsquo;\u00e9tude acoustique.<\/em><\/p>\n<p><em>Une fois les endroits pr\u00e9cis d&rsquo;implantation des \u00e9oliennes connus, une \u00e9tude sp\u00e9cifique sera r\u00e9alis\u00e9e sur l&rsquo;impact acoustique. Le bruit ambiant va \u00eatre mesur\u00e9, entre autre au ras des maisons les plus proches par vent portant et par vent dominant, afin d&rsquo;\u00e9tablir une m\u00e9diane du bruit ambiant. Les bruits \u00ab\u00a0anormaux\u00a0\u00bb seront exclus de cette mesure (passage de voitures, bruits de travaux, tout ce qui pourrait perturber le bruit naturel). La r\u00e9glementation fran\u00e7aise nous impose de ne pas d\u00e9passer de plus de 3 d\u00e9cibels le niveau de ce bruit ambiant la nuit, et 5 db en journ\u00e9e. S&rsquo;il est projet\u00e9 que le bruit des \u00e9oliennes \u00ab\u00a0\u00e9merge\u00a0\u00bb au del\u00e0 de ce niveau, deux solutions pourront \u00eatre propos\u00e9es : soit un changement du lieu d&rsquo;implantation de ces derni\u00e8res, soit un plan de bridage.<\/em><\/p>\n<p><em>A titre indicatif, \u00e0 500 m\u00e8tres (distance minimale entre une \u00e9olienne et une habitation), le bruit d&rsquo;une \u00e9olienne est g\u00e9n\u00e9ralement inf\u00e9rieur \u00e0 35 d\u00e9cibels (c&rsquo;est le niveau d&rsquo;une conversation \u00e0 voix basse). Au pied d&rsquo;une \u00e9olienne il est de l&rsquo;ordre de 55 db (en dessous du niveau d&rsquo;une conversation normale, qui se situe vers 60 db).<\/em><\/p>\n<\/div>\n\t\t\t\t\t<\/div>\n\t\t\t\t<\/div>\n\t\t\t\t\t\t\t<div data-accordion class=\"faq-main\">\n\t\t\t\t\t<div data-control class=\"faq-title\">\n\t\t\t\t\t\t<h4>Aur\u00e9lie DOMFRONT<\/h4>\n\t\t\t\t\t<\/div>\n\t\t\t\t\t<div data-content>\n\t\t\t\t\t\t\t\t\t\t\t\t<div class=\"faq-content\"><p>Bonjour, est il possible d avoir la vue paysage depuis le point de vue \u00ab\u00a0le petit pouyau\u00a0\u00bb? Vous montrer des vues qui sont tr\u00e8s \u00e9loign\u00e9es du projet.<br \/>\nMerci d avance<\/p>\n<p>&nbsp;<\/p>\n<p><em>Nous vous remercions pour votre contribution \u00e0 la concertation.<\/em><\/p>\n<p><em>Lors du premier atelier consacr\u00e9 aux impacts sur le cadre de vie le 24 novembre, il a \u00e9t\u00e9 propos\u00e9 aux participants d\u2019identifier de nouveaux \u00ab points de vue \u00bb sur le territoire qui pourraient \u00eatre utilis\u00e9s pour mieux visualiser les impacts paysagers du projet, et depuis lesquels de nouvelles simulations ou photomontages pourraient \u00eatre r\u00e9alis\u00e9s.<\/em><\/p>\n<p><em>S\u2019il n\u2019existe \u00e0 ce stade pas de vue disponible depuis \u00ab le Petit Pouyau \u00bb, nous vous proposons d\u2019int\u00e9grer cette proposition aux autres propositions, qui pourront faire l\u2019objet de nouvelles simulations si le projet \u00e9tait poursuivi \u00e0 l\u2019issue de la concertation pr\u00e9alable.<\/em><\/p>\n<\/div>\n\t\t\t\t\t<\/div>\n\t\t\t\t<\/div>\n\t\t\t\t\t\t\t<div data-accordion class=\"faq-main\">\n\t\t\t\t\t<div data-control class=\"faq-title\">\n\t\t\t\t\t\t<h4>Didier DUPONT<\/h4>\n\t\t\t\t\t<\/div>\n\t\t\t\t\t<div data-content>\n\t\t\t\t\t\t\t\t\t\t\t\t<div class=\"faq-content\"><p>Quel(s) impact(s) financier(s) sur le march\u00e9 de l&rsquo;immobilier peut avoir la pr\u00e9sence d&rsquo;un tel projet \u00e9olien sur les valeurs des biens immobiliers ?<br \/>\nCe(s) impact(s) peuvent-ils varier selon la distance entre les biens immobiliers et ce parc ?<br \/>\nQuels sont les nuisances av\u00e9r\u00e9es (objectivement) avec un tel projet, \u00e9tant entendu que pour n&rsquo;importe quel projet, 100% des points ne peuvent \u00eatre positifs, favorables ?, j&rsquo;attends \u00e0 ce sujet une r\u00e9ponse objective et honn\u00eate.<\/p>\n<p>&nbsp;<\/p>\n<p><em>Nous vous remercions pour votre contribution \u00e0 la concertation.<\/em><\/p>\n<p><em><strong>Sur les impacts sur le march\u00e9 de l&rsquo;immobilier<\/strong> : d\u2019apr\u00e8s les conclusions de l\u2019Ademe rendues dans son \u00e9tude sur l\u2019\u00e9olien et l\u2019immobilier publi\u00e9e en mai 2022, pour les biens distants de moins de 5 km d\u2019un parc \u00e9olien le nombre de transactions immobili\u00e8res n\u2019est g\u00e9n\u00e9ralement pas affect\u00e9 par la pr\u00e9sence d\u2019\u00e9oliennes, et l\u2019impact de ces derni\u00e8res sur le prix est nul ou non significatif, parfois faiblement n\u00e9gatif \u2013 une perte de l\u2019ordre de 1,5% du m\u00b2 (avec un \u00e9cart de -5% \u00e0 +2%), \u00ab\u00a0soit 5 \u00e0 15 fois moins que la marge d\u2019appr\u00e9ciation des agents immobiliers en milieu rural\u00a0\u00bb. Cet impact est comparable aux autres infrastructures telles que les lignes haute tension ou les antennes de t\u00e9l\u00e9communication.<\/em><\/p>\n<p><em>A plus de 5km d&rsquo;un parc \u00e9olien, l&rsquo;\u00e9tude de l&rsquo;ADEME ne trouve pas d&rsquo;impact. Ces r\u00e9sultats sont coh\u00e9rents vis \u00e0 vis des autres \u00e9tudes fiables conduites au niveau international (voir l&rsquo;\u00e9tude bibliographique pr\u00e9sente dans le rapport). Sur les biens d&rsquo;exception (ch\u00e2teau, manoir, &#8230;), de possibles d\u00e9valuations n&rsquo;ont pas pu \u00eatre corrobor\u00e9es par des \u00e9l\u00e9ments quantitatifs. Le volume de ce march\u00e9 est tr\u00e8s faible, pr\u00e9cise le rapport : entre 2015 et 2020, les maisons dont le prix est sup\u00e9rieur \u00e0 700 000\u20ac repr\u00e9sentent 1% des transactions de maisons en France, et les maisons situ\u00e9es \u00e0 moins de 2,5 km d&rsquo;une \u00e9olienne repr\u00e9sentent 2,8% des transactions.<\/em><\/p>\n<p><em>Vous pouvez t\u00e9l\u00e9charger le rapport de l&rsquo;ADEME via le lien suivant <a href=\"https:\/\/librairie.ademe.fr\/cadic\/7130\/rapport_final_eolien_immobilier.pdf\">https:\/\/librairie.ademe.fr\/cadic\/7130\/rapport_final_eolien_immobilier.pdf<\/a><\/em><\/p>\n<p><em><strong>Sur les nuisances possibles pour un tel projet \/ son impact sur le cadre de vie<\/strong>, nous vous renvoyons vers le compte rendu de l&rsquo;atelier sur le cadre de vie, que vous pouvez consulter <a href=\"https:\/\/www.parc-eolien-coeur-medoc-energies.fr\/concertation\/wp-content\/uploads\/2022\/12\/Compte-rendu_Atelier-1-Cadre-de-vie-1.pdf\">ici<\/a>.<\/em><\/p>\n<p><em>Des enqu\u00eates de terrain ont \u00e9t\u00e9 men\u00e9es par l&rsquo;ADEME dans le cadre du rapport cit\u00e9 plus haut. Elles montrent que la majorit\u00e9 des riverains sont assez indiff\u00e9rents \u00e0 ces installations, qui repr\u00e9sentent pour eux une infrastructure parmi d&rsquo;autres (p.52 du rapport). Les impacts n\u00e9gatifs les plus fr\u00e9quemment cit\u00e9s sont les nuisances visuelles et sonores. L&rsquo;enqu\u00eate pr\u00e9cise que ces impacts n\u00e9gatifs cit\u00e9s n&rsquo;ont pas forc\u00e9ment \u00e9t\u00e9 directement observ\u00e9s ou per\u00e7us par les personnes interrog\u00e9es. Concernant le bruit des installations, leur mesure et leur mitigation, nous vous renvoyons aux questions \u00ab\u00a0comment est mesur\u00e9 le bruit ambiant de r\u00e9f\u00e9rence\u00a0\u00bb et \u00ab\u00a0que peut-on faire pour diminuer le bruit en cas de g\u00eane\u00a0\u00bb.<\/em><\/p>\n<p><em><strong>Concernant l&rsquo;impact visuel<\/strong>, il a \u00e9t\u00e9 propos\u00e9 aux participants de l&rsquo;atelier du 24 novembre sur l&rsquo;impact sur le cadre de vie de sugg\u00e9rer des points de vue afin que soient r\u00e9alis\u00e9s en photomontage. Vous pouvez consulter le dossier paysager <a href=\"https:\/\/www.parc-eolien-coeur-medoc-energies.fr\/concertation\/wp-content\/uploads\/2022\/09\/Dossier-paysager.pdf\">ici<\/a>.<\/em><\/p>\n<\/div>\n\t\t\t\t\t<\/div>\n\t\t\t\t<\/div>\n\t\t\t\t\t\t\t<div data-accordion class=\"faq-main\">\n\t\t\t\t\t<div data-control class=\"faq-title\">\n\t\t\t\t\t\t<h4>Luc DEHON<\/h4>\n\t\t\t\t\t<\/div>\n\t\t\t\t\t<div data-content>\n\t\t\t\t\t\t\t\t\t\t\t\t<div class=\"faq-content\"><p>Les pales d&rsquo;une \u00e9olienne doivent \u00eatre remplac\u00e9es r\u00e9guli\u00e8rement.<br \/>\nTous les combien ?<\/p>\n<p>&nbsp;<\/p>\n<p><em>Nous vous remercions pour votre contribution \u00e0 la concertation.<\/em><\/p>\n<p><em>Les pales d\u2019\u00e9oliennes ne sont pas remplac\u00e9es r\u00e9guli\u00e8rement. \u00c9tant compos\u00e9es de fibres de verre, de carbone et de r\u00e9sine \u00e9poxy, elles se r\u00e9parent assez facilement. Pour cela, elles sont descendues au sol et les l\u00e9sions sont r\u00e9par\u00e9es gr\u00e2ce \u00e0 des r\u00e9sines, comme les coques des bateaux. Elles peuvent \u00eatre remplac\u00e9es en cas de sinistres (foudre, casse due \u00e0 des temp\u00eates violentes ou des tornades \u2026). <\/em><br \/>\n<em>Si elles sont en bon \u00e9tat \u00e0 la fin de l\u2019exploitation, elles peuvent \u00e9galement \u00eatre revendues pour aller \u00e9quiper de nouvelles turbines. Sinon, elles sont broy\u00e9es et valoris\u00e9es comme combustible dans les cimenteries.<\/em><\/p>\n<\/div>\n\t\t\t\t\t<\/div>\n\t\t\t\t<\/div>\n\t\t\t\t\t\t\t<div data-accordion class=\"faq-main\">\n\t\t\t\t\t<div data-control class=\"faq-title\">\n\t\t\t\t\t\t<h4>BOULLOUD<\/h4>\n\t\t\t\t\t<\/div>\n\t\t\t\t\t<div data-content>\n\t\t\t\t\t\t\t\t\t\t\t\t<div class=\"faq-content\"><p>Bonjour. Toujours pas eu de r\u00e9ponses \u00e0 ma question sur l\u2019aspect financier du projet alors que ma question date de plus de 10 jours . Merci de faire le n\u00e9cessaire rapidement<\/p>\n<p>&nbsp;<\/p>\n<p><em>Bonjour Monsieur,<\/em><\/p>\n<p><em>Une r\u00e9ponse \u00e0 votre question a \u00e9t\u00e9 apport\u00e9e sur le site internet le 14 novembre. Nous vous remercions de votre contribution \u00e0 la concertation.<\/em><\/p>\n<\/div>\n\t\t\t\t\t<\/div>\n\t\t\t\t<\/div>\n\t\t\t\t\t\t\t<div data-accordion class=\"faq-main\">\n\t\t\t\t\t<div data-control class=\"faq-title\">\n\t\t\t\t\t\t<h4>Michel BOULLOUD<\/h4>\n\t\t\t\t\t<\/div>\n\t\t\t\t\t<div data-content>\n\t\t\t\t\t\t\t\t\t\t\t\t<div class=\"faq-content\"><p>Ce n\u2019est qu\u2019une op\u00e9ration financi\u00e8re pour lesparre, les propri\u00e9taires terriens et valorem . Questions :<br \/>\n1) combien va gagner la ville de lesparre<br \/>\n2) prix de la location des terrains<br \/>\n3) combien valorem va vendre l,\u00e9lectricit\u00e9 \u00e0 EDF<\/p>\n<p>&nbsp;<\/p>\n<p><em>REPONSE<\/em><\/p>\n<p><em>Nous vous remercions pour votre contribution \u00e0 la concertation.<\/em><\/p>\n<p><em>La majorit\u00e9 des retomb\u00e9es fiscales, via l&rsquo;Imp\u00f4t Forfaitaire des Entreprises de R\u00e9seau (env. 7000\u20ac\/MW\/an) est attribu\u00e9e par l&rsquo;Etat \u00e0 la Communaut\u00e9 de Communes (50%). La commune de Lesparre-M\u00e9doc b\u00e9n\u00e9ficiera de 20% de cette taxe, soit entre 65 000 et 78 800\u20ac par an.<\/em><\/p>\n<p><em>En 2022, nous avons fait le choix de revoir la r\u00e9partition des loyers sur le principe de p\u00e9r\u00e9quation fonci\u00e8re. Ainsi les propri\u00e9taires de parcelles qui auront une \u00e9olienne se verront amput\u00e9s d&rsquo;une partie du loyer qui sera revers\u00e9e \u00e0 l&rsquo;ensemble des parties prenantes de la zone.\u00a0 Le loyer vers\u00e9 \u00e0 la commune d\u00e9pendra donc du sc\u00e9nario retenu. Aujourd&rsquo;hui, elle poss\u00e8de majoritairement des chemins que nous serions susceptibles d&#8217;emprunter, dont le passage est r\u00e9mun\u00e9r\u00e9 \u00e0 hauteur de 3\u20ac le m\u00e8tre lin\u00e9aire.<\/em><\/p>\n<p><em>Actuellement, l&rsquo;essentiel des contrats sont des tarifs d&rsquo;achat \u00e0 un co\u00fbt moyen de l&rsquo;ordre de 90 euros le m\u00e9gawattheure (\u20ac\/MWh). Le solde est constitu\u00e9 par des compl\u00e9ments de r\u00e9mun\u00e9ration attribu\u00e9s par appels d&rsquo;offres \u00e0 un co\u00fbt compris entre 60 et 65 \u20ac\/MWh. Ils constituent bien un soutien public dans un contexte de prix de march\u00e9 plus bas : en 2018, les prix de l&rsquo;\u00e9lectricit\u00e9 \u00e9taient en moyenne de 50 \u20ac\/MWh.<\/em><\/p>\n<p><em>Mais, aujourd&rsquo;hui, la situation est radicalement diff\u00e9rente avec la hausse des prix de l&rsquo;\u00e9nergie : En 2021, les prix de march\u00e9 se sont envol\u00e9s \u00e0 109 \u20ac\/MWh, en moyenne, et ceux enregistr\u00e9s depuis le d\u00e9but de l&rsquo;ann\u00e9e sont de l&rsquo;ordre de 231 \u20ac\/MWh. Avec de tels niveaux, le soutien public s&rsquo;est ainsi transform\u00e9 en recettes pour l&rsquo;\u00c9tat.<\/em><\/p>\n<\/div>\n\t\t\t\t\t<\/div>\n\t\t\t\t<\/div>\n\t\t\t\t\t\t\t<div data-accordion class=\"faq-main\">\n\t\t\t\t\t<div data-control class=\"faq-title\">\n\t\t\t\t\t\t<h4>Luc DEHON<\/h4>\n\t\t\t\t\t<\/div>\n\t\t\t\t\t<div data-content>\n\t\t\t\t\t\t\t\t\t\t\t\t<div class=\"faq-content\"><p>Je suis tr\u00e8s \u00e9tonn\u00e9 du ton m\u00e9prisant de votre r\u00e9ponse qui n\u2019est pas recevable, pour plusieurs raisons.<br \/>\n1) Vous avez fait installer un m\u00e2t de mesure, \u00e0 vos frais, certes, dans le but de montrer \u00e0 l\u2019encan, que le vent \u00e9tait suffisant pour justifier l\u2019installation d\u2019\u00e9oliennes, et aujourd\u2019hui, paradoxalement, vous revendiquez une totale opacit\u00e9, que vous pr\u00e9tendez l\u00e9gitimer par des raisons purement mercantiles. Ce n\u2019est pas du tout l\u2019id\u00e9e que je me faisais d\u2019une concertation loyale et \u00e9quitable.<br \/>\n2) Vous semblez, d\u2019une part, vouloir m\u2019\u00e9duquer sur la complexit\u00e9 du calcul de productivit\u00e9 d\u2019une machine, alors que, d\u2019autre part, vous me jetez en p\u00e2ture une vitesse moyenne de vent annuelle, donn\u00e9e globale fruit d\u2019une moyenne arithm\u00e9tique, dont la variation r\u00e9guli\u00e8re s\u2019applique \u00e0 une variation exponentielle des puissances, avec laquelle aucun calcul de productivit\u00e9 n\u2019est possible, vous le savez sans doute aussi bien que moi. Ce n\u2019est pas tr\u00e8s gentil, je trouve, d\u2019utiliser ce type de d\u00e9marche qui fait fi de mes capacit\u00e9s mentales.<br \/>\n3) Pourquoi devrais-je croire que votre ing\u00e9nieur aurait l\u2019autorisation de me livrer plus d\u2019informations que vous ne le faites vous-m\u00eame ?<br \/>\nEn conclusion, tout ce que vous pourrez annoncer sur l\u2019\u00e9ligibilit\u00e9 du site \u00e0 l\u2019\u00e9olien, ne sera pas v\u00e9rifiable, et donc caduque. En cons\u00e9quence, aurez-vous le fairplay de revenir sur votre position ?<\/p>\n<p>&nbsp;<\/p>\n<p><em>REPONSE<\/em><\/p>\n<p><em>Nous vous remercions pour votre contribution \u00e0 la concertation.<\/em><\/p>\n<p><em>Les donn\u00e9es de gisement de vent sont confidentielles car il s&rsquo;agit de donn\u00e9es commerciales qui pourraient \u00eatre exploit\u00e9es par d&rsquo;autres op\u00e9rateurs concurrents pour des projets similaires sur le territoires.<\/em><\/p>\n<p><em>Nos ing\u00e9nieurs ne pourront pas vous communiquer ces donn\u00e9es, ils pourront cependant r\u00e9pondre aux questions que vous vous posez, notamment en ce qui concerne la coh\u00e9rence du gisement avec la capacit\u00e9 technique des machines actuelles.<\/em><\/p>\n<p><em>En ce qui concerne \u00ab\u00a0l&rsquo;\u00e9ligibilit\u00e9 du site \u00e0 l&rsquo;\u00e9olien\u00a0\u00bb, il n&rsquo;y aurait pas d&rsquo;int\u00e9r\u00eat pour un op\u00e9rateur \u00e0 poursuivre son investissement humain et financier en amont de l&rsquo;instructions si le site ne pr\u00e9sentait pas un gisement de vent satisfaisant.<\/em><\/p>\n<\/div>\n\t\t\t\t\t<\/div>\n\t\t\t\t<\/div>\n\t\t\t\t\t\t\t<div data-accordion class=\"faq-main\">\n\t\t\t\t\t<div data-control class=\"faq-title\">\n\t\t\t\t\t\t<h4>Luc DEHON<\/h4>\n\t\t\t\t\t<\/div>\n\t\t\t\t\t<div data-content>\n\t\t\t\t\t\t\t\t\t\t\t\t<div class=\"faq-content\"><p>Bonjour,<br \/>\npouvez m&rsquo;adresser un relev\u00e9 complet, d\u00e9taill\u00e9 des mesures de vent issues du m\u00e2t de mesures install\u00e9 sur site depuis pr\u00e8s de 2 ans \u00e0 Lesparre svp ?<br \/>\nEtant donn\u00e9 que c&rsquo;est la 3eme fois que je formule cette demande depuis mi-octobre, et que je re\u00e7ois aucune r\u00e9ponse, veuillez me pr\u00e9ciser si ces donn\u00e9es sont confidentielles, et donc inaccessible au public !<br \/>\nMerci d&rsquo;avance<\/p>\n<p>&nbsp;<\/p>\n<p><em>REPONSE<\/em><\/p>\n<p><em>Une r\u00e9ponse \u00e0 votre question a \u00e9t\u00e9 apport\u00e9e sur le site internet le 28 octobre.<\/em><\/p>\n<p><em>Comme indiqu\u00e9 dans cette r\u00e9ponse, les donn\u00e9es brutes de vent du site sont la propri\u00e9t\u00e9 de VALOREM et ne peuvent en effet pas \u00eatre rendues publiques pour des raisons de confidentialit\u00e9 commerciale, contrairement aux donn\u00e9es M\u00e9t\u00e9o-France qui sont publiques.<\/em><\/p>\n<\/div>\n\t\t\t\t\t<\/div>\n\t\t\t\t<\/div>\n\t\t\t\t\t\t\t<div data-accordion class=\"faq-main\">\n\t\t\t\t\t<div data-control class=\"faq-title\">\n\t\t\t\t\t\t<h4>Association VIVE LA FORET<\/h4>\n\t\t\t\t\t<\/div>\n\t\t\t\t\t<div data-content>\n\t\t\t\t\t\t\t\t\t\t\t\t<div class=\"faq-content\"><p>Nous souhaiterions disposer de l&rsquo;ensemble des mesures an\u00e9mom\u00e9triques capt\u00e9es \u00e0 partir du mat \u00e9rig\u00e9 sur le site.<\/p>\n<p>&nbsp;<\/p>\n<p>REPONSE :<\/p>\n<p><em>Nous vous remercions pour votre contribution \u00e0 la concertation.<\/em><\/p>\n<p><em>Contrairement aux donn\u00e9es M\u00e9t\u00e9o-France, les donn\u00e9es brutes de vent du site ne peuvent \u00eatre rendues publiques pour des raisons de confidentialit\u00e9 commerciale. Ces donn\u00e9es sont en effet le fonds de commerce des op\u00e9rateurs \u00e9oliens et co\u00fbtent pour cette campagne environ 150 000 \u20ac.<\/em><\/p>\n<p><em>Par ailleurs, pour le calcul du productible (la quantit\u00e9 d\u2019\u00e9nergie pouvant \u00eatre produite), ces donn\u00e9es n&rsquo;ont de sens que si elles sont confront\u00e9es \u00e0 la capacit\u00e9 technique des \u00e9oliennes, c\u2019est-\u00e0-dire leur capacit\u00e9 \u00e0 transformer l&rsquo;\u00e9nergie du vent en \u00e9lectricit\u00e9, \u00e0 laquelle il faut ensuite d\u00e9duire l&rsquo;ensemble des bridages impos\u00e9s (sillage, bridage \u00e9lectrique, environnementaux, acoustiques). C\u2019est avec l\u2019ensemble de ces param\u00e8tres que peut \u00eatre mesur\u00e9 le productible.<\/em><\/p>\n<p><em>N\u00e9anmoins, nous pouvons vous communiquer la vitesse moyenne de vent enregistr\u00e9e \u00e0 140m, qui est de 6,4m\/s. <\/em><\/p>\n<p><em>Vous aurez \u00e9galement la possibilit\u00e9 de poser des questions pr\u00e9cises \u00e0 notre ing\u00e9nieur gisement qui sera pr\u00e9sent lors de la r\u00e9union d\u00e9couverte sur site le 19 novembre et qui animera une intervention sur le fonctionnement des \u00e9oliennes. Nous vous invitons \u00e0 vous inscrire pour participer \u00e0 ce temps d&rsquo;\u00e9change.<\/em><\/p>\n<\/div>\n\t\t\t\t\t<\/div>\n\t\t\t\t<\/div>\n\t\t\t\t\t\t\t<div data-accordion class=\"faq-main\">\n\t\t\t\t\t<div data-control class=\"faq-title\">\n\t\t\t\t\t\t<h4>Xavier RENOM<\/h4>\n\t\t\t\t\t<\/div>\n\t\t\t\t\t<div data-content>\n\t\t\t\t\t\t\t\t\t\t\t\t<div class=\"faq-content\"><p>Avez-vous consult\u00e9 l&rsquo;onac-vg, concernant le maquis du vigne, oudide?<br \/>\nAvez-vous consult\u00e9 la dgac, concernant la grande boucle de l&rsquo;a\u00e9roport de Bordeaux-Merignac?<br \/>\nQuand est-il de la lutte contre les feux de for\u00eat, ces \u00e9oliennes emp\u00eachant tous moyens de lutte a\u00e9rienne ?<br \/>\nQuand est-il des rendements r\u00e9el ?<br \/>\nOu est la charte rgpd, concernant la derni\u00e8re case obligatoire de cocher (vol de donn\u00e9es)?<\/p>\n<p>&nbsp;<\/p>\n<p><i>REPONSE :\u00a0<\/i><\/p>\n<p><em>Nous vous remercions pour votre contribution \u00e0 la concertation.<\/em><\/p>\n<p><em>Dans le cadre d&rsquo;un projet \u00e9olien, l&rsquo;Office national des anciens combattants n&rsquo;est pas consult\u00e9. En effet, bien que le site ait une dimension historique forte, la production d&rsquo;\u00e9nergie \u00e0 proximit\u00e9 ne remet pas en cause la c\u00e9l\u00e9bration du maquis de Vignes-Oudides. En outre, le projet pourrait pr\u00e9voir de mettre en valeur la dimension comm\u00e9morative du site au travers de ses mesures d&rsquo;accompagnement, par exemple par le biais de signalisations ou de la r\u00e9habilitation de vestiges.<\/em><\/p>\n<p><em>L&rsquo;aviation civile et militaire a \u00e9t\u00e9 consult\u00e9e en 2017 et en 2022. Ces 2 instances ont donn\u00e9 un avis favorable avis dans le cadre de la premi\u00e8re instruction de 2017.<\/em><\/p>\n<p><em>La pr\u00e9sence d&rsquo;\u00e9oliennes fera l&rsquo;objet d&rsquo;une d\u00e9fense au sol renforc\u00e9e pour compenser la lutte a\u00e9rienne. Le projet inclut ainsi une zone de d\u00e9broussaillement autour des machines, des citernes calibr\u00e9es \u00e0 proximit\u00e9 des \u00e9oliennes, ainsi qu&rsquo;un maillage d&rsquo;acc\u00e8s adapt\u00e9 (r\u00e9seau de pistes d&rsquo;acc\u00e8s, aires de retournement). De mani\u00e8re g\u00e9n\u00e9rale, le projet devra respecter l&rsquo;ensemble des recommandations du Service D\u00e9partemental d&rsquo;Incendie et de Secours de la Gironde (SDIS 33). Nous vous invitons \u00e0 participer \u00e0 l&rsquo;atelier du 29 novembre qui permettra d&rsquo;aborder plus en d\u00e9tails la th\u00e9matique incendie et les moyens possibles.<\/em><\/p>\n<p><em>Le rendement en termes de production \u00e9lectrique est de 120 GWh par an en moyenne des scenarios, soit l&rsquo;\u00e9quivalent de la consommation annuelle de plus de 25 000 foyers.<\/em><\/p>\n<p><em>Vous pouvez retrouver les \u00e9l\u00e9ments li\u00e9s \u00e0 la politique de protection des donn\u00e9es \u00e0 caract\u00e8re personnel dans la rubrique \u00ab Mentions l\u00e9gales et Politique de confidentialit\u00e9 \u00bb en bas du pr\u00e9sent site internet. Il y est notamment pr\u00e9cis\u00e9 que les donn\u00e9es recueillies sont destin\u00e9es \u00ab exclusivement \u00e0 un usage interne, en vue de r\u00e9pondre aux demandes \u00bb, et qu\u2019 \u00ab elles ne seront pas conserv\u00e9es au-del\u00e0 de la dur\u00e9e strictement n\u00e9cessaire aux finalit\u00e9s poursuivies \u00bb.<\/em><\/p>\n<\/div>\n\t\t\t\t\t<\/div>\n\t\t\t\t<\/div>\n\t\t\t\t\t\t\t<div data-accordion class=\"faq-main\">\n\t\t\t\t\t<div data-control class=\"faq-title\">\n\t\t\t\t\t\t<h4>Jos\u00e9 CERRA<\/h4>\n\t\t\t\t\t<\/div>\n\t\t\t\t\t<div data-content>\n\t\t\t\t\t\t\t\t\t\t\t\t<div class=\"faq-content\"><p>Pourrais-je avoir, d\u00e8s que cela sera possible, les donn\u00e9es GPS de l&rsquo;implantation des \u00e9oliennes options 8 et 9 \u00e9oliennes, ainsi que le num\u00e9ro des parcelles concern\u00e9es.<br \/>\nPouvez-vous m&rsquo;indiquer la moyenne \u00e0 l&rsquo;ann\u00e9e de la vitesse du vent et d\u00e9taill\u00e9 mois par mois (2 ans de mesure sur le m\u00e2t de Vignes Oudides).<br \/>\nQuelles sont les pistes DFCI concern\u00e9es par la r\u00e9fection, et sur quelles distances ainsi que leur largeur.<br \/>\nJe suis int\u00e9ress\u00e9 par ces informations en qualit\u00e9 de conseiller technique DFCI, et riverain proche des limites de ce projet.<br \/>\nMerci d&rsquo;avance de votre r\u00e9ponse.<\/p>\n<p>&nbsp;<\/p>\n<p><i>REPONSE : <\/i><\/p>\n<p><em>Nous vous remercions pour votre contribution \u00e0 la concertation.<\/em><\/p>\n<p><em>Comme cela a \u00e9t\u00e9 indiqu\u00e9 lors de la r\u00e9union publique d&rsquo;ouverture, l&rsquo;un des objectifs de la concertation consiste \u00e0 d\u00e9finir les crit\u00e8res du projet avec les participants. A ce stade, l&#8217;emplacement des \u00e9oliennes pour chaque alternative propos\u00e9e correspond aux centro\u00efdes de zones de moindres impacts. Si le projet est poursuivi \u00e0 l&rsquo;issue de la concertation pr\u00e9alable, vous pourrez consulter le dossier de demande d&rsquo;autorisation environnementale dans lequel vous trouverez les coordonn\u00e9es et les parcelles exactes de l&rsquo;implantation retenue.<\/em><\/p>\n<p><em>La vitesse de vent moyenne enregistr\u00e9e \u00e0 140 m\u00e8tres durant les 2 ann\u00e9es de mesures est de 6,4m\/seconde. Les donn\u00e9es de vent mois par mois ne peuvent \u00eatre transmises pour des raisons de confidentialit\u00e9 commerciale.<\/em><\/p>\n<p><em>Nous avons \u00e9tabli dans le cadre du projet de 2017 et \u00e0 la suite de l&rsquo;enqu\u00eate publique, une cartographie des pistes dont la r\u00e9fection est faisable et d&rsquo;autres dont la faisabilit\u00e9 est \u00e0 confirmer (en plus des pistes d&rsquo;ores et d\u00e9j\u00e0 praticables). Nous vous invitons \u00e0 participer \u00e0 l&rsquo;atelier du 29 novembre qui permettra d&rsquo;aborder plus en d\u00e9tails la th\u00e9matique incendie. Nous vous exposerons cette cartographie de sorte \u00e0 ce que vous puissiez transmettre vos conseils techniques \u00e0 nos experts. Il est \u00e0 noter que cette projection sera \u00e0 actualiser au vu du sc\u00e9nario retenu.<\/em><\/p>\n<\/div>\n\t\t\t\t\t<\/div>\n\t\t\t\t<\/div>\n\t\t\t\t\t\t\t<div data-accordion class=\"faq-main\">\n\t\t\t\t\t<div data-control class=\"faq-title\">\n\t\t\t\t\t\t<h4>Luc DEHON<\/h4>\n\t\t\t\t\t<\/div>\n\t\t\t\t\t<div data-content>\n\t\t\t\t\t\t\t\t\t\t\t\t<div class=\"faq-content\"><p>Bonjour,<br \/>\nO\u00f9 en est ma pr\u00e9c\u00e9dente demande svp ?<br \/>\nCelle qui vous demandait de m&rsquo;envoyer un relev\u00e9 de mesures an\u00e9mom\u00e9triques du site.<br \/>\nCdlt<\/p>\n<p>&nbsp;<\/p>\n<p class=\"x_MsoNormal elementToProof\"><em><span class=\"ContentPasted3\">Une r\u00e9ponse \u00e0 votre question a \u00e9t\u00e9 apport\u00e9e sur le site internet le 28 octobre<\/span><\/em><\/p>\n<\/div>\n\t\t\t\t\t<\/div>\n\t\t\t\t<\/div>\n\t\t\t\t\t\t\t<div data-accordion class=\"faq-main\">\n\t\t\t\t\t<div data-control class=\"faq-title\">\n\t\t\t\t\t\t<h4>Fran\u00e7oise ATTRAIT<\/h4>\n\t\t\t\t\t<\/div>\n\t\t\t\t\t<div data-content>\n\t\t\t\t\t\t\t\t\t\t\t\t<div class=\"faq-content\"><p>De quel pourcentage sera la production de l&rsquo; \u00e9lectricit\u00e9 par l&rsquo; \u00e9nergie \u00e9olienne pour chaque foyer ?<\/p>\n<p>Cel\u00e0 permettra -t-il de diminuer consid\u00e9rablement la facture d&rsquo; \u00e9lectricit\u00e9 fournie par EDF ?<\/p>\n<p>&nbsp;<\/p>\n<p class=\"x_MsoNormal\"><em>REPONSE :\u00a0<\/em><\/p>\n<p><em>Nous vous remercions pour votre contribution \u00e0 la concertation.<\/em><\/p>\n<p><em>Du point de vue th\u00e9orique, toutes les unit\u00e9s de production d&rsquo;\u00e9lectricit\u00e9 \u00e9tant connect\u00e9es au r\u00e9seau, vous recevez dans votre logement un mix de tout ce qui est produit en France. De ce point de vue, le taux de couverture par l&rsquo;\u00e9nergie \u00e9olienne de la consommation \u00e9lectrique en Nouvelle-Aquitaine varie en fonction des heures de la journ\u00e9e (en fonction de la production et de la consommation en temps r\u00e9el). A 9h le 26 octobre, elle couvrait 12% de la consommation (source Eco2Mix de RTE \u00ab\u00a0r\u00e9partition des fili\u00e8res\u00a0\u00bb).<\/em><\/p>\n<p><em>Du point de vue technique, l&rsquo;\u00e9lectron choisissant toujours le chemin le plus court, toutes les installations de productions d&rsquo;\u00e9lectricit\u00e9 proches de chez vous vont contribuer en premier en fonction de ce qu&rsquo;elles produisent (selon la m\u00e9t\u00e9o pour les \u00e9nergies renouvelables) et de vos besoins donc parfois 100%, 50%, ou pas du tout &#8230;<\/em><\/p>\n<p><em>Via le principe de compl\u00e9ments de r\u00e9mun\u00e9ration, les \u00e9nergies renouvelables permettent d\u00e9j\u00e0 de r\u00e9duire la facture des consommateurs en finan\u00e7ant, au moins en partie, les d\u00e9penses exceptionnelles li\u00e9es aux mesures de protection des consommateurs (bouclier tarifaire) annonc\u00e9es par l\u2019\u00c9tat. La Commission de r\u00e9gulation de l\u2019\u00e9nergie a ainsi estim\u00e9 \u00e0 31 milliards d&rsquo;euros sur 2022 et 2023, les recettes que procurent \u00e0 l\u2019\u00c9tat les \u00e9nergies renouvelables. Sans ce bouclier tarifaire, le Ministre de l&rsquo;Economie, Bruno Le Maire a rappel\u00e9 que \u00ab\u00a0les prix de l&rsquo;\u00e9nergie doubleraient en 2023, soit une hausse de 120 euros en moyenne par mois et par m\u00e9nage\u00a0\u00bb.<\/em><\/p>\n<\/div>\n\t\t\t\t\t<\/div>\n\t\t\t\t<\/div>\n\t\t\t\t\t\t\t<div data-accordion class=\"faq-main\">\n\t\t\t\t\t<div data-control class=\"faq-title\">\n\t\t\t\t\t\t<h4>Michel AIME<\/h4>\n\t\t\t\t\t<\/div>\n\t\t\t\t\t<div data-content>\n\t\t\t\t\t\t\t\t\t\t\t\t<div class=\"faq-content\"><p>Je d\u00e9sire voter contre et je vois que je n&rsquo;ai pas le choix ou est la d\u00e9mocratie ???<\/p>\n<p>&nbsp;<\/p>\n<p class=\"x_MsoNormal\"><em>Nous vous remercions pour votre contribution \u00e0 la concertation.<\/em><\/p>\n<p class=\"x_MsoNormal\"><em>La concertation pr\u00e9alable est une d\u00e9marche de dialogue et d\u2019\u00e9changes entre le porteur du projet et le public, qui intervient en amont du projet afin de d\u00e9battre des principales caract\u00e9ristiques du projet, de ses impacts, des sc\u00e9narios alternatifs et, plus largement, de l\u2019opportunit\u00e9 m\u00eame du projet.<\/em><\/p>\n<p class=\"x_MsoNormal\"><em>Il ne s&rsquo;agit donc pas d&rsquo;un vote pour ou contre le projet, mais d&rsquo;un \u00e9change d&rsquo;arguments dans un cadre structur\u00e9, encadr\u00e9 par les garants de la Commission nationale du d\u00e9bat public (CNDP), qui doit permettre d&rsquo;\u00e9clairer la d\u00e9cision du ma\u00eetre d&rsquo;ouvrage.<\/em><\/p>\n<\/div>\n\t\t\t\t\t<\/div>\n\t\t\t\t<\/div>\n\t\t\t\t\t\t\t<div data-accordion class=\"faq-main\">\n\t\t\t\t\t<div data-control class=\"faq-title\">\n\t\t\t\t\t\t<h4>V\u00e9ronique LASSIMOUILLAS<\/h4>\n\t\t\t\t\t<\/div>\n\t\t\t\t\t<div data-content>\n\t\t\t\t\t\t\t\t\t\t\t\t<div class=\"faq-content\"><p>Je trouve que ce projet est tr\u00e9s int\u00e9ressant. Une solution verte pour un avenir compliqu\u00e9 en mati\u00e8re d&rsquo;\u00e9nergie. De plus, sa situation&#8230;.au milieu de la for\u00eat ne devrait pas d\u00e9ranger au niveau des pannoramas&#8230;.Les touristes ne passent certainement pas en grand nombre dans cette zone.<br \/>\nPersonnellement, je trouve que les \u00e9oliennes (pour en avoir vu dans le cantal) c&rsquo;est plut\u00f4t beau, c&rsquo;est une r\u00e9alisation dont on ne peut que souligner l&rsquo;intelligence humaine.<br \/>\nUne retomb\u00e9e financi\u00e8re , pour Lesparre et la communaut\u00e9 des communes c&rsquo;est toujours positif.<br \/>\nJ&rsquo;ai cependant une question, pensant aux chasseurs. Les oiseaux s&rsquo;\u00e9cartent-ils des \u00e9oliennes, les trajets migratoire, j&rsquo;imagine peuvent l\u00e9g\u00e8rement varier ?<br \/>\nEn tout cas , c&rsquo;est un grand projet d&rsquo;avenir pour Lesparre. J&rsquo;adh\u00e8re totalement.<br \/>\nV\u00e9ronique Lassimouillas<\/p>\n<p>&nbsp;<\/p>\n<p class=\"x_MsoNormal\"><em>Nous vous remercions pour votre contribution \u00e0 la concertation.<\/em><\/p>\n<p class=\"x_MsoNormal\"><em>Concernant les trajets migratoires, les migrateurs privil\u00e9gient globalement le trait de c\u00f4te ainsi que l&rsquo;estuaire de la Gironde pour transiter.<\/em><\/p>\n<p class=\"x_MsoNormal\"><em>Vis \u00e0 vis du site, il \u00e9tait important de privil\u00e9gier une implantation des \u00e9oliennes parall\u00e8le au flux pour \u00e9viter \u00ab\u00a0l&rsquo;effet barri\u00e8re\u00a0\u00bb. C&rsquo;est ce que nous avons fait sur tous les sc\u00e9narios envisag\u00e9s.<\/em><\/p>\n<p class=\"x_MsoNormal\"><em>De plus, la distance inter-\u00e9oliennes \u00e9tant tr\u00e8s importante (&gt; 500 m), cela permet un franchissement fluide du parc pour les esp\u00e8ces les moins sensibles.<\/em><\/p>\n<\/div>\n\t\t\t\t\t<\/div>\n\t\t\t\t<\/div>\n\t\t\t\t\t\t\t<div data-accordion class=\"faq-main\">\n\t\t\t\t\t<div data-control class=\"faq-title\">\n\t\t\t\t\t\t<h4>Luc DEHON<\/h4>\n\t\t\t\t\t<\/div>\n\t\t\t\t\t<div data-content>\n\t\t\t\t\t\t\t\t\t\t\t\t<div class=\"faq-content\"><p>Bonjour,<br \/>\nJe souhaite recevoir un relev\u00e9 d\u00e9taill\u00e9, brut, des mesures de vent effectu\u00e9es par les capteurs situ\u00e9s au sommet du m\u00e2t install\u00e9 sur site depuis un certain temps, sous forme num\u00e9rique, si possible.<\/p>\n<p>&nbsp;<\/p>\n<p class=\"x_MsoNormal\"><em>Nous vous remercions pour votre contribution \u00e0 la concertation.<\/em><\/p>\n<p class=\"x_MsoNormal\"><em>Contrairement aux donn\u00e9es M\u00e9t\u00e9o-France, les donn\u00e9es brutes de vent du site ne peuvent \u00eatre rendues publiques pour des raisons de confidentialit\u00e9 commerciale. Ces donn\u00e9es sont en effet le fonds de commerce des op\u00e9rateurs \u00e9oliens et co\u00fbtent pour cette campagne environ 150 000 \u20ac.<\/em><\/p>\n<p class=\"x_MsoNormal\"><em>Par ailleurs, pour le calcul du productible (la quantit\u00e9 d\u2019\u00e9nergie pouvant \u00eatre produit), ces donn\u00e9es n&rsquo;ont de sens que si elles sont confront\u00e9es \u00e0 la capacit\u00e9 technique des \u00e9oliennes, c\u2019est-\u00e0-dire leur capacit\u00e9 \u00e0 transformer l&rsquo;\u00e9nergie du vent en \u00e9lectricit\u00e9, \u00e0 laquelle il faut ensuite d\u00e9duire l&rsquo;ensemble des bridages impos\u00e9s (sillage, bridage \u00e9lectrique, environnementaux, acoustiques). C\u2019est avec l\u2019ensemble de ces param\u00e8tres que peut \u00eatre mesur\u00e9 le productible.<\/em><\/p>\n<p class=\"x_MsoNormal\"><em>N\u00e9anmoins, nous pouvons vous communiquer la vitesse moyenne de vent enregistr\u00e9e \u00e0 140m, qui est de 6,4m\/s.\u00a0 Vous aurez \u00e9galement la possibilit\u00e9 de poser des questions pr\u00e9cises \u00e0 notre ing\u00e9nieur gisement qui sera pr\u00e9sent lors de la \u00ab\u00a0r\u00e9union d\u00e9couverte sur site\u00a0\u00bb le 19 novembre et qui animera une intervention sur le fonctionnement des \u00e9oliennes.<\/em><\/p>\n<\/div>\n\t\t\t\t\t<\/div>\n\t\t\t\t<\/div>\n\t\t\t\t\t\t\t<div data-accordion class=\"faq-main\">\n\t\t\t\t\t<div data-control class=\"faq-title\">\n\t\t\t\t\t\t<h4>Dominique TEXIER<\/h4>\n\t\t\t\t\t<\/div>\n\t\t\t\t\t<div data-content>\n\t\t\t\t\t\t\t\t\t\t\t\t<div class=\"faq-content\"><p>Bonjour tout d&rsquo;abord je pr\u00e9cise que je suis favorable \u00e0 cette installation car le M\u00e9doc aussi doit faire sa part dans la transition \u00e9nerg\u00e9tique.<br \/>\nVoici deux questions:<br \/>\n&#8211; Dur\u00e9e de vie de l&rsquo;installation: 25 ans. \u00e7a parait peu. Est-ce pour des raisons techniques (vieillissement du b\u00e9ton, du mat, de l&rsquo;alternateur) ou bien pour des questions administratives (contrat&#8230;) ou comptable.<br \/>\nautre question:<br \/>\n&#8211; Le cout de d\u00e9mant\u00e8lement du site est-il provisionn\u00e9 et si oui pour quel montant ?<br \/>\nMerci.<\/p>\n<p>&nbsp;<\/p>\n<p class=\"x_MsoNormal\"><em>Nous vous remercions pour votre contribution \u00e0 la concertation.<\/em><\/p>\n<p class=\"x_MsoNormal\"><em>La dur\u00e9e de vie de l&rsquo;installation correspond \u00e0 la dur\u00e9e moyenne des contrats et garanties (assurances) inh\u00e9rents au parc \u00e9olien, c&rsquo;est en effet une dur\u00e9e administrative et comptable. La dur\u00e9e d&rsquo;exploitation du parc \u00e9olien d\u00e9pend\u00a0: du contrat d&rsquo;achat de l&rsquo;\u00e9lectricit\u00e9, du contrat d&rsquo;exploitation, du contrat de maintenance, des contrats de baux et servitudes pass\u00e9s avec les propri\u00e9taires des parcelles d&rsquo;\u00e9oliennes et autres am\u00e9nagements attenants.<br \/>\n<\/em><em>D&rsquo;un point de vue technique, selon les turbiniers (constructeurs d&rsquo;\u00e9oliennes), les \u00e9oliennes en elles-m\u00eames ont une dur\u00e9e de vie de 25 \u00e0 30 ans.<\/em><\/p>\n<p class=\"x_MsoNormal\"><em>La mise en place de ce parc \u00e9olien sera subordonn\u00e9e \u00e0 des garanties financi\u00e8res dont le montant est d\u00e9termin\u00e9 par le Code de l&rsquo;environnement, visant pr\u00e9cis\u00e9ment \u00e0 couvrir le co\u00fbt des op\u00e9rations de remise en \u00e9tat du site en fin d&rsquo;exploitation.<\/em><\/p>\n<p class=\"x_MsoNormal\"><em>Conform\u00e9ment \u00e0 la r\u00e8glementation en vigueur, les garanties financi\u00e8res pour ce projet s&rsquo;\u00e9l\u00e8veront entre 1 035 000\u20ac et 1 126 000 \u20ac selon le sc\u00e9nario retenu*.<\/em><\/p>\n<p class=\"x_MsoNormal\"><em>Pour garantir la provision, la r\u00e8glementation (article R.515-101 et suivants du Code de l&rsquo;environnement) impose \u00e0 l\u2019exploitant de pr\u00e9senter un engagement \u00e9crit d\u2019un \u00e9tablissement de cr\u00e9dit, entreprise d\u2019assurance ou soci\u00e9t\u00e9 de caution mutuelle, ou d\u2019effectuer une consignation aupr\u00e8s de la Caisse des D\u00e9p\u00f4ts et consignations.<\/em><\/p>\n<p class=\"x_MsoNormal\"><em>* Le montant provisionn\u00e9 est \u00e9gal \u00e0 la somme du montant provisionn\u00e9 pour chaque machine, soit 50 000\u20ac par \u00e9olienne + 25 000\u20ac x le nombre de MW par machine au-dessus de 2 MW.<\/em><\/p>\n<\/div>\n\t\t\t\t\t<\/div>\n\t\t\t\t<\/div>\n\t\t\t\t\t<\/div>\n\t[\/vc_column_text][\/vc_column_inner][vc_column_inner][\/vc_column_inner][\/vc_row_inner][\/vc_column][\/vc_row][\/vc_section]<\/p>\n","protected":false},"excerpt":{"rendered":"<p>[vc_row css=\u00a0\u00bb.vc_custom_1680258191585{background-color: #eff9fb !important;}\u00a0\u00bb el_class=\u00a0\u00bbheader-page\u00a0\u00bb][vc_column][vc_column_text] Projet de parc \u00e9olien en Gironde \u00e0 Lesparre-M\u00e9doc [\/vc_column_text][vc_column_text el_class=\u00a0\u00bbheader-title\u00a0\u00bb]Concertation pr\u00e9alable 17 octobre au 30 d\u00e9cembre 2022[\/vc_column_text][vc_row_inner css=\u00a0\u00bb.vc_custom_1666949572570{margin-top: 45px !important;border-top-width: 2px !important;border-right-width: 2px !important;border-bottom-width: 2px !important;border-left-width: 2px !important;padding-top: 15px !important;padding-right: 15px !important;padding-bottom: 15px !important;padding-left: 15px !important;background-color: #ffffff !important;border-left-color: #96b62d !important;border-right-color: #96b62d !important;border-top-color: #96b62d !important;border-bottom-color: #96b62d !important;border-radius: 25px !important;}\u00a0\u00bb][vc_column_inner][vc_column_text] MISE EN [&hellip;]<\/p>\n","protected":false},"author":1,"featured_media":0,"parent":0,"menu_order":0,"comment_status":"closed","ping_status":"closed","template":"","meta":{"inline_featured_image":false,"_themeisle_gutenberg_block_has_review":false,"footnotes":""},"class_list":["post-6","page","type-page","status-publish","hentry"],"yoast_head":"<!-- This site is optimized with the Yoast SEO plugin v27.5 - https:\/\/yoast.com\/product\/yoast-seo-wordpress\/ -->\n<title>Projet de parc \u00e9olien en Gironde \u00e0 Lesparre-M\u00e9doc<\/title>\n<meta name=\"description\" content=\"Concertation autour du projet de parc \u00e9olien sur la commune de Lesparre-M\u00e9doc. Retrouvez toutes les informations et les documents.\" \/>\n<meta name=\"robots\" content=\"index, follow, max-snippet:-1, max-image-preview:large, max-video-preview:-1\" \/>\n<link rel=\"canonical\" href=\"https:\/\/www.parc-eolien-coeur-medoc-energies.fr\/concertation\/\" \/>\n<meta property=\"og:locale\" content=\"fr_FR\" \/>\n<meta property=\"og:type\" content=\"article\" \/>\n<meta property=\"og:title\" content=\"Projet de parc \u00e9olien en Gironde \u00e0 Lesparre-M\u00e9doc\" \/>\n<meta property=\"og:description\" content=\"Concertation autour du projet de parc \u00e9olien sur la commune de Lesparre-M\u00e9doc. Retrouvez toutes les informations et les documents.\" \/>\n<meta property=\"og:url\" content=\"https:\/\/www.parc-eolien-coeur-medoc-energies.fr\/concertation\/\" \/>\n<meta property=\"og:site_name\" content=\"Concertation Valorem\" \/>\n<meta property=\"article:modified_time\" content=\"2023-12-13T09:41:04+00:00\" \/>\n<meta name=\"twitter:card\" content=\"summary_large_image\" \/>\n<meta name=\"twitter:label1\" content=\"Dur\u00e9e de lecture estim\u00e9e\" \/>\n\t<meta name=\"twitter:data1\" content=\"16 minutes\" \/>\n<script type=\"application\/ld+json\" class=\"yoast-schema-graph\">{\"@context\":\"https:\\\/\\\/schema.org\",\"@graph\":[{\"@type\":\"WebPage\",\"@id\":\"https:\\\/\\\/www.parc-eolien-coeur-medoc-energies.fr\\\/concertation\\\/\",\"url\":\"https:\\\/\\\/www.parc-eolien-coeur-medoc-energies.fr\\\/concertation\\\/\",\"name\":\"Projet de parc \u00e9olien en Gironde \u00e0 Lesparre-M\u00e9doc\",\"isPartOf\":{\"@id\":\"https:\\\/\\\/www.parc-eolien-coeur-medoc-energies.fr\\\/concertation\\\/#website\"},\"datePublished\":\"2022-09-25T16:28:53+00:00\",\"dateModified\":\"2023-12-13T09:41:04+00:00\",\"description\":\"Concertation autour du projet de parc \u00e9olien sur la commune de Lesparre-M\u00e9doc. Retrouvez toutes les informations et les documents.\",\"breadcrumb\":{\"@id\":\"https:\\\/\\\/www.parc-eolien-coeur-medoc-energies.fr\\\/concertation\\\/#breadcrumb\"},\"inLanguage\":\"fr-FR\",\"potentialAction\":[{\"@type\":\"ReadAction\",\"target\":[\"https:\\\/\\\/www.parc-eolien-coeur-medoc-energies.fr\\\/concertation\\\/\"]}]},{\"@type\":\"BreadcrumbList\",\"@id\":\"https:\\\/\\\/www.parc-eolien-coeur-medoc-energies.fr\\\/concertation\\\/#breadcrumb\",\"itemListElement\":[{\"@type\":\"ListItem\",\"position\":1,\"name\":\"Accueil\",\"item\":\"https:\\\/\\\/www.parc-eolien-coeur-medoc-energies.fr\\\/concertation\\\/\"},{\"@type\":\"ListItem\",\"position\":2,\"name\":\"One page\"}]},{\"@type\":\"WebSite\",\"@id\":\"https:\\\/\\\/www.parc-eolien-coeur-medoc-energies.fr\\\/concertation\\\/#website\",\"url\":\"https:\\\/\\\/www.parc-eolien-coeur-medoc-energies.fr\\\/concertation\\\/\",\"name\":\"Concertation Valorem\",\"description\":\"Concertation publique\",\"potentialAction\":[{\"@type\":\"SearchAction\",\"target\":{\"@type\":\"EntryPoint\",\"urlTemplate\":\"https:\\\/\\\/www.parc-eolien-coeur-medoc-energies.fr\\\/concertation\\\/?s={search_term_string}\"},\"query-input\":{\"@type\":\"PropertyValueSpecification\",\"valueRequired\":true,\"valueName\":\"search_term_string\"}}],\"inLanguage\":\"fr-FR\"}]}<\/script>\n<!-- \/ Yoast SEO plugin. -->","yoast_head_json":{"title":"Projet de parc \u00e9olien en Gironde \u00e0 Lesparre-M\u00e9doc","description":"Concertation autour du projet de parc \u00e9olien sur la commune de Lesparre-M\u00e9doc. Retrouvez toutes les informations et les documents.","robots":{"index":"index","follow":"follow","max-snippet":"max-snippet:-1","max-image-preview":"max-image-preview:large","max-video-preview":"max-video-preview:-1"},"canonical":"https:\/\/www.parc-eolien-coeur-medoc-energies.fr\/concertation\/","og_locale":"fr_FR","og_type":"article","og_title":"Projet de parc \u00e9olien en Gironde \u00e0 Lesparre-M\u00e9doc","og_description":"Concertation autour du projet de parc \u00e9olien sur la commune de Lesparre-M\u00e9doc. Retrouvez toutes les informations et les documents.","og_url":"https:\/\/www.parc-eolien-coeur-medoc-energies.fr\/concertation\/","og_site_name":"Concertation Valorem","article_modified_time":"2023-12-13T09:41:04+00:00","twitter_card":"summary_large_image","twitter_misc":{"Dur\u00e9e de lecture estim\u00e9e":"16 minutes"},"schema":{"@context":"https:\/\/schema.org","@graph":[{"@type":"WebPage","@id":"https:\/\/www.parc-eolien-coeur-medoc-energies.fr\/concertation\/","url":"https:\/\/www.parc-eolien-coeur-medoc-energies.fr\/concertation\/","name":"Projet de parc \u00e9olien en Gironde \u00e0 Lesparre-M\u00e9doc","isPartOf":{"@id":"https:\/\/www.parc-eolien-coeur-medoc-energies.fr\/concertation\/#website"},"datePublished":"2022-09-25T16:28:53+00:00","dateModified":"2023-12-13T09:41:04+00:00","description":"Concertation autour du projet de parc \u00e9olien sur la commune de Lesparre-M\u00e9doc. Retrouvez toutes les informations et les documents.","breadcrumb":{"@id":"https:\/\/www.parc-eolien-coeur-medoc-energies.fr\/concertation\/#breadcrumb"},"inLanguage":"fr-FR","potentialAction":[{"@type":"ReadAction","target":["https:\/\/www.parc-eolien-coeur-medoc-energies.fr\/concertation\/"]}]},{"@type":"BreadcrumbList","@id":"https:\/\/www.parc-eolien-coeur-medoc-energies.fr\/concertation\/#breadcrumb","itemListElement":[{"@type":"ListItem","position":1,"name":"Accueil","item":"https:\/\/www.parc-eolien-coeur-medoc-energies.fr\/concertation\/"},{"@type":"ListItem","position":2,"name":"One page"}]},{"@type":"WebSite","@id":"https:\/\/www.parc-eolien-coeur-medoc-energies.fr\/concertation\/#website","url":"https:\/\/www.parc-eolien-coeur-medoc-energies.fr\/concertation\/","name":"Concertation Valorem","description":"Concertation publique","potentialAction":[{"@type":"SearchAction","target":{"@type":"EntryPoint","urlTemplate":"https:\/\/www.parc-eolien-coeur-medoc-energies.fr\/concertation\/?s={search_term_string}"},"query-input":{"@type":"PropertyValueSpecification","valueRequired":true,"valueName":"search_term_string"}}],"inLanguage":"fr-FR"}]}},"_links":{"self":[{"href":"https:\/\/www.parc-eolien-coeur-medoc-energies.fr\/concertation\/wp-json\/wp\/v2\/pages\/6","targetHints":{"allow":["GET"]}}],"collection":[{"href":"https:\/\/www.parc-eolien-coeur-medoc-energies.fr\/concertation\/wp-json\/wp\/v2\/pages"}],"about":[{"href":"https:\/\/www.parc-eolien-coeur-medoc-energies.fr\/concertation\/wp-json\/wp\/v2\/types\/page"}],"author":[{"embeddable":true,"href":"https:\/\/www.parc-eolien-coeur-medoc-energies.fr\/concertation\/wp-json\/wp\/v2\/users\/1"}],"replies":[{"embeddable":true,"href":"https:\/\/www.parc-eolien-coeur-medoc-energies.fr\/concertation\/wp-json\/wp\/v2\/comments?post=6"}],"version-history":[{"count":112,"href":"https:\/\/www.parc-eolien-coeur-medoc-energies.fr\/concertation\/wp-json\/wp\/v2\/pages\/6\/revisions"}],"predecessor-version":[{"id":733,"href":"https:\/\/www.parc-eolien-coeur-medoc-energies.fr\/concertation\/wp-json\/wp\/v2\/pages\/6\/revisions\/733"}],"wp:attachment":[{"href":"https:\/\/www.parc-eolien-coeur-medoc-energies.fr\/concertation\/wp-json\/wp\/v2\/media?parent=6"}],"curies":[{"name":"wp","href":"https:\/\/api.w.org\/{rel}","templated":true}]}}